{"id":4101,"date":"2023-09-28T21:27:38","date_gmt":"2023-09-28T21:27:38","guid":{"rendered":"https:\/\/tlatelolcounam.mx\/uva\/?post_type=tribe_events&#038;p=4101"},"modified":"2023-09-28T21:47:30","modified_gmt":"2023-09-28T21:47:30","slug":"especial-piratas-negros","status":"publish","type":"tribe_events","link":"https:\/\/tlatelolcounam.mx\/uva\/event\/especial-piratas-negros\/","title":{"rendered":"Ola K-Pop Pt. 2: Los piratas negros (Lecturas entre fandoms)"},"content":{"rendered":"<p>La segunda edici\u00f3n del ciclo Ola K-Pop, realizado por el Museo Universitario del Chopo en colaboraci\u00f3n con el Centro Cultural Universitario Tlatelolco, presenta un programa de literatura expandida que deriva de la propuesta conceptual de ATEEZ, un grupo musical que ha destacado dentro del universo del k-pop por la propuesta narrativa de su material discogr\u00e1fico.<\/p>\n<p>En t\u00e9rminos generales, los \u00e1lbumes de ATEEZ cuentan la historia de los Piratas Negros, unos j\u00f3venes rebeldes que buscan defender a las artes en un mundo donde est\u00e1n prohibidas por un gobierno totalitario. <span style=\"font-weight: 400;\">Hasta el momento, la discograf\u00eda comprende tres sagas: TREASURE, con cinco \u00e1lbumes, uno de los cuales es un ep\u00edlogo, ZERO: FEVER, con tres \u00e1lbumes m\u00e1s un ep\u00edlogo y THE WORLD, con dos \u00e1lbumes y un spin off.<\/span>\u00a0Cada \u00e1lbum constituye un volumen de esta saga juvenil que, tomando como motivo principal la figura del pirata, personaje idealizado por los autores del siglo XIX, abreva obras cl\u00e1sicas como <em>Peter Pan<\/em>, <em>Alicia en el pa\u00eds de las maravillas<\/em>, <em>La isla del tesoro<\/em>, <em>Un mundo feliz<\/em> y <em>Fahrenheit 451<\/em>.<\/p>\n<p>La respuesta a la propuesta narrativa de ATEEZ por parte de sus seguidoras, conocidas como ATINY, ha derivado en la resignificaci\u00f3n de los referentes literarios y de la experiencia lectora, al ser comprendida como una pr\u00e1ctica comunitaria que trasciende el soporte del libro y que puede habilitar espacios de convivencia, resistencia y disfrute.<\/p>\n<p>La experiencia de lectura expandida contenida en los \u00e1lbumes de ATEEZ fue el detonante de las actividades que conforman este ciclo, mediante las cuales se propone una reflexi\u00f3n acerca del v\u00ednculo entre la m\u00fasica popular y la lectura, esta \u00faltima entendida como una pr\u00e1ctica colectiva, as\u00ed como la importancia de ejercer y defender el acceso a las artes como derecho humano.<\/p>\n<p style=\"text-align: center;\"><strong>PROGRAMA DE ACTIVIDADES<\/strong><\/p>\n<p><strong>C\u00edrculo de lectura: Los libros de Halazia<\/strong><br \/>\n<em>Se identificar\u00e1n las referencias literarias en el universo ATEEZ, a trav\u00e9s de la selecci\u00f3n de algunas obras tanto literarias como de movimientos pol\u00edticos, que ser\u00e1n le\u00eddas y comentadas en grupo.<\/em><br \/>\nDel 4 de octubre al 1 de noviembre de 2023<br \/>\nMi\u00e9rcoles de octubre | 17 a 19 h<br \/>\nModalidad h\u00edbrida<br \/>\nBiblioteca Ala\u00edde Foppa de la Unidad de Vinculaci\u00f3n Art\u00edstica del Centro Cultural Universitario Tlatelolco<br \/>\nRegistro previo: <a href=\"https:\/\/forms.gle\/rgyJNCxze8hUWjst9\">https:\/\/forms.gle\/rgyJNCxze8hUWjst9\u00a0<\/a><\/p>\n<p><strong>Taller de creaci\u00f3n de fanzines: Fanzines del nuevo mundo<\/strong><br \/>\n<em>Se aportar\u00e1n herramientas pr\u00e1cticas para crear un fanzine con tem\u00e1tica k-pop.<\/em><br \/>\nS\u00e1bado 28 de octubre | 12 a 15 h<br \/>\nModalidad presencial. Cupo limitado a 20 participantes<br \/>\nCentro de Documentaci\u00f3n y Fanzinoteca del Museo Universitario del Chopo<br \/>\nRegistro previo:\u00a0<a href=\"https:\/\/forms.gle\/ZR1AemDYvL742ftDA\">https:\/\/forms.gle\/ZR1AemDYvL742ftDA<\/a><\/p>\n<p><strong>Conversatorio: Conversaciones en la niebla<\/strong><br \/>\n<em>Las participantes del c\u00edrculo de lectura y del taller de creaci\u00f3n de fanzines conversar\u00e1n sobre su v\u00ednculo con el k-pop y la literatura.\u00a0<\/em><br \/>\nMi\u00e9rcoles 8 de noviembre | 19 a 20 h<br \/>\nModalidad virtual<br \/>\nTransmisi\u00f3n a trav\u00e9s de Facebook Live y canal de YouTube del Museo Universitario del Chopo y de la Unidad de Vinculaci\u00f3n Art\u00edstica del Centro Cultural Universitario Tlatelolco.<\/p>\n<p><strong>Encuentro: 1117 Utop\u00edas<\/strong><br \/>\n<em>Las ATINYS ser\u00e1n convocadas a una reuni\u00f3n en la que podr\u00e1n asistir caracterizadas como piratas negros, y se relacionar\u00e1n con otras personas que son parte de su comunidad de seguidoras y seguidores del k-pop.<\/em><br \/>\nS\u00e1bado 18 de noviembre | 12 a 15 h<br \/>\nModalidad presencial<br \/>\nEntrada libre<br \/>\nUnidad de Vinculaci\u00f3n Art\u00edstica del Centro Cultural Universitario Tlatelolco<\/p>\n","protected":false},"excerpt":{"rendered":"<p>La segunda edici\u00f3n del ciclo Ola K-Pop, realizado por el Museo Universitario del Chopo en colaboraci\u00f3n con el Centro Cultural&nbsp;<a href=\"https:\/\/tlatelolcounam.mx\/uva\/event\/especial-piratas-negros\/\">&hellip;<\/a><\/p>\n","protected":false},"author":2,"featured_media":4072,"template":"","meta":{"_tribe_events_status":"","_tribe_events_status_reason":"","footnotes":""},"tags":[42,60,54,55],"tribe_events_cat":[39],"class_list":["post-4101","tribe_events","type-tribe_events","status-publish","has-post-thumbnail","hentry","tag-cartelera","tag-eventos-especiales","tag-jovenes","tag-k-pop","tribe_events_cat-cartelera","cat_cartelera","odd"],"_links":{"self":[{"href":"https:\/\/tlatelolcounam.mx\/uva\/wp-json\/wp\/v2\/tribe_events\/4101","targetHints":{"allow":["GET"]}}],"collection":[{"href":"https:\/\/tlatelolcounam.mx\/uva\/wp-json\/wp\/v2\/tribe_events"}],"about":[{"href":"https:\/\/tlatelolcounam.mx\/uva\/wp-json\/wp\/v2\/types\/tribe_events"}],"author":[{"embeddable":true,"href":"https:\/\/tlatelolcounam.mx\/uva\/wp-json\/wp\/v2\/users\/2"}],"version-history":[{"count":6,"href":"https:\/\/tlatelolcounam.mx\/uva\/wp-json\/wp\/v2\/tribe_events\/4101\/revisions"}],"predecessor-version":[{"id":4109,"href":"https:\/\/tlatelolcounam.mx\/uva\/wp-json\/wp\/v2\/tribe_events\/4101\/revisions\/4109"}],"wp:featuredmedia":[{"embeddable":true,"href":"https:\/\/tlatelolcounam.mx\/uva\/wp-json\/wp\/v2\/media\/4072"}],"wp:attachment":[{"href":"https:\/\/tlatelolcounam.mx\/uva\/wp-json\/wp\/v2\/media?parent=4101"}],"wp:term":[{"taxonomy":"post_tag","embeddable":true,"href":"https:\/\/tlatelolcounam.mx\/uva\/wp-json\/wp\/v2\/tags?post=4101"},{"taxonomy":"tribe_events_cat","embeddable":true,"href":"https:\/\/tlatelolcounam.mx\/uva\/wp-json\/wp\/v2\/tribe_events_cat?post=4101"}],"curies":[{"name":"wp","href":"https:\/\/api.w.org\/{rel}","templated":true}]}}