{"id":4080,"date":"2023-09-26T20:19:44","date_gmt":"2023-09-26T20:19:44","guid":{"rendered":"https:\/\/tlatelolcounam.mx\/uva\/?post_type=tribe_events&#038;p=4080"},"modified":"2023-09-26T20:19:44","modified_gmt":"2023-09-26T20:19:44","slug":"atth-cuentos-23-10-03","status":"publish","type":"tribe_events","link":"https:\/\/tlatelolcounam.mx\/uva\/event\/atth-cuentos-23-10-03\/","title":{"rendered":"\ud83d\udde3\ufe0f\ud83d\udcd6\u00a1AQU\u00cd T\u00da TEJES HISTORIAS!: El viaje de Floralina"},"content":{"rendered":"<p>\u00a1Funci\u00f3n presencial de cuentacuentos con <strong>Lenin Hijo de la Luna<\/strong>!\ud83d\ude0e<\/p>\n<p dir=\"ltr\">Floralina es una vaquita que naci\u00f3 con una particularidad, su cuerpo es cuadrado. Los dem\u00e1s animales de la granja se burlan de ella, por lo tanto, Floralina decide emprender un largo viaje, buscando amigos sinceros que la acepten tal y como es.<br \/>\nA trav\u00e9s de su aventura se cruzar\u00e1 con distintos personajes que le mostrar\u00e1n lo positivo de ser diferente, la har\u00e1n reflexionar, haci\u00e9ndole ver que la belleza puede estar, justamente, en no ser igual que los\u00a0 dem\u00e1s. Las historias costuradas en un lienzo de retazos se van entrelazando con la m\u00fasica, el canto y la voz del narrador para crear un espect\u00e1culo de narraci\u00f3n textil para toda la familia.<\/p>\n<p>&#8220;\u00a1Aqu\u00ed t\u00fa tejes historias!&#8221; es un programa de Universo de Letras (Literatura UNAM).<\/p>\n","protected":false},"excerpt":{"rendered":"<p>\u00a1Funci\u00f3n presencial de cuentacuentos con Lenin Hijo de la Luna!\ud83d\ude0e Floralina es una vaquita que naci\u00f3 con una particularidad, su&nbsp;<a href=\"https:\/\/tlatelolcounam.mx\/uva\/event\/atth-cuentos-23-10-03\/\">&hellip;<\/a><\/p>\n","protected":false},"author":2,"featured_media":4064,"template":"","meta":{"_tribe_events_status":"","_tribe_events_status_reason":"","footnotes":""},"tags":[61,42,48],"tribe_events_cat":[39],"class_list":["post-4080","tribe_events","type-tribe_events","status-publish","has-post-thumbnail","hentry","tag-aqui-tu-tejes-historias","tag-cartelera","tag-crecer-entre-libros","tribe_events_cat-cartelera","cat_cartelera","odd"],"_links":{"self":[{"href":"https:\/\/tlatelolcounam.mx\/uva\/wp-json\/wp\/v2\/tribe_events\/4080","targetHints":{"allow":["GET"]}}],"collection":[{"href":"https:\/\/tlatelolcounam.mx\/uva\/wp-json\/wp\/v2\/tribe_events"}],"about":[{"href":"https:\/\/tlatelolcounam.mx\/uva\/wp-json\/wp\/v2\/types\/tribe_events"}],"author":[{"embeddable":true,"href":"https:\/\/tlatelolcounam.mx\/uva\/wp-json\/wp\/v2\/users\/2"}],"version-history":[{"count":1,"href":"https:\/\/tlatelolcounam.mx\/uva\/wp-json\/wp\/v2\/tribe_events\/4080\/revisions"}],"predecessor-version":[{"id":4081,"href":"https:\/\/tlatelolcounam.mx\/uva\/wp-json\/wp\/v2\/tribe_events\/4080\/revisions\/4081"}],"wp:featuredmedia":[{"embeddable":true,"href":"https:\/\/tlatelolcounam.mx\/uva\/wp-json\/wp\/v2\/media\/4064"}],"wp:attachment":[{"href":"https:\/\/tlatelolcounam.mx\/uva\/wp-json\/wp\/v2\/media?parent=4080"}],"wp:term":[{"taxonomy":"post_tag","embeddable":true,"href":"https:\/\/tlatelolcounam.mx\/uva\/wp-json\/wp\/v2\/tags?post=4080"},{"taxonomy":"tribe_events_cat","embeddable":true,"href":"https:\/\/tlatelolcounam.mx\/uva\/wp-json\/wp\/v2\/tribe_events_cat?post=4080"}],"curies":[{"name":"wp","href":"https:\/\/api.w.org\/{rel}","templated":true}]}}