{"id":3906,"date":"2023-08-11T23:27:26","date_gmt":"2023-08-11T23:27:26","guid":{"rendered":"https:\/\/tlatelolcounam.mx\/uva\/?post_type=tribe_events&#038;p=3906"},"modified":"2023-08-11T23:27:26","modified_gmt":"2023-08-11T23:27:26","slug":"presentacion-libros-09","status":"publish","type":"tribe_events","link":"https:\/\/tlatelolcounam.mx\/uva\/event\/presentacion-libros-09\/","title":{"rendered":"\ud83d\udde3\ufe0f\ud83d\udcda DI\u00c1LOGO DE LOS LIBROS: Micromundos de la literatura infantil y juvenil y Transe\u00fantes textuales"},"content":{"rendered":"<p>Es com\u00fan presentar libros, pero \u00bfhacerlos dialogar desde la voz de sus autoras? \u00bfEntrevistas de personajes centrales en el desarrollo de la literatura infantil en M\u00e9xico intercambiando ideas con un libro te\u00f3rico-pr\u00e1ctico sobre la lectura y lxs lectorxs? Conoce los libros de Gabriela Hern\u00e1ndez, Rosa Mar\u00eda Quesada, Estela Ram\u00edrez y Maya L\u00f3pez, aqu\u00ed, \u00a1en tu biblioteca!<\/p>\n","protected":false},"excerpt":{"rendered":"<p>Es com\u00fan presentar libros, pero \u00bfhacerlos dialogar desde la voz de sus autoras? \u00bfEntrevistas de personajes centrales en el desarrollo&nbsp;<a href=\"https:\/\/tlatelolcounam.mx\/uva\/event\/presentacion-libros-09\/\">&hellip;<\/a><\/p>\n","protected":false},"author":2,"featured_media":3896,"template":"","meta":{"_tribe_events_status":"","_tribe_events_status_reason":"","footnotes":""},"tags":[57,42,75],"tribe_events_cat":[39],"class_list":["post-3906","tribe_events","type-tribe_events","status-publish","has-post-thumbnail","hentry","tag-bibliotecas-y-cultura-de-paz","tag-cartelera","tag-mirar-libritos","tribe_events_cat-cartelera","cat_cartelera","odd"],"_links":{"self":[{"href":"https:\/\/tlatelolcounam.mx\/uva\/wp-json\/wp\/v2\/tribe_events\/3906","targetHints":{"allow":["GET"]}}],"collection":[{"href":"https:\/\/tlatelolcounam.mx\/uva\/wp-json\/wp\/v2\/tribe_events"}],"about":[{"href":"https:\/\/tlatelolcounam.mx\/uva\/wp-json\/wp\/v2\/types\/tribe_events"}],"author":[{"embeddable":true,"href":"https:\/\/tlatelolcounam.mx\/uva\/wp-json\/wp\/v2\/users\/2"}],"version-history":[{"count":1,"href":"https:\/\/tlatelolcounam.mx\/uva\/wp-json\/wp\/v2\/tribe_events\/3906\/revisions"}],"predecessor-version":[{"id":3907,"href":"https:\/\/tlatelolcounam.mx\/uva\/wp-json\/wp\/v2\/tribe_events\/3906\/revisions\/3907"}],"wp:featuredmedia":[{"embeddable":true,"href":"https:\/\/tlatelolcounam.mx\/uva\/wp-json\/wp\/v2\/media\/3896"}],"wp:attachment":[{"href":"https:\/\/tlatelolcounam.mx\/uva\/wp-json\/wp\/v2\/media?parent=3906"}],"wp:term":[{"taxonomy":"post_tag","embeddable":true,"href":"https:\/\/tlatelolcounam.mx\/uva\/wp-json\/wp\/v2\/tags?post=3906"},{"taxonomy":"tribe_events_cat","embeddable":true,"href":"https:\/\/tlatelolcounam.mx\/uva\/wp-json\/wp\/v2\/tribe_events_cat?post=3906"}],"curies":[{"name":"wp","href":"https:\/\/api.w.org\/{rel}","templated":true}]}}