{"id":3387,"date":"2023-02-20T22:51:47","date_gmt":"2023-02-20T22:51:47","guid":{"rendered":"https:\/\/tlatelolcounam.mx\/uva\/?post_type=tribe_events&#038;p=3387"},"modified":"2023-02-20T22:51:47","modified_gmt":"2023-02-20T22:51:47","slug":"cineclub-23-03-01","status":"publish","type":"tribe_events","link":"https:\/\/tlatelolcounam.mx\/uva\/event\/cineclub-23-03-01\/","title":{"rendered":"\ud83d\udcfd\ufe0f\ud83c\udf9e\ufe0f\ud83d\udcda CINECLUB EN LA ALA\u00cdDE FOPPA: METR\u00d3POLIS. Sesi\u00f3n 1"},"content":{"rendered":"<p><span style=\"font-weight: 400;\">Foppa Cinema es un cineclub de la Biblioteca Ala\u00edde Foppa de la Unidad de Vinculaci\u00f3n Art\u00edstica orientado hacia los Derechos Humanos desde diferentes perspectivas durante todo el Ciclo 25. A partir de largometrajes de dominio p\u00fablico, se pretende incentivar el cuestionamiento cr\u00edtico y diluir puntos de vista maniqueos.<\/span><\/p>\n<p>Este espacio tiene por objetivos:<\/p>\n<ul>\n<li style=\"font-weight: 400;\" aria-checked=\"false\" aria-level=\"1\"><span style=\"font-weight: 400;\">Ofrecer t\u00edtulos poco conocidos que presentan propuestas complejas y esperanzadoras o problematizadoras.<\/span><\/li>\n<li style=\"font-weight: 400;\" aria-checked=\"false\" aria-level=\"1\"><span style=\"font-weight: 400;\">Construir un espacio de discusi\u00f3n plural y respetuoso de la dignidad de las personas.<\/span><\/li>\n<li style=\"font-weight: 400;\" aria-checked=\"false\" aria-level=\"1\"><span style=\"font-weight: 400;\">Promover el cine como material de lectura v\u00e1lido y necesario en nuestra comunidad.<\/span><\/li>\n<li style=\"font-weight: 400;\" aria-checked=\"false\" aria-level=\"1\"><span style=\"font-weight: 400;\">Visibilizar y valorar los materiales de dominio p\u00fablico.<\/span><\/li>\n<\/ul>\n<p style=\"text-align: center;\"><strong>FUNCI\u00d3N DEL D\u00cdA:<\/strong><\/p>\n<p><b>METR\u00d3POLIS<\/b><span style=\"font-weight: 400;\"> (Proyecci\u00f3n: 22 de marzo | Discusi\u00f3n: 29 de marzo) <\/span><span style=\"font-weight: 400;\">(Metropolis) Alemania, 1927. | Director: Fritz Lang | Ciencia Ficci\u00f3n. Duraci\u00f3n:\u00a0 148 minutos<\/span><\/p>\n<p><span style=\"font-weight: 400;\">RESUMEN<\/span><i><span style=\"font-weight: 400;\">: En el a\u00f1o 2026, la ciudad de Metr\u00f3polis ofrece a sus clases acomodadas toda clase de lujos y tecnolog\u00eda. Su apacible vida es posible gracias a las m\u00e1quinas de los niveles inferiores, que son manipuladas por los obreros que malviven en s\u00f3tanos a\u00fan m\u00e1s profundos. El joven Freder, hijo del due\u00f1o de Metr\u00f3polis, descubrir\u00e1 c\u00f3mo es la vida de los trabajadores en una reuni\u00f3n clandestina en la que conocer\u00e1 a Mar\u00eda, la enigm\u00e1tica l\u00edder de los obreros, aunque ignora que el inventor Rotwang, antiguo rival de su padre, tiene otros planes.<\/span><\/i><\/p>\n<p>&nbsp;<\/p>\n","protected":false},"excerpt":{"rendered":"<p>Foppa Cinema es un cineclub de la Biblioteca Ala\u00edde Foppa de la Unidad de Vinculaci\u00f3n Art\u00edstica orientado hacia los Derechos&nbsp;<a href=\"https:\/\/tlatelolcounam.mx\/uva\/event\/cineclub-23-03-01\/\">&hellip;<\/a><\/p>\n","protected":false},"author":2,"featured_media":3377,"template":"","meta":{"_tribe_events_status":"","_tribe_events_status_reason":"","footnotes":""},"tags":[42,71,73,72],"tribe_events_cat":[39],"class_list":["post-3387","tribe_events","type-tribe_events","status-publish","has-post-thumbnail","hentry","tag-cartelera","tag-cine","tag-cineclub","tag-tertulias-bibliocomunitarias","tribe_events_cat-cartelera","cat_cartelera","odd"],"_links":{"self":[{"href":"https:\/\/tlatelolcounam.mx\/uva\/wp-json\/wp\/v2\/tribe_events\/3387","targetHints":{"allow":["GET"]}}],"collection":[{"href":"https:\/\/tlatelolcounam.mx\/uva\/wp-json\/wp\/v2\/tribe_events"}],"about":[{"href":"https:\/\/tlatelolcounam.mx\/uva\/wp-json\/wp\/v2\/types\/tribe_events"}],"author":[{"embeddable":true,"href":"https:\/\/tlatelolcounam.mx\/uva\/wp-json\/wp\/v2\/users\/2"}],"version-history":[{"count":1,"href":"https:\/\/tlatelolcounam.mx\/uva\/wp-json\/wp\/v2\/tribe_events\/3387\/revisions"}],"predecessor-version":[{"id":3388,"href":"https:\/\/tlatelolcounam.mx\/uva\/wp-json\/wp\/v2\/tribe_events\/3387\/revisions\/3388"}],"wp:featuredmedia":[{"embeddable":true,"href":"https:\/\/tlatelolcounam.mx\/uva\/wp-json\/wp\/v2\/media\/3377"}],"wp:attachment":[{"href":"https:\/\/tlatelolcounam.mx\/uva\/wp-json\/wp\/v2\/media?parent=3387"}],"wp:term":[{"taxonomy":"post_tag","embeddable":true,"href":"https:\/\/tlatelolcounam.mx\/uva\/wp-json\/wp\/v2\/tags?post=3387"},{"taxonomy":"tribe_events_cat","embeddable":true,"href":"https:\/\/tlatelolcounam.mx\/uva\/wp-json\/wp\/v2\/tribe_events_cat?post=3387"}],"curies":[{"name":"wp","href":"https:\/\/api.w.org\/{rel}","templated":true}]}}