{"id":6707,"date":"2025-12-23T06:22:29","date_gmt":"2025-12-23T06:22:29","guid":{"rendered":"https:\/\/tlatelolcounam.mx\/uva\/?page_id=6707"},"modified":"2026-04-15T22:44:31","modified_gmt":"2026-04-15T22:44:31","slug":"inscripcionc2026-1","status":"publish","type":"page","link":"https:\/\/tlatelolcounam.mx\/uva\/inscripcionc2026-1\/","title":{"rendered":"Ciclo 2026-1 | Mentes sanas, seres en paz"},"content":{"rendered":"<div class=\"wpb-content-wrapper\"><p>[vc_row][vc_column][vc_custom_heading text=&#8221;Del 16 de febrero al 13 de junio<br \/>\nInscripciones extraordinarias del 16 al 28 de febrero<br \/>\nInscripciones ordinarias: del 21 de enero al 14 de febrero<\/p>\n<p>Cambios de taller: 16 al 28 de febrero&#8221; google_fonts=&#8221;font_family:Open%20Sans%3A300%2C300italic%2Cregular%2Citalic%2C600%2C600italic%2C700%2C700italic%2C800%2C800italic|font_style:700%20bold%20regular%3A700%3Anormal&#8221; css=&#8221;&#8221;][\/vc_column][\/vc_row][vc_row][vc_column][vc_empty_space height=&#8221;50px&#8221;][vc_toggle title=&#8221;Proceso de inscripci\u00f3n&#8221; style=&#8221;round&#8221; css=&#8221;&#8221;]<\/p>\n<h2 style=\"text-align: center;\"><strong>REGISTRO + PAGO + CREDENCIAL = INSCRIPCI\u00d3N<\/strong><\/h2>\n<h2 style=\"text-align: center;\"><strong>INSCRIPCIONES EXTRAORDINARAS Del 16 al 28 de febrero\u00a0<\/strong><\/h2>\n<h2 style=\"text-align: center;\"><span style=\"color: #ff00ff;\">NO APLICAN PRECIOS ESPECIALES<\/span><\/h2>\n<p style=\"text-align: center;\"><strong>La inscripci\u00f3n\u00a0 al taller de Pilates <\/strong>y al<strong> de Yoga restaurati<\/strong><strong>va<\/strong>, en la taquilla virtual y en nuestras instalaciones, inicia el 20 de enero desde las 10:00 h<\/p>\n<p>&nbsp;<\/p>\n<p style=\"padding-left: 40px;\"><strong>1.\u00a0 Selecciona<\/strong> el taller al que quieres inscribirte.<\/p>\n<p style=\"padding-left: 40px;\"><strong>2. Decide<\/strong> si realizar\u00e1s tu pago en nuestras instalaciones o en l\u00ednea en la Tienda virtual UNAM.<\/p>\n<p style=\"padding-left: 40px;\"><strong>3. Dale click\u00a0 <\/strong>a la opci\u00f3n que hayas elegido y <strong>sigue<\/strong> los pasos indicados para registrarte<\/p>\n<p style=\"padding-left: 40px;\"><strong>4.<\/strong> Para realizar el <strong>pago en nuestras instalaciones<\/strong>:<\/p>\n<p style=\"padding-left: 40px;\"><strong><span style=\"color: #ff00ff;\">Acude a la UVA\u00a0 y presenta el correo electr\u00f3nico con la confirmaci\u00f3n de tu registro y\u00a0 tu n\u00famero de folio, <\/span><\/strong>de lunes a viernes de 10:00 a 18:00 h y s\u00e1bados de 10:00 a 14:00 h. <strong><span style=\"color: #ff00ff;\">En caso de solicitar alg\u00fan precio especial<\/span>, <\/strong>presenta los documentos correspondientes* en original y copia.<\/p>\n<p style=\"padding-left: 40px;\">Recibir\u00e1s una ficha para <strong><span style=\"color: #ff00ff;\">realizar tu pago en\u00a0 la taquilla del CCUT. <\/span><\/strong>Lo puedes hacer en efectivo o con tarjeta de d\u00e9bito o cr\u00e9dito (excepto American Express). En caso de requerir factura, al momento de tu pago deber\u00e1s presentar tu Constancia de situaci\u00f3n fiscal actualizada.<\/p>\n<p style=\"padding-left: 40px;\"><span style=\"color: #ff00ff;\"><strong>Regresa a la UVA y entrega el comprobante de tu pago<\/strong><\/span> y tramita, renueva o resella tu <strong><span style=\"color: #ff00ff;\">credencial de la UVA**.\u00a0 <\/span><\/strong><span style=\"color: #000000;\">No olvides que tu lugar en el taller queda confirmado solo hasta haber concluido este paso por lo que es importante que lo realices en el mismo d\u00eda.<\/span><\/p>\n<p>&nbsp;<\/p>\n<h3 style=\"text-align: center;\"><strong>\u00a1Listo, tu inscripci\u00f3n est\u00e1 terminada!<\/strong><\/h3>\n<p>&nbsp;<\/p>\n<p style=\"padding-left: 40px;\"><strong>5.<\/strong> Para realizar el <strong>pago en l\u00ednea a trav\u00e9s de Tienda en L\u00edena UNAM<\/strong>:<\/p>\n<p style=\"padding-left: 40px;\"><span style=\"color: #ff00ff;\"><strong>Si prefieres pagar en l\u00ednea<\/strong><\/span>, puedes hacerlo las 24 horas del d\u00eda. <strong><span style=\"color: #ff00ff;\">Solo necesitas registrar tus datos y una tarjeta de d\u00e9bito o cr\u00e9dito<\/span><\/strong>. <span style=\"color: #333333;\">Si vas a solicitar factura, te recomendamos revisar el Cat\u00e1logo de Uso de CFDI autorizado por el SAT para cada R\u00e9gimen Fiscal y seguir las instrucciones en la plataforma. Para dudas podr\u00e1s ingresar a un chat en l\u00ednea por\u00a0 Whatsapp ya que la factura se genera al momento de la compra y no podemos generar facturas posteriormente. <\/span><\/p>\n<p style=\"padding-left: 40px;\"><span style=\"color: #333333;\">Una vez realizado el pago <strong><span style=\"color: #ff00ff;\">recibir\u00e1s un correo con tu confirmaci\u00f3n de pago y un enlace para registrar tus datos<\/span><\/strong>. Presenta ese correo para tramitar, renovar o resellar tu <strong><span style=\"color: #ff00ff;\">credencial de la UVA**.<\/span><\/strong><\/span><\/p>\n<h3><\/h3>\n<h3 style=\"text-align: center;\"><strong>\u00a1Listo, tu inscripci\u00f3n est\u00e1 terminada!<\/strong><\/h3>\n<p style=\"padding-left: 40px;\"><strong>6. Las clases comenzar\u00e1n el 16 de febrero.<br \/>\n<\/strong><\/p>\n<p style=\"padding-left: 40px;\"><strong>7.<\/strong> Recibir\u00e1s en tu correo una invitaci\u00f3n para acceder al <strong>Classroom<\/strong> del taller de tu elecci\u00f3n y estar en <strong>comunicaci\u00f3n entre el grupo y la Coordinaci\u00f3n de la UVA.\u00a0<\/strong><\/p>\n<p style=\"padding-left: 40px;\"><strong>8.<\/strong> Para <strong>talleres virtuales <\/strong>encontrar\u00e1s en el Classroom el enlace para las sesiones por Zoom.<\/p>\n<p>*\u00a0Consulta en el siguiente apartado las pol\u00edticas y requisitos para los precios especiales.<\/p>\n<p>**Para acceder a la UVA es obligatorio presentar la credencial de estudiante de la UVA. Si eres nuevx, es gratuita si la tramitas antes del 28 de febrero. Las reposiciones o renovaciones de credencial tiene un costo de $50.00 (Cincuenta pesos 00\/100 M.N.) Para inscripciones exentas de pago, se deber\u00e1 cubrir el costo de la emisi\u00f3n de la credencial.<\/p>\n<p>&nbsp;<\/p>\n<p style=\"text-align: center;\"><strong>\u201cPor mi raza hablar\u00e1 el esp\u00edritu\u201d<\/strong><\/p>\n<p style=\"text-align: center;\"><strong>Ciudad de M\u00e9xico a 21 de diciembre de 2025<\/strong><\/p>\n<p style=\"text-align: center;\"><strong>Coordinaci\u00f3n de la Unidad de Vinculaci\u00f3n Art\u00edstica<\/strong><\/p>\n<p>[\/vc_toggle][vc_toggle title=&#8221;Pol\u00edtica de precios especiales&#8221; style=&#8221;round&#8221; css=&#8221;&#8221;]La Coordinaci\u00f3n de la Unidad de Vinculaci\u00f3n Art\u00edstica, informa los precios especiales autorizados para el periodo de inscripciones ordinarias que comprende del 20 de enero al 14 de febrerro, conforme lo establece el Reglamento Interno de la UVA en su Cap\u00edtulo VII<\/p>\n<p>&nbsp;<\/p>\n<p><span style=\"color: #ff00ff;\"><strong>\u00a0\u00a0\u00a0\u00a0 1. Exenci\u00f3n de pago en todos los talleres para<\/strong>:<\/span><\/p>\n<p>1.Personas afiliadas a la AAPAUNAM y al STUNAM<\/p>\n<p>2.Personas que realicen servicio social en el CCUT y talleristas de la UVA<\/p>\n<p>3.Personas que pertenecen al programa Arte y Cultura de paz<\/p>\n<p>&nbsp;<\/p>\n<p><strong>\u00a0\u00a0\u00a0\u00a0<span style=\"color: #ff00ff;\"> 2. Precio especial de $1,350 (Mil trescientos cincuenta pesos 00\/100 M. N.) para los talleres con costo de $1,650 (Mil seiscientos cincuenta pesos 00\/100 M. N.) :<\/span><\/strong><\/p>\n<p>1.Personas afiliadas al INAPAM<\/p>\n<p>2.Estudiantes de la UNAM, SEP e instituciones p\u00fablicas<\/p>\n<p>3.Ex alumnxs UNAM con credencial vigente<\/p>\n<p>4.Docentes de la UNAM, SEP e instituciones p\u00fablicas<\/p>\n<p>5.Personas que sean vecinxs de la zona y vivan en las colonias UH Nonoalco Tlatelolco, Guerrero, Peralvillo, Morelos, Atlampa, San Sim\u00f3n<\/p>\n<p>6.Comunidad UVA: personas que hayan cursado, de manera consecutiva, los Ciclos 28, 29 y 30<\/p>\n<p>&nbsp;<\/p>\n<p><strong>\u00a0\u00a0\u00a0\u00a0 <span style=\"color: #ff00ff;\">3. Precio especial de $1,550 (Mil quinientos cincuenta pesos 00\/100 M. N.) para los talleres con costo de $1,850 (Mil ochoscientos cincuenta pesos 00\/100 M. N.):<\/span><\/strong><\/p>\n<p>1.Personas afiliadas al INAPAM<\/p>\n<p>2.Estudiantes de la UNAM, SEP e instituciones p\u00fablicas<\/p>\n<p>3.Ex alumnxs UNAM con credencial vigente<\/p>\n<p>4.Docentes de la UNAM, SEP e instituciones p\u00fablicas<\/p>\n<p>5.Personas que sean vecinxs de la zona y vivan en las colonias UH Nonoalco Tlatelolco, Guerrero, Peralvillo, Morelos, Atlampa, San Sim\u00f3n<\/p>\n<p>6.Comunidad UVA: personas que hayan cursado, de manera consecutiva, los Ciclos 28, 29 y 30<\/p>\n<p>&nbsp;<\/p>\n<p><strong>\u00a0\u00a0\u00a0\u00a0\u00a0<span style=\"color: #ff00ff;\">\u00a0 4. Precio especial de $100 (Cien pesos 00\/100 M. N.) para*:<\/span><\/strong><\/p>\n<p>1.Personas que trabajen en el CCUT.<\/p>\n<p><strong>*Aplica en todos los talleres<\/strong><\/p>\n<p>&nbsp;<\/p>\n<p><strong>Consideraciones<\/strong><\/p>\n<ul>\n<li>Todas las inscripciones con precio especial se realizar\u00e1n en las instalaciones de la UVA, de lunes a viernes de 10:00 a 18:00 h y los s\u00e1bados de 10:00 a 14:00 h.<\/li>\n<li>En el caso de las exenciones de pago, se otorgar\u00e1n \u00fanicamente de una a tres por cada taller, en proporci\u00f3n al cupo m\u00e1ximo del taller.<\/li>\n<li>Seg\u00fan sea el caso, se deber\u00e1 presentar el original y copia de los siguientes documentos:<\/li>\n<\/ul>\n<p style=\"padding-left: 80px;\">o\u00a0 credencial y tal\u00f3n de pago vigente de UNAM (para acad\u00e9micxs es necesario presentar carta de solicitud de exenci\u00f3n de pago emitida por AAPAUNAM)<\/p>\n<p style=\"padding-left: 80px;\">o\u00a0 credencial vigente del INAPAM<\/p>\n<p style=\"padding-left: 80px;\">o\u00a0 credencial vigente de estudiante o docente<\/p>\n<p style=\"padding-left: 80px;\">o\u00a0 credencial vigente de exalumnx UNAM emitada por el Programa de Vinculaci\u00f3n con los Egresados y Acad\u00e9micos Jubilados de la UNAM<\/p>\n<p style=\"padding-left: 80px;\">o\u00a0 comprobante de domicilio vigente y no mayor de 3 meses<\/p>\n<p style=\"padding-left: 80px;\">o\u00a0 constancias o comprobantes de pago de los ciclos 28, 29 y 30<\/p>\n<ul>\n<li>Los precios especiales <strong>no son acumulables ni transferibles<\/strong>.<\/li>\n<li>Estos precios especiales <strong>ser\u00e1n<\/strong> <strong>v\u00e1lidos \u00fanicamente durante el periodo ordinario de inscripciones.<\/strong> Despu\u00e9s del 14 de febrero no se aplicar\u00e1 descuento alguno.<\/li>\n<li>Es responsabilidad de cada persona concluir su proceso de inscripci\u00f3n con descuento y asegurar su cupo en el taller, al acudir a las instalaciones de la UVA.<\/li>\n<li>Los prestadores de servicio social del CCUT y talleristas de la UVA, deber\u00e1n solicitar en la UVA el formato de descuento, presentarlo al momento de su inscripci\u00f3n con la firma de visto bueno de su jefx inmediato y dar seguimiento al proceso.<\/li>\n<li>Los trabajadores del CCUT (administrativos y de confianza) deber\u00e1n entregar su solicitud de inscripci\u00f3n en las fechas que determine la Coordinaci\u00f3n de la UVA para la revisi\u00f3n con la Unidad Administrativa.<\/li>\n<li>Las organizaciones participantes del programa <em>Arte y Cultura de paz <\/em>deber\u00e1n escribir al correo academica.uva@unam.mx, para hacer la solicitud de inscripciones correspondientes de acuerdo al n\u00famero de exenciones autorizadas por cada taller.<\/li>\n<li>Cualquier asunto no previsto ser\u00e1 resuelto por la Coordinaci\u00f3n de la UVA.<\/li>\n<li>Para m\u00e1s informaci\u00f3n, escribe a <a href=\"mailto:uva@tlatelolcounam.mx\">uva@tlatelolcounam.mx<\/a> o <a href=\"mailto:uvatlatelolco@unam.mx\">uvatlatelolco@unam.mx <\/a><\/li>\n<\/ul>\n<p>&nbsp;<\/p>\n<p style=\"text-align: center;\"><strong>\u201cPor mi raza hablar\u00e1 el esp\u00edritu\u201d<\/strong><\/p>\n<p style=\"text-align: center;\"><strong>Ciudad de M\u00e9xico a 21 de diciembre de 2025<\/strong><\/p>\n<p style=\"text-align: center;\"><strong>Coordinaci\u00f3n de la Unidad de Vinculaci\u00f3n Art\u00edstica<\/strong><\/p>\n<p>[\/vc_toggle][vc_toggle title=&#8221;Pol\u00edtica de precios especiales para comunidades vulnerables&#8221; style=&#8221;round&#8221; css=&#8221;&#8221;]La Coordinaci\u00f3n de la Unidad de Vinculaci\u00f3n Art\u00edstica, informa los precios especiales autorizados para el periodo de inscripciones ordinarias que comprende del 20 de enero al 14 de febrero, conforme lo establece el Reglamento Interno de la UVA en su art\u00edculo 29<\/p>\n<h2><span style=\"color: #ff00ff;\"><strong>Precio especial para comunidades vulnerables<\/strong><\/span><\/h2>\n<p><strong>Recepci\u00f3n de solicitudes: Del 12 al 16 de enero*<br \/>\n<\/strong><\/p>\n<p><strong>Resultados: 20 de enero<\/strong><\/p>\n<p>*Limitado a 60 solicitudes<\/p>\n<p>Se otorgar\u00e1n descuentos del 50% y hasta el 100% bajo las siguientes consideraciones:<\/p>\n<ul>\n<li>Formar parte de una comunidad vulnerable (persona adulta mayor, madre soltera, hablante de una lengua originaria, tener una discapacidad, ser una persona reci\u00e9n liberada, en tr\u00e1nsito, en situaci\u00f3n de calle, seropositivo o formar parte de la comunidad LGBTTTIQ+)<\/li>\n<li>Se recibir\u00e1n hasta 60 solicitudes que deber\u00e1n ser llenadas personalmente en la Coordinaci\u00f3n de la UVA de lunes a viernes de 10 a 18 h.<\/li>\n<li>Para cada taller programado en el Ciclo 2026-1 se otorgar\u00e1n hasta dos descuentos para comunidades vulnerables, uno del 100% y otro del 50%<\/li>\n<li>Estos apoyos aplican \u00fanicamente si el taller queda abierto al t\u00e9rmino de las inscripciones ordinarias.<\/li>\n<li>Las solicitudes ser\u00e1n atendidas, seg\u00fan el orden en el que hayan sido recibidas y de acuerdo al cupo m\u00e1ximo por taller indicado.<\/li>\n<li>La aprobaci\u00f3n de los apoyos ser\u00e1 limitada y la lista de lxs beneficiadxs se dar\u00e1 a conocer el 20 de enero en las instalaciones de la UVA.<\/li>\n<li>Es responsabilidad de lxs interesadxs acudir a la UVA para conocer los resultados de su solicitud y concluir su inscripci\u00f3n ya que no se reservar\u00e1n los lugares del cupo total del taller para las personas beneficiadas.<\/li>\n<li>En caso de no ser beneficiadxs, lxs interesadxs podr\u00e1n realizar su inscripci\u00f3n con el costo total o haciendo uso de otro descuento especial.<\/li>\n<\/ul>\n<p><span style=\"color: #ff00ff;\"><strong>Consideraciones<\/strong><\/span><\/p>\n<ul>\n<li>Todas las solicitudes para\u00a0 precio especial de comunidad vulnerable se realizar\u00e1n en las instalaciones de la UVA, de lunes a viernes de 10:00 a 18:00 h, presentadas en las fechas indicadas por la persona interesada.<\/li>\n<li>S\u00f3lo se recibir\u00e1 <strong>una solicitud por persona<\/strong> <strong>para un taller<\/strong> del Ciclo 2026-1.<\/li>\n<li>Los precios especiales <strong>no son acumulables ni transferibles<\/strong>.<\/li>\n<li>Las personas que hayan sido beneficiadas en el Ciclo 30 con el 100% de descuento en la inscripci\u00f3n, ser\u00e1n consideradas \u00fanicamente para el 50% de descuento en la inscripci\u00f3n en el Ciclo 2026-1.<\/li>\n<li>Las personas que hayan sido beneficiadas tanto en el Ciclo 30 como en el Ciclo 29 con alg\u00fan precio especial para comunidad vulnerable, podr\u00e1n solicitar el descuento hasta el ciclo de talleres\u00a0 2026-2.<\/li>\n<li>Estos precios especiales <strong>ser\u00e1n<\/strong> <strong>v\u00e1lidos \u00fanicamente durante el periodo ordinario de inscripciones.<\/strong> Despu\u00e9s del 14 de febrero, no se aplicar\u00e1 descuento alguno, por lo que las personas beneficiada con el precio especial para comunidad vulnerable deber\u00e1n haber concluido su inscripci\u00f3n antes de esa fecha.<\/li>\n<li>Las personas de nuevo ingreso que sean beneficiadas con este precio especial, deber\u00e1n cubrir el costo de $50,00 por tr\u00e1mite de credencial, o en su caso por renovaci\u00f3n.<\/li>\n<li>Es responsabilidad de cada persona concluir su proceso de inscripci\u00f3n con descuento y asegurar su cupo en el taller, al acudir a las instalaciones de la UVA.<\/li>\n<li>Cualquier asunto no previsto ser\u00e1 resuelto por la Coordinaci\u00f3n de la UVA.<\/li>\n<li>Para m\u00e1s informaci\u00f3n, escribe a<a href=\"mailto:uva@tlatelolcounam.mx\"> uva@tlatelolcounam.mx<\/a> o <a href=\"mailto:uvatlatelolco@unam.mx\">uvatlatelolco@unam.mx<\/a><\/li>\n<\/ul>\n<p>&nbsp;<\/p>\n<p style=\"text-align: center;\"><strong>\u201cPor mi raza hablar\u00e1 el esp\u00edritu\u201d<\/strong><\/p>\n<p style=\"text-align: center;\"><strong>Ciudad de M\u00e9xico a 22 de diciembre de 2025<\/strong><\/p>\n<p style=\"text-align: center;\"><strong>Coordinaci\u00f3n de la Unidad de Vinculaci\u00f3n Art\u00edstica<\/strong><\/p>\n<p>[\/vc_toggle][\/vc_column][\/vc_row][vc_section][vc_row][vc_column][\/vc_column][\/vc_row][\/vc_section][vc_row][vc_column][\/vc_column][\/vc_row]<\/p>\n<\/div>","protected":false},"excerpt":{"rendered":"<p>[vc_row][vc_column][vc_custom_heading text=&#8221;Del 16 de febrero al 13 de junio Inscripciones extraordinarias del 16 al 28 de febrero Inscripciones ordinarias: del&nbsp;<a href=\"https:\/\/tlatelolcounam.mx\/uva\/inscripcionc2026-1\/\">&hellip;<\/a><\/p>\n","protected":false},"author":2,"featured_media":6708,"parent":0,"menu_order":0,"comment_status":"closed","ping_status":"closed","template":"","meta":{"footnotes":""},"class_list":["post-6707","page","type-page","status-publish","has-post-thumbnail","hentry","odd"],"_links":{"self":[{"href":"https:\/\/tlatelolcounam.mx\/uva\/wp-json\/wp\/v2\/pages\/6707","targetHints":{"allow":["GET"]}}],"collection":[{"href":"https:\/\/tlatelolcounam.mx\/uva\/wp-json\/wp\/v2\/pages"}],"about":[{"href":"https:\/\/tlatelolcounam.mx\/uva\/wp-json\/wp\/v2\/types\/page"}],"author":[{"embeddable":true,"href":"https:\/\/tlatelolcounam.mx\/uva\/wp-json\/wp\/v2\/users\/2"}],"replies":[{"embeddable":true,"href":"https:\/\/tlatelolcounam.mx\/uva\/wp-json\/wp\/v2\/comments?post=6707"}],"version-history":[{"count":7,"href":"https:\/\/tlatelolcounam.mx\/uva\/wp-json\/wp\/v2\/pages\/6707\/revisions"}],"predecessor-version":[{"id":7000,"href":"https:\/\/tlatelolcounam.mx\/uva\/wp-json\/wp\/v2\/pages\/6707\/revisions\/7000"}],"wp:featuredmedia":[{"embeddable":true,"href":"https:\/\/tlatelolcounam.mx\/uva\/wp-json\/wp\/v2\/media\/6708"}],"wp:attachment":[{"href":"https:\/\/tlatelolcounam.mx\/uva\/wp-json\/wp\/v2\/media?parent=6707"}],"curies":[{"name":"wp","href":"https:\/\/api.w.org\/{rel}","templated":true}]}}