{"id":6122,"date":"2025-07-07T07:26:30","date_gmt":"2025-07-07T07:26:30","guid":{"rendered":"https:\/\/tlatelolcounam.mx\/uva\/?page_id=6122"},"modified":"2025-09-16T01:45:11","modified_gmt":"2025-09-16T01:45:11","slug":"convocatorialibroxvuva","status":"publish","type":"page","link":"https:\/\/tlatelolcounam.mx\/uva\/convocatorialibroxvuva\/","title":{"rendered":"Convocatoria para escritura del libro XV a\u00f1os de la UVA"},"content":{"rendered":"<div class=\"wpb-content-wrapper\"><p>[vc_row][vc_column][vc_separator][vc_column_text css=&#8221;&#8221;]<\/p>\n<h3 style=\"text-align: center;\"><span style=\"color: #993366;\"><b>Convocatoria para escritura del libro colectivo<\/b><\/span><\/h3>\n<h3 style=\"text-align: center;\"><span style=\"color: #993366;\"><b>\u00a0\u201cEl impacto de la educaci\u00f3n no formal en las artes:\u00a0<\/b><\/span><\/h3>\n<h3 style=\"text-align: center;\"><span style=\"color: #993366;\"><b>XV a\u00f1os de la Unidad de Vinculaci\u00f3n Art\u00edstica\u201d\u00a0<\/b><\/span><\/h3>\n<h3 style=\"text-align: center;\"><span style=\"color: #993366;\"><b>CENTRO CULTURAL UNIVERSITARIO TLATELOLCO\u00a0<\/b><\/span><\/h3>\n<p><span style=\"font-weight: 400;\">\u00a0<\/span><\/p>\n<p><span style=\"font-weight: 400;\">La <\/span><b>UNIVERSIDAD NACIONAL AUT\u00d3NOMA DE M\u00c9XICO<\/b><span style=\"font-weight: 400;\">, a trav\u00e9s de la <\/span><b>Unidad de Vinculaci\u00f3n Art\u00edstica (UVA) del Centro Cultural Universitario Tlatelolco (CCUT<\/b><span style=\"font-weight: 400;\">)<\/span><span style=\"font-weight: 400;\">, con fundamento en el numeral tercero, p\u00e1rrafo V del Acuerdo de Creaci\u00f3n de esta dependencia universitaria, convoca a todas las personas que han formado parte de la historia de la UVA a escribir un texto que celebre los quince a\u00f1os de su existencia como espacio dedicado a la educaci\u00f3n no formal en las artes desde un entorno comunitario y que formar\u00e1 parte de un libro digital editado como parte de los festejos de los XV a\u00f1os de la UVA.<\/span><\/p>\n<p><span style=\"font-weight: 400;\">La UVA, desde el coraz\u00f3n de Tlatelolco, es un \u00e1rea estrat\u00e9gica del CCUT para la educaci\u00f3n art\u00edstica no formal y la vinculaci\u00f3n comunitaria. Todas las edades, identidades, orientaciones,<\/span> <span style=\"font-weight: 400;\">perfiles e intereses son bienvenidos; abrazamos la diversidad, lo heterog\u00e9neo, lo flexible y el encuentro en un espacio universitario donde la creaci\u00f3n art\u00edstica nos ha permitido explorar nuevas formas de reconocernos como comunidad.<\/span><\/p>\n<p>[\/vc_column_text][\/vc_column][\/vc_row][vc_row][vc_column][vc_empty_space height=&#8221;50px&#8221;][vc_toggle title=&#8221;BASES DE PARTICIPACI\u00d3N&#8221; style=&#8221;round&#8221; css=&#8221;&#8221;]<\/p>\n<p><span style=\"font-weight: 400;\">I. Podr\u00e1 participar cualquier persona, no importando su edad o nacionalidad, que considere haber sido o ser parte de la comunidad de la UVA como estudiante, tallerista, prestador\/a\/e de servicio social, gestor\/a\/e, colaborador\/a\/e, funcionario\/a\/e, trabajador\/a\/e, vecino\/a\/e, o usuario\/a\/e,\u00a0 as\u00ed como las personas interesadas en la investigaci\u00f3n en la educaci\u00f3n art\u00edstica, cultura comunitaria, gesti\u00f3n cultural y memoria.\u00a0\u00a0<\/span><\/p>\n<p><span style=\"font-weight: 400;\">II. Cada persona podr\u00e1 participar en la escritura del libro conmemorativo con un texto original, in\u00e9dito y de su propia autor\u00eda, que, de manera enunciativa, no limitativa,<\/span><span style=\"font-weight: 400;\"> puede desarrollarse desde las formas, estructura y entrecruces del ensayo, cr\u00f3nica o relato, con una extensi\u00f3n de 1 hasta 3 cuartillas.<\/span><span style=\"font-weight: 400;\">\u00a0<\/span><\/p>\n<p><span style=\"font-weight: 400;\">III. Se aceptar\u00e1 s\u00f3lo una propuesta de texto por cada participante en esta convocatoria.<\/span><\/p>\n<p><span style=\"font-weight: 400;\">IV. Los textos deber\u00e1n estar escritos en espa\u00f1ol, en letra Arial, 12 puntos, a 1.5 espacio de interlineado y enviarse en formato word mediante un formulario de registro disponible en el sitio web <\/span><a href=\"http:\/\/www.tlatelolcounam.mx\/uva\"><span style=\"font-weight: 400;\">www.tlatelolcounam.mx\/uva<\/span><\/a><\/p>\n<p><span style=\"font-weight: 400;\">V. Los textos podr\u00e1n responder, desde la perspectiva de cada participante, su trayectoria y relaci\u00f3n con la UVA las siguientes preguntas:<\/span><\/p>\n<p style=\"padding-left: 40px;\"><span style=\"font-weight: 400;\">a) \u00bfCu\u00e1l ha sido el impacto de la presencia de la UVA en Tlatelolco?<\/span><\/p>\n<p style=\"padding-left: 40px;\"><span style=\"font-weight: 400;\">b) \u00bfCu\u00e1les han sido las aportaciones de la UVA en la gesti\u00f3n cultural y la educaci\u00f3n no formal en artes en la Universidad o en la Ciudad de M\u00e9xico?<\/span><\/p>\n<p style=\"padding-left: 40px;\"><span style=\"font-weight: 400;\">c) \u00bfCu\u00e1les son las historias y experiencias de quienes son o han sido parte de la comunidad UVA?<\/span><\/p>\n<p style=\"padding-left: 40px;\"><span style=\"font-weight: 400;\">d) \u00bfCu\u00e1l es el perfil profesional de las personas que se han formado en la UVA?<\/span><\/p>\n<p style=\"padding-left: 40px;\"><span style=\"font-weight: 400;\">e) \u00bfQu\u00e9 significa pertenecer a la UVA?<\/span><\/p>\n<p style=\"padding-left: 40px;\"><span style=\"font-weight: 400;\">f) \u00bfCu\u00e1les son los proyectos generados de la UVA que han trascendido y se han quedado en la memoria?<\/span><\/p>\n<p><span style=\"font-weight: 400;\">VI. De igual forma, los textos pueden considerarse dentro de las siguientes categor\u00edas u objetivos:<\/span><\/p>\n<p style=\"padding-left: 40px;\"><span style=\"font-weight: 400;\">a) Testimonial- Dar cuenta de la memoria, conocimientos y afectos desarrollados en la UVA<\/span><\/p>\n<p style=\"padding-left: 40px;\"><span style=\"font-weight: 400;\">b) Investigaci\u00f3n- Reflexionar sobre metodolog\u00edas pedag\u00f3gicas, cruces interdisciplinares, modelos educativos, participaci\u00f3n comunitaria, etc.<\/span><\/p>\n<p style=\"padding-left: 40px;\"><span style=\"font-weight: 400;\">c) Derivas- Indagaciones sobre los logros, alcances e impacto de la educaci\u00f3n no formal y la cultura comunitaria como agencia de conocimiento y\u00a0 saberes<\/span><\/p>\n<p><span style=\"font-weight: 400;\">VII. Los textos propuestos deber\u00e1n considerar lo siguiente:<\/span><\/p>\n<ul>\n<li style=\"font-weight: 400;\" aria-level=\"1\"><span style=\"font-weight: 400;\">Claridad en su redacci\u00f3n y concreci\u00f3n en su objetivo y desarrollo.<\/span><\/li>\n<li style=\"font-weight: 400;\" aria-level=\"1\"><span style=\"font-weight: 400;\">Uso de lenguaje inclusivo y sin sesgos de g\u00e9nero.<\/span><\/li>\n<li style=\"font-weight: 400;\" aria-level=\"1\"><span style=\"font-weight: 400;\">No fomentar discursos de odio ni de juicios a priori.<\/span><\/li>\n<li style=\"font-weight: 400;\" aria-level=\"1\"><span style=\"font-weight: 400;\">En caso de uso de im\u00e1genes, ilustraciones, fotograf\u00edas o esquemas, que \u00e9stas sean de su propia autor\u00eda o libres de derechos.<\/span><\/li>\n<li style=\"font-weight: 400;\" aria-level=\"1\"><span style=\"font-weight: 400;\">Para textos con referencias bibliogr\u00e1ficas, usar el formato de citaci\u00f3n MLA.<\/span><\/li>\n<\/ul>\n<p><span style=\"font-weight: 400;\">VIII. La recepci\u00f3n de los textos ser\u00e1 a trav\u00e9s del formulario disponible en\u00a0 el sitio web de la UVA<\/span> <span style=\"font-weight: 400;\">, a partir de la fecha de publicaci\u00f3n de esta convocatoria y hasta las 20:00 horas del <\/span><b>30 de agosto de 2025,<\/b><span style=\"font-weight: 400;\"> tom\u00e1ndose como referencia la fecha y horario de recepci\u00f3n del formulario. Los textos que sean enviados fuera de este plazo no ser\u00e1n tomados en cuenta.\u00a0<\/span><\/p>\n<p><span style=\"font-weight: 400;\">XIX. Los documentos en .word deber\u00e1n nombrarse de la siguiente manera: <\/span><b>XVa\u00f1osUVAlibro_<\/b><b><i>iniciales del postulante<\/i><\/b><span style=\"font-weight: 400;\">. Por ejemplo, si el postulante se llama Elena Garro Navarro, el archivo deber\u00e1 guardarse as\u00ed: XVa\u00f1osUVAlibro_EGN.<\/span><\/p>\n<p><span style=\"font-weight: 400;\">X. Dentro del formulario de registro, las personas participantes deber\u00e1n declarar bajo protesta de decir verdad que el texto presentado no ha sido publicado en otro medio digital o impreso, que es de su propia autor\u00eda y que se exime a la Universidad de responsabilidades en caso de controversia.\u00a0<\/span><\/p>\n<p><span style=\"font-weight: 400;\">XI. De igual forma, en el formulario de registro deber\u00e1n dar su autorizaci\u00f3n a la Universidad y al CCUT para la publicaci\u00f3n digital y difusi\u00f3n del texto, en caso de ser seleccionado, por los medios digitales y\/o impresos que considere como parte de la edici\u00f3n del libro.<\/span><\/p>\n<p><span style=\"font-weight: 400;\">XII. Para las personas que sean menores de edad al momento de enviar su texto en esta convocatoria, podr\u00e1n participar ingresando los datos de su madre, padre o tutor otorgando su autorizaci\u00f3n en el formulario de registro.<\/span><\/p>\n<p><span style=\"font-weight: 400;\">XIII. En caso de requerir apoyo, las personas interesadas podr\u00e1n comunicarse a la Coordinaci\u00f3n de la UVA para acompa\u00f1arlas en este proceso. La atenci\u00f3n ser\u00e1 v\u00eda correo electr\u00f3nico a <\/span><b>uva@taltelolcounam.mx<\/b><span style=\"font-weight: 400;\">\u00a0 y <\/span><b>uvatlatelolco@unam.mx<\/b><\/p>\n<p><span style=\"font-weight: 400;\">XIV. No ser\u00e1n considerados los textos enviados por correo electr\u00f3nico, correo postal u otra v\u00eda.\u00a0<\/span>[\/vc_toggle][vc_toggle title=&#8221;PROCESO DE SELECCI\u00d3N Y RESULTADOS&#8221; style=&#8221;round&#8221; css=&#8221;&#8221;]<span style=\"font-weight: 400;\">XV. Las propuestas ser\u00e1n seleccionadas por la Coordinaci\u00f3n de la UVA y del CCUT, y\/o miembros del Comit\u00e9 Editorial del CCUT.\u00a0<\/span><\/p>\n<p><span style=\"font-weight: 400;\">XVI. Se seleccionar\u00e1n hasta 20 textos que formar\u00e1n parte del libro digital <\/span><b>\u201cEl impacto de la educaci\u00f3n no formal en las artes: XV a\u00f1os de la Unidad de Vinculaci\u00f3n Art\u00edstica\u201d.<\/b><\/p>\n<p><span style=\"font-weight: 400;\">XVII. Para la evaluaci\u00f3n de las propuestas, se considerar\u00e1 la<\/span><span style=\"font-weight: 400;\"> congruencia<\/span><span style=\"font-weight: 400;\"> y pertinencia<\/span> <span style=\"font-weight: 400;\">de la propuesta respecto a la misi\u00f3n y visi\u00f3n de la UVA (disponible en <\/span><a href=\"http:\/\/www.tlatelolcounam.mx\/uva\"><span style=\"font-weight: 400;\">www.tlatelolcounam.mx\/uva<\/span><\/a><span style=\"font-weight: 400;\">), as\u00ed como a los objetivos y lineamientos de la presente convocatoria y a la integraci\u00f3n de una edici\u00f3n que cubra las distintas perspectivas, personas involucradas y prerrogativas del libro conmemorativo. <\/span><span style=\"font-weight: 400;\">\u00a0<\/span><\/p>\n<p><span style=\"font-weight: 400;\">XVIII. Se podr\u00e1 emitir recomendaciones a las personas participantes para corregir o ampliar el texto propuesto y que sea confirmada su selecci\u00f3n.\u00a0<\/span><\/p>\n<p><span style=\"font-weight: 400;\">XIX. Los resultados ser\u00e1n publicados en los canales de comunicaci\u00f3n de la UVA, as\u00ed como de la UVA (<\/span><a href=\"http:\/\/www.tlatelolcounam.mx\/uva\"><span style=\"font-weight: 400;\">www.tlatelolcounam.mx\/uva<\/span><\/a><span style=\"font-weight: 400;\">), as\u00ed como del Centro Cultural Universitario Tlatelolco el d\u00eda <\/span><b>15 de\u00a0 septiembre de 2025.<\/b><\/p>\n<p><span style=\"font-weight: 400;\">XX. La decisi\u00f3n de los textos seleccionados ser\u00e1 inapelable.<\/span><\/p>\n<p><span style=\"font-weight: 400;\">\u00a0<\/span><\/p>\n<p><span style=\"font-weight: 400;\">\u00a0<\/span>[\/vc_toggle][vc_toggle title=&#8221;DISPOSICIONES GENERALES Y ADMINISTRATIVAS&#8221; style=&#8221;round&#8221; css=&#8221;&#8221;]<span style=\"font-weight: 400;\">XXI. Una vez publicados los resultados, se contactar\u00e1 a los autores de los textos seleccionados para solicitarles la entrega en f\u00edsico de los siguientes documentos y confirmar su participaci\u00f3n en la publicaci\u00f3n del libro:\u00a0\u00a0<\/span><\/p>\n<ol>\n<li style=\"font-weight: 400;\" aria-level=\"1\"><span style=\"font-weight: 400;\">Copia de su Credencial de elector INE\u00a0<\/span><\/li>\n<li style=\"font-weight: 400;\" aria-level=\"1\"><span style=\"font-weight: 400;\">Carta de autorizaci\u00f3n de uso de texto y autor\u00eda\u00a0<\/span><\/li>\n<\/ol>\n<p><span style=\"font-weight: 400;\">XXII. Para menores de edad los documentos anteriores ser\u00e1n entregados por la madre, padre o tutor.\u00a0<\/span><\/p>\n<p><span style=\"font-weight: 400;\">XXIII. Una vez entregados los documentos se comunicar\u00e1n a las personas seleccionadas los tiempos y procesos para realizar la correcci\u00f3n de estilo y edici\u00f3n del libro digital. No se podr\u00e1n hacer cambios o adendas a los textos seleccionados.\u00a0<\/span><\/p>\n<p><span style=\"font-weight: 400;\">XXIV. En caso de que las personas seleccionadas en esta convocatoria no entregaran los documentos en los tiempos y formas establecidos, entender\u00e1 que no contin\u00faan con el proceso para publicar su texto en el libro digital.\u00a0<\/span><\/p>\n<p><span style=\"font-weight: 400;\">XXV. En el libro digital se dar\u00e1n los cr\u00e9ditos correspondientes a los\/las\/les autores de los textos as\u00ed como en toda menci\u00f3n o difusi\u00f3n del mismo<\/span><\/p>\n<p><span style=\"font-weight: 400;\">XXVI. La UVA invitar\u00e1 de manera directa a las personas autoras del libro para las presentaciones\u00a0 y actividades de difusi\u00f3n del libro digital que se realizar\u00e1n a finales del 2025 como parte de las actividades de celebraci\u00f3n de los XV a\u00f1os de la UVA.<\/span><\/p>\n<p><span style=\"font-weight: 400;\">XXVII. Cualquier caso no previsto en esta convocatoria y en aquellas situaciones que surjan despu\u00e9s de emitido el fallo ser\u00e1n resueltas por esta instituci\u00f3n convocante de acuerdo al c\u00f3digo de \u00e9tica de la UNAM, a los lineamientos universitarios relativos a los derechos de autor y dem\u00e1s normatividad aplicable, as\u00ed como a la trayectoria art\u00edstica y \u00e9tica del participante. La facultad de resoluci\u00f3n podr\u00e1 ser transferida al Jurado.<\/span><\/p>\n<p><span style=\"font-weight: 400;\">XXVIII. La participaci\u00f3n en esta convocatoria implica la aceptaci\u00f3n plena de sus bases y condiciones. Cualquier asunto no previsto en esta convocatoria quedar\u00e1 a criterio del Centro Cultural Universitario Tlatelolco (CCUT).<\/span><\/p>\n<p><span style=\"font-weight: 400;\">XXIX. Con fundamento en lo dispuesto en los numerales 1, 2, inciso d), 3, 5, 10, 15, 17, 18, 20 y 32 de los Lineamientos para la protecci\u00f3n de Datos Personales en Posesi\u00f3n de la Universidad Nacional Aut\u00f3noma de M\u00e9xico publicados en la Gaceta UNAM el 25 de febrero de 2019, acordes con la Ley General de Protecci\u00f3n de Datos Personales en Posesi\u00f3n de Sujetos Obligados, y dem\u00e1s disposiciones que resulten aplicables, se hace del conocimiento de los participantes que los datos personales y sensibles que se obtengan por su participaci\u00f3n en la presente Convocatoria se recaban con el prop\u00f3sito de llevar a cabo su registro, evaluar su perfil como participante y enviarle informaci\u00f3n relativa al fallo que se emita.<\/span><\/p>\n<p><span style=\"font-weight: 400;\">La Unidad de Vinculaci\u00f3n Art\u00edstica del Centro Cultural Universitario Tlatelolco es responsable del tratamiento de datos personales de los participantes. Por lo cual, a fin de informar las caracter\u00edsticas principales de este tratamiento se pone a disposici\u00f3n el Aviso de Privacidad visible en el portal www.tlatelolcounam.mx\/uva entendiendo que su participaci\u00f3n en la presente Convocatoria implica el conocimiento informado y aceptaci\u00f3n de su contenido.<\/span><\/p>\n<p><span style=\"font-weight: 400;\">XXX. Para mayores informes, escribir a: <\/span><a href=\"mailto:uvatlatelolco@unam.mx\"><span style=\"font-weight: 400;\">uva@tlatelolcounam.mx<\/span><\/a><span style=\"font-weight: 400;\"> o uvatlatelolco@unam.mx indicando el asunto <\/span><b>Libro XV a\u00f1os UVA<\/b><\/p>\n<p>&nbsp;<\/p>\n<p style=\"text-align: center;\"><b>A t e n t a m e n t e\u00a0<\/b><\/p>\n<p style=\"text-align: center;\"><b>\u201cPor mi raza hablar\u00e1 el esp\u00edritu\u201d\u00a0<\/b><\/p>\n<p style=\"text-align: center;\"><b>EL DIRECTOR GENERAL\u00a0<\/b><\/p>\n<p style=\"text-align: center;\"><b>JACOBO DAY\u00c1N ASKENAZI<\/b><\/p>\n<p style=\"text-align: center;\"><b>CENTRO CULTURAL UNIVERSITARIO TLATELOLCO\u00a0<\/b><\/p>\n<p>[\/vc_toggle][\/vc_column][\/vc_row][vc_section][vc_row][vc_column][vc_single_image image=&#8221;6368&#8243; img_size=&#8221;FULL&#8221; alignment=&#8221;center&#8221; onclick=&#8221;img_link_large&#8221; css=&#8221;&#8221; title=&#8221;RESULTADOS&#8221;][\/vc_column][\/vc_row][\/vc_section]<\/p>\n<\/div>","protected":false},"excerpt":{"rendered":"<p>[vc_row][vc_column][vc_separator][vc_column_text css=&#8221;&#8221;] Convocatoria para escritura del libro colectivo \u00a0\u201cEl impacto de la educaci\u00f3n no formal en las artes:\u00a0 XV a\u00f1os&nbsp;<a href=\"https:\/\/tlatelolcounam.mx\/uva\/convocatorialibroxvuva\/\">&hellip;<\/a><\/p>\n","protected":false},"author":2,"featured_media":6123,"parent":0,"menu_order":0,"comment_status":"closed","ping_status":"closed","template":"","meta":{"footnotes":""},"class_list":["post-6122","page","type-page","status-publish","has-post-thumbnail","hentry","odd"],"_links":{"self":[{"href":"https:\/\/tlatelolcounam.mx\/uva\/wp-json\/wp\/v2\/pages\/6122","targetHints":{"allow":["GET"]}}],"collection":[{"href":"https:\/\/tlatelolcounam.mx\/uva\/wp-json\/wp\/v2\/pages"}],"about":[{"href":"https:\/\/tlatelolcounam.mx\/uva\/wp-json\/wp\/v2\/types\/page"}],"author":[{"embeddable":true,"href":"https:\/\/tlatelolcounam.mx\/uva\/wp-json\/wp\/v2\/users\/2"}],"replies":[{"embeddable":true,"href":"https:\/\/tlatelolcounam.mx\/uva\/wp-json\/wp\/v2\/comments?post=6122"}],"version-history":[{"count":4,"href":"https:\/\/tlatelolcounam.mx\/uva\/wp-json\/wp\/v2\/pages\/6122\/revisions"}],"predecessor-version":[{"id":6369,"href":"https:\/\/tlatelolcounam.mx\/uva\/wp-json\/wp\/v2\/pages\/6122\/revisions\/6369"}],"wp:featuredmedia":[{"embeddable":true,"href":"https:\/\/tlatelolcounam.mx\/uva\/wp-json\/wp\/v2\/media\/6123"}],"wp:attachment":[{"href":"https:\/\/tlatelolcounam.mx\/uva\/wp-json\/wp\/v2\/media?parent=6122"}],"curies":[{"name":"wp","href":"https:\/\/api.w.org\/{rel}","templated":true}]}}