{"id":420,"date":"2020-08-31T21:06:07","date_gmt":"2020-08-31T21:06:07","guid":{"rendered":"http:\/\/tlatelolcounam.mx\/uva\/2020\/?page_id=420"},"modified":"2024-01-11T07:37:22","modified_gmt":"2024-01-11T07:37:22","slug":"talleres-infancias-adolescencias","status":"publish","type":"page","link":"https:\/\/tlatelolcounam.mx\/uva\/talleres-infancias-adolescencias\/","title":{"rendered":"Talleres para infancias y adolescencias"},"content":{"rendered":"<div class=\"wpb-content-wrapper\"><p>[vc_row][vc_column]\t\t\t\t\t\t\t\t\t\t\t<div class=\"linp-featured-courses-carousel \"\n\t\t\t\t\tdata-items=\"5\"\n\t\t\t\t\tdata-slide-speed=\"500\"\n\t\t\t\t\tdata-auto-play=\"true\"\n\t\t\t\t\tdata-show-bullets=\"true\"\n\t\t\t\t\tdata-auto-height=\"false\"\n\t\t\t\t>\n\t\t\t\t\t\t\t\t\t\n\t\t\t\t\t\t\t\t\t\t\t<div>\n\t\t\t\t\t\t\t\t\t\t\t\t\t\t\t    <div class=\"img-container \">\n        <a href=\"https:\/\/tlatelolcounam.mx\/uva\/classes\/pequenxs-tlacuilos-creacion-de-codices-nuevo\/\" title=\"Peque\u00f1xs tlacuilos: Creaci\u00f3n de c\u00f3dices \u00a1NUEVO!\">\n        \t<img loading=\"lazy\" decoding=\"async\" width=\"768\" height=\"510\" src=\"https:\/\/tlatelolcounam.mx\/uva\/wp-content\/uploads\/2025\/11\/Tlacuilos-2-768x510.jpg\" class=\"featured-course-thumb wp-post-image\" alt=\"\" \/>        <\/a>\n    <\/div>\n\t\t\t\t\t\t\t\t\t\t\t\t\t\t<div class=\"item-inner-wrap\">\n\t\t\t\t\t\t\t\t\n<h3 class=\"course-title\">\n    <a href=\"https:\/\/tlatelolcounam.mx\/uva\/classes\/pequenxs-tlacuilos-creacion-de-codices-nuevo\/\" title=\"Peque\u00f1xs tlacuilos: Creaci\u00f3n de c\u00f3dices \u00a1NUEVO!\">Peque\u00f1xs tlacuilos: Creaci\u00f3n de c\u00f3dices \u00a1NUEVO!<\/a>\n<\/h3>\n<ul class=\"course-meta\">\n\t<li>\n\t\t<i class=\"icon-edsuiteic_bookmark\"><\/i>\n\t\t<span class=\"label\">Modalidad:<\/span> Taller presencial\t<\/li>\n\t\t\t\n\t\t<li>\n\t\t\t<i class=\"icon-edsuiteic_account_circle\"><\/i>\n\t\t\t<span class=\"label\">Tallerista:<\/span> <a href=\"https:\/\/tlatelolcounam.mx\/uva\/teachers\/cesar-a-gonzalez\/\">C\u00e9sar A. Gonz\u00e1lez Gonz\u00e1lez<\/a>\t\t<\/li>\n\t<\/ul><div class=\"links\">\n\t\n\t<a class=\"course-link-btn\" href=\"https:\/\/tlatelolcounam.mx\/uva\/classes\/pequenxs-tlacuilos-creacion-de-codices-nuevo\/\" title=\"Peque\u00f1xs tlacuilos: Creaci\u00f3n de c\u00f3dices \u00a1NUEVO!\">Inscr\u00edbete<i class=\"icon-edright-arrow-9\"><\/i><\/a>\n\n\t\t\n<\/div>\t\t\t\t\t\t\t<\/div>\n\t\t\t\t\t\t<\/div>\n\t\t\t\t\t\t\t\t\t\t\n\t\t\t\t\t\t\t\t\t\t\t<div>\n\t\t\t\t\t\t\t\t\t\t\t\t\t\t\t    <div class=\"img-container \">\n        <a href=\"https:\/\/tlatelolcounam.mx\/uva\/classes\/manos-a-la-obra-teatro-para-ninxs-nuevo\/\" title=\"Manos a la obra: teatro para ni\u00f1xs \u00a1NUEVO!\">\n        \t<img loading=\"lazy\" decoding=\"async\" width=\"768\" height=\"510\" src=\"https:\/\/tlatelolcounam.mx\/uva\/wp-content\/uploads\/2025\/11\/Teatro-para-ninxs-768x510.png\" class=\"featured-course-thumb wp-post-image\" alt=\"\" \/>        <\/a>\n    <\/div>\n\t\t\t\t\t\t\t\t\t\t\t\t\t\t<div class=\"item-inner-wrap\">\n\t\t\t\t\t\t\t\t\n<h3 class=\"course-title\">\n    <a href=\"https:\/\/tlatelolcounam.mx\/uva\/classes\/manos-a-la-obra-teatro-para-ninxs-nuevo\/\" title=\"Manos a la obra: teatro para ni\u00f1xs \u00a1NUEVO!\">Manos a la obra: teatro para ni\u00f1xs \u00a1NUEVO!<\/a>\n<\/h3>\n<ul class=\"course-meta\">\n\t<li>\n\t\t<i class=\"icon-edsuiteic_bookmark\"><\/i>\n\t\t<span class=\"label\">Modalidad:<\/span> Taller Presencial\t<\/li>\n\t\t\t\n\t\t<li>\n\t\t\t<i class=\"icon-edsuiteic_account_circle\"><\/i>\n\t\t\t<span class=\"label\">Tallerista:<\/span> <a href=\"https:\/\/tlatelolcounam.mx\/uva\/teachers\/meztli-gutierrez\/\">Meztli Guti\u00e9rrez<\/a>\t\t<\/li>\n\t<\/ul><div class=\"links\">\n\t\n\t<a class=\"course-link-btn\" href=\"https:\/\/tlatelolcounam.mx\/uva\/classes\/manos-a-la-obra-teatro-para-ninxs-nuevo\/\" title=\"Manos a la obra: teatro para ni\u00f1xs \u00a1NUEVO!\">Inscr\u00edbete<i class=\"icon-edright-arrow-9\"><\/i><\/a>\n\n\t\t\n<\/div>\t\t\t\t\t\t\t<\/div>\n\t\t\t\t\t\t<\/div>\n\t\t\t\t\t\t\t\t\t\t\n\t\t\t\t\t\t\t\t\t\t\t<div>\n\t\t\t\t\t\t\t\t\t\t\t\t\t\t\t    <div class=\"img-container \">\n        <a href=\"https:\/\/tlatelolcounam.mx\/uva\/classes\/ballet-creativo-danza-juegos-y-tutus\/\" title=\"Ballet creativo. Danza, juegos y tut\u00fas\">\n        \t<img loading=\"lazy\" decoding=\"async\" width=\"768\" height=\"510\" src=\"https:\/\/tlatelolcounam.mx\/uva\/wp-content\/uploads\/2024\/06\/IMG-20241209-WA0052-768x510.jpg\" class=\"featured-course-thumb wp-post-image\" alt=\"\" \/>        <\/a>\n    <\/div>\n\t\t\t\t\t\t\t\t\t\t\t\t\t\t<div class=\"item-inner-wrap\">\n\t\t\t\t\t\t\t\t\n<h3 class=\"course-title\">\n    <a href=\"https:\/\/tlatelolcounam.mx\/uva\/classes\/ballet-creativo-danza-juegos-y-tutus\/\" title=\"Ballet creativo. Danza, juegos y tut\u00fas\">Ballet creativo. Danza, juegos y tut\u00fas<\/a>\n<\/h3>\n<ul class=\"course-meta\">\n\t<li>\n\t\t<i class=\"icon-edsuiteic_bookmark\"><\/i>\n\t\t<span class=\"label\">Modalidad:<\/span> Taller presencial\t<\/li>\n\t\t\t\n\t\t<li>\n\t\t\t<i class=\"icon-edsuiteic_account_circle\"><\/i>\n\t\t\t<span class=\"label\">Tallerista:<\/span> <a href=\"https:\/\/tlatelolcounam.mx\/uva\/teachers\/adriana_segovia\/\">Adriana Segovia<\/a>\t\t<\/li>\n\t<\/ul><div class=\"links\">\n\t\n\t<a class=\"course-link-btn\" href=\"https:\/\/tlatelolcounam.mx\/uva\/classes\/ballet-creativo-danza-juegos-y-tutus\/\" title=\"Ballet creativo. Danza, juegos y tut\u00fas\">Inscr\u00edbete<i class=\"icon-edright-arrow-9\"><\/i><\/a>\n\n\t\t\n<\/div>\t\t\t\t\t\t\t<\/div>\n\t\t\t\t\t\t<\/div>\n\t\t\t\t\t\t\t\t\t\t\n\t\t\t\t\t\t\t\t\t\t\t<div>\n\t\t\t\t\t\t\t\t\t\t\t\t\t\t\t    <div class=\"img-container \">\n        <a href=\"https:\/\/tlatelolcounam.mx\/uva\/classes\/bestiario-grafico\/\" title=\"Bestiario gr\u00e1fico, del grabado a las autopublicaciones\">\n        \t<img loading=\"lazy\" decoding=\"async\" width=\"768\" height=\"510\" src=\"https:\/\/tlatelolcounam.mx\/uva\/wp-content\/uploads\/2024\/01\/7EB7DAF4-5186-4B86-9675-63B4D58F9C5E-scaled-768x510.jpg\" class=\"featured-course-thumb wp-post-image\" alt=\"\" \/>        <\/a>\n    <\/div>\n\t\t\t\t\t\t\t\t\t\t\t\t\t\t<div class=\"item-inner-wrap\">\n\t\t\t\t\t\t\t\t\n<h3 class=\"course-title\">\n    <a href=\"https:\/\/tlatelolcounam.mx\/uva\/classes\/bestiario-grafico\/\" title=\"Bestiario gr\u00e1fico, del grabado a las autopublicaciones\">Bestiario gr\u00e1fico, del grabado a las autopublicaciones<\/a>\n<\/h3>\n<ul class=\"course-meta\">\n\t<li>\n\t\t<i class=\"icon-edsuiteic_bookmark\"><\/i>\n\t\t<span class=\"label\">Modalidad:<\/span> Taller presencial\t<\/li>\n\t\t\t\n\t\t<li>\n\t\t\t<i class=\"icon-edsuiteic_account_circle\"><\/i>\n\t\t\t<span class=\"label\">Tallerista:<\/span> <a href=\"https:\/\/tlatelolcounam.mx\/uva\/teachers\/jeshua-sicardo\/\">Jeshua Sicardo<\/a>\t\t<\/li>\n\t<\/ul><div class=\"links\">\n\t\n\t<a class=\"course-link-btn\" href=\"https:\/\/tlatelolcounam.mx\/uva\/classes\/bestiario-grafico\/\" title=\"Bestiario gr\u00e1fico, del grabado a las autopublicaciones\">Inscr\u00edbete<i class=\"icon-edright-arrow-9\"><\/i><\/a>\n\n\t\t\n<\/div>\t\t\t\t\t\t\t<\/div>\n\t\t\t\t\t\t<\/div>\n\t\t\t\t\t\t\t\t\t\t\n\t\t\t\t\t\t\t\t\t\t\t<div>\n\t\t\t\t\t\t\t\t\t\t\t\t\t\t\t    <div class=\"img-container \">\n        <a href=\"https:\/\/tlatelolcounam.mx\/uva\/classes\/de-mezclas-raras-y-alebrijes\/\" title=\"De mezclas raras y alebrijes\">\n        \t<img loading=\"lazy\" decoding=\"async\" width=\"768\" height=\"510\" src=\"https:\/\/tlatelolcounam.mx\/uva\/wp-content\/uploads\/2024\/01\/Alebrijes-2-scaled-e1719279815372-768x510.jpeg\" class=\"featured-course-thumb wp-post-image\" alt=\"\" \/>        <\/a>\n    <\/div>\n\t\t\t\t\t\t\t\t\t\t\t\t\t\t<div class=\"item-inner-wrap\">\n\t\t\t\t\t\t\t\t\n<h3 class=\"course-title\">\n    <a href=\"https:\/\/tlatelolcounam.mx\/uva\/classes\/de-mezclas-raras-y-alebrijes\/\" title=\"De mezclas raras y alebrijes\">De mezclas raras y alebrijes<\/a>\n<\/h3>\n<ul class=\"course-meta\">\n\t<li>\n\t\t<i class=\"icon-edsuiteic_bookmark\"><\/i>\n\t\t<span class=\"label\">Modalidad:<\/span> Taller presencial\t<\/li>\n\t\t\t\n\t\t<li>\n\t\t\t<i class=\"icon-edsuiteic_account_circle\"><\/i>\n\t\t\t<span class=\"label\">Tallerista:<\/span> <a href=\"https:\/\/tlatelolcounam.mx\/uva\/teachers\/zaira-salvador\/\">Zaira Salvador Miram\u00f3n<\/a>\t\t<\/li>\n\t<\/ul><div class=\"links\">\n\t\n\t<a class=\"course-link-btn\" href=\"https:\/\/tlatelolcounam.mx\/uva\/classes\/de-mezclas-raras-y-alebrijes\/\" title=\"De mezclas raras y alebrijes\">Inscr\u00edbete<i class=\"icon-edright-arrow-9\"><\/i><\/a>\n\n\t\t\n<\/div>\t\t\t\t\t\t\t<\/div>\n\t\t\t\t\t\t<\/div>\n\t\t\t\t\t\t\t\t\t\t\n\t\t\t\t\t\t\t\t\t\t\t<div>\n\t\t\t\t\t\t\t\t\t\t\t\t\t\t\t    <div class=\"img-container \">\n        <a href=\"https:\/\/tlatelolcounam.mx\/uva\/classes\/robotica-creativa\/\" title=\"Rob\u00f3tica creativa HOKY\">\n        \t<img loading=\"lazy\" decoding=\"async\" width=\"768\" height=\"510\" src=\"https:\/\/tlatelolcounam.mx\/uva\/wp-content\/uploads\/2023\/07\/Robotica-creativa-scaled-768x510.jpg\" class=\"featured-course-thumb wp-post-image\" alt=\"\" \/>        <\/a>\n    <\/div>\n\t\t\t\t\t\t\t\t\t\t\t\t\t\t<div class=\"item-inner-wrap\">\n\t\t\t\t\t\t\t\t\n<h3 class=\"course-title\">\n    <a href=\"https:\/\/tlatelolcounam.mx\/uva\/classes\/robotica-creativa\/\" title=\"Rob\u00f3tica creativa HOKY\">Rob\u00f3tica creativa HOKY<\/a>\n<\/h3>\n<ul class=\"course-meta\">\n\t<li>\n\t\t<i class=\"icon-edsuiteic_bookmark\"><\/i>\n\t\t<span class=\"label\">Modalidad:<\/span> Taller presencial\t<\/li>\n\t\t\t\n\t\t<li>\n\t\t\t<i class=\"icon-edsuiteic_account_circle\"><\/i>\n\t\t\t<span class=\"label\">Tallerista:<\/span> <a href=\"https:\/\/tlatelolcounam.mx\/uva\/teachers\/selene-gomez\/\">Selene G\u00f3mez<\/a>\t\t<\/li>\n\t<\/ul><div class=\"links\">\n\t\n\t<a class=\"course-link-btn\" href=\"https:\/\/tlatelolcounam.mx\/uva\/classes\/robotica-creativa\/\" title=\"Rob\u00f3tica creativa HOKY\">Inscr\u00edbete<i class=\"icon-edright-arrow-9\"><\/i><\/a>\n\n\t\t\n<\/div>\t\t\t\t\t\t\t<\/div>\n\t\t\t\t\t\t<\/div>\n\t\t\t\t\t\t\t\t\t\t\n\t\t\t\t\t\t\t\t\t\t\t<div>\n\t\t\t\t\t\t\t\t\t\t\t\t\t\t\t    <div class=\"img-container \">\n        <a href=\"https:\/\/tlatelolcounam.mx\/uva\/classes\/comic-e-historieta\/\" title=\"C\u00f3mic e historieta\">\n        \t<img loading=\"lazy\" decoding=\"async\" width=\"768\" height=\"510\" src=\"https:\/\/tlatelolcounam.mx\/uva\/wp-content\/uploads\/2023\/07\/Comic-e-historieta-1-e1736300539647-768x510.jpg\" class=\"featured-course-thumb wp-post-image\" alt=\"\" \/>        <\/a>\n    <\/div>\n\t\t\t\t\t\t\t\t\t\t\t\t\t\t<div class=\"item-inner-wrap\">\n\t\t\t\t\t\t\t\t\n<h3 class=\"course-title\">\n    <a href=\"https:\/\/tlatelolcounam.mx\/uva\/classes\/comic-e-historieta\/\" title=\"C\u00f3mic e historieta\">C\u00f3mic e historieta<\/a>\n<\/h3>\n<ul class=\"course-meta\">\n\t<li>\n\t\t<i class=\"icon-edsuiteic_bookmark\"><\/i>\n\t\t<span class=\"label\">Modalidad:<\/span> Taller presencial\t<\/li>\n\t\t\t\n\t\t<li>\n\t\t\t<i class=\"icon-edsuiteic_account_circle\"><\/i>\n\t\t\t<span class=\"label\">Tallerista:<\/span> <a href=\"https:\/\/tlatelolcounam.mx\/uva\/teachers\/oscar-g-hernandez\/\">\u00d3scar G. Hern\u00e1ndez<\/a>\t\t<\/li>\n\t<\/ul><div class=\"links\">\n\t\n\t<a class=\"course-link-btn\" href=\"https:\/\/tlatelolcounam.mx\/uva\/classes\/comic-e-historieta\/\" title=\"C\u00f3mic e historieta\">Inscr\u00edbete<i class=\"icon-edright-arrow-9\"><\/i><\/a>\n\n\t\t\n<\/div>\t\t\t\t\t\t\t<\/div>\n\t\t\t\t\t\t<\/div>\n\t\t\t\t\t\t\t\t\t\t\n\t\t\t\t\t\t\t\t\t\t\t<div>\n\t\t\t\t\t\t\t\t\t\t\t\t\t\t\t    <div class=\"img-container \">\n        <a href=\"https:\/\/tlatelolcounam.mx\/uva\/classes\/vamos-a-bailar\/\" title=\"Vamos a bailar\">\n        \t<img loading=\"lazy\" decoding=\"async\" width=\"768\" height=\"510\" src=\"https:\/\/tlatelolcounam.mx\/uva\/wp-content\/uploads\/2022\/12\/Vamos-todxs-a-bailar-scaled-e1720235713445-768x510.jpg\" class=\"featured-course-thumb wp-post-image\" alt=\"\" \/>        <\/a>\n    <\/div>\n\t\t\t\t\t\t\t\t\t\t\t\t\t\t<div class=\"item-inner-wrap\">\n\t\t\t\t\t\t\t\t\n<h3 class=\"course-title\">\n    <a href=\"https:\/\/tlatelolcounam.mx\/uva\/classes\/vamos-a-bailar\/\" title=\"Vamos a bailar\">Vamos a bailar<\/a>\n<\/h3>\n<ul class=\"course-meta\">\n\t<li>\n\t\t<i class=\"icon-edsuiteic_bookmark\"><\/i>\n\t\t<span class=\"label\">Modalidad:<\/span> Taller presencial\t<\/li>\n\t\t\t\n\t\t<li>\n\t\t\t<i class=\"icon-edsuiteic_account_circle\"><\/i>\n\t\t\t<span class=\"label\">Tallerista:<\/span> <a href=\"https:\/\/tlatelolcounam.mx\/uva\/teachers\/adriana_segovia\/\">Adriana Segovia<\/a>, <a href=\"https:\/\/tlatelolcounam.mx\/uva\/teachers\/ericka-leon\/\">Ericka Le\u00f3n<\/a>\t\t<\/li>\n\t<\/ul><div class=\"links\">\n\t\n\t<a class=\"course-link-btn\" href=\"https:\/\/tlatelolcounam.mx\/uva\/classes\/vamos-a-bailar\/\" title=\"Vamos a bailar\">Inscr\u00edbete<i class=\"icon-edright-arrow-9\"><\/i><\/a>\n\n\t\t\n<\/div>\t\t\t\t\t\t\t<\/div>\n\t\t\t\t\t\t<\/div>\n\t\t\t\t\t\t\t\t\t\t\n\t\t\t\t\t\t\t\t\t\t\t<div>\n\t\t\t\t\t\t\t\t\t\t\t\t\t\t\t    <div class=\"img-container \">\n        <a href=\"https:\/\/tlatelolcounam.mx\/uva\/classes\/creaciones-monstruosas\/\" title=\"Creaciones monstruosas con sentimiento\">\n        \t<img loading=\"lazy\" decoding=\"async\" width=\"768\" height=\"510\" src=\"https:\/\/tlatelolcounam.mx\/uva\/wp-content\/uploads\/2022\/12\/IMG_20250109_125639-scaled-e1736449513213-768x510.jpg\" class=\"featured-course-thumb wp-post-image\" alt=\"\" \/>        <\/a>\n    <\/div>\n\t\t\t\t\t\t\t\t\t\t\t\t\t\t<div class=\"item-inner-wrap\">\n\t\t\t\t\t\t\t\t\n<h3 class=\"course-title\">\n    <a href=\"https:\/\/tlatelolcounam.mx\/uva\/classes\/creaciones-monstruosas\/\" title=\"Creaciones monstruosas con sentimiento\">Creaciones monstruosas con sentimiento<\/a>\n<\/h3>\n<ul class=\"course-meta\">\n\t<li>\n\t\t<i class=\"icon-edsuiteic_bookmark\"><\/i>\n\t\t<span class=\"label\">Modalidad:<\/span> Taller presencial\t<\/li>\n\t\t\t\n\t\t<li>\n\t\t\t<i class=\"icon-edsuiteic_account_circle\"><\/i>\n\t\t\t<span class=\"label\">Tallerista:<\/span> <a href=\"https:\/\/tlatelolcounam.mx\/uva\/teachers\/helia_monroy\/\">Helia Monroy \"Lili\"<\/a>\t\t<\/li>\n\t<\/ul><div class=\"links\">\n\t\n\t<a class=\"course-link-btn\" href=\"https:\/\/tlatelolcounam.mx\/uva\/classes\/creaciones-monstruosas\/\" title=\"Creaciones monstruosas con sentimiento\">Inscr\u00edbete<i class=\"icon-edright-arrow-9\"><\/i><\/a>\n\n\t\t\n<\/div>\t\t\t\t\t\t\t<\/div>\n\t\t\t\t\t\t<\/div>\n\t\t\t\t\t\t\t\t\t\t\n\t\t\t\t\t\t\t\t\t\t\t<div>\n\t\t\t\t\t\t\t\t\t\t\t\t\t\t\t    <div class=\"img-container \">\n        <a href=\"https:\/\/tlatelolcounam.mx\/uva\/classes\/juntosaprendiendo\/\" title=\"Juntxs aprendiendo con la m\u00fasica\">\n        \t<img loading=\"lazy\" decoding=\"async\" width=\"768\" height=\"510\" src=\"https:\/\/tlatelolcounam.mx\/uva\/wp-content\/uploads\/2022\/01\/Juntxs-768x510.jpg\" class=\"featured-course-thumb wp-post-image\" alt=\"\" \/>        <\/a>\n    <\/div>\n\t\t\t\t\t\t\t\t\t\t\t\t\t\t<div class=\"item-inner-wrap\">\n\t\t\t\t\t\t\t\t\n<h3 class=\"course-title\">\n    <a href=\"https:\/\/tlatelolcounam.mx\/uva\/classes\/juntosaprendiendo\/\" title=\"Juntxs aprendiendo con la m\u00fasica\">Juntxs aprendiendo con la m\u00fasica<\/a>\n<\/h3>\n<ul class=\"course-meta\">\n\t<li>\n\t\t<i class=\"icon-edsuiteic_bookmark\"><\/i>\n\t\t<span class=\"label\">Modalidad:<\/span> Taller presencial\t<\/li>\n\t\t\t\n\t\t<li>\n\t\t\t<i class=\"icon-edsuiteic_account_circle\"><\/i>\n\t\t\t<span class=\"label\">Tallerista:<\/span> <a href=\"https:\/\/tlatelolcounam.mx\/uva\/teachers\/beatriz-ivet-flores\/\">Beatriz Ivet Flores<\/a>\t\t<\/li>\n\t<\/ul><div class=\"links\">\n\t\n\t<a class=\"course-link-btn\" href=\"https:\/\/tlatelolcounam.mx\/uva\/classes\/juntosaprendiendo\/\" title=\"Juntxs aprendiendo con la m\u00fasica\">Inscr\u00edbete<i class=\"icon-edright-arrow-9\"><\/i><\/a>\n\n\t\t\n<\/div>\t\t\t\t\t\t\t<\/div>\n\t\t\t\t\t\t<\/div>\n\t\t\t\t\t\t\t\t\t\t\n\t\t\t\t\t\t\t\t\t\t\t<div>\n\t\t\t\t\t\t\t\t\t\t\t\t\t\t\t    <div class=\"img-container \">\n        <a href=\"https:\/\/tlatelolcounam.mx\/uva\/classes\/cosadeninxs\/\" title=\"Cosa de ni\u00f1xs. Laboratorio de producci\u00f3n audiovisual\">\n        \t<img loading=\"lazy\" decoding=\"async\" width=\"768\" height=\"510\" src=\"https:\/\/tlatelolcounam.mx\/uva\/wp-content\/uploads\/2022\/01\/Cosa-de-ninxs-lab-scaled-e1721421749129-768x510.jpg\" class=\"featured-course-thumb wp-post-image\" alt=\"\" \/>        <\/a>\n    <\/div>\n\t\t\t\t\t\t\t\t\t\t\t\t\t\t<div class=\"item-inner-wrap\">\n\t\t\t\t\t\t\t\t\n<h3 class=\"course-title\">\n    <a href=\"https:\/\/tlatelolcounam.mx\/uva\/classes\/cosadeninxs\/\" title=\"Cosa de ni\u00f1xs. Laboratorio de producci\u00f3n audiovisual\">Cosa de ni\u00f1xs. Laboratorio de producci\u00f3n audiovisual<\/a>\n<\/h3>\n<ul class=\"course-meta\">\n\t<li>\n\t\t<i class=\"icon-edsuiteic_bookmark\"><\/i>\n\t\t<span class=\"label\">Modalidad:<\/span> Taller presencial\t<\/li>\n\t\t\t\n\t\t<li>\n\t\t\t<i class=\"icon-edsuiteic_account_circle\"><\/i>\n\t\t\t<span class=\"label\">Tallerista:<\/span> <a href=\"https:\/\/tlatelolcounam.mx\/uva\/teachers\/penelope-rivera\/\">Pen\u00e9lope Rivera<\/a>\t\t<\/li>\n\t<\/ul><div class=\"links\">\n\t\n\t<a class=\"course-link-btn\" href=\"https:\/\/tlatelolcounam.mx\/uva\/classes\/cosadeninxs\/\" title=\"Cosa de ni\u00f1xs. Laboratorio de producci\u00f3n audiovisual\">Inscr\u00edbete<i class=\"icon-edright-arrow-9\"><\/i><\/a>\n\n\t\t\n<\/div>\t\t\t\t\t\t\t<\/div>\n\t\t\t\t\t\t<\/div>\n\t\t\t\t\t\t\t\t\t\t\n\t\t\t\t\t\t\t\t\t\t\t<div>\n\t\t\t\t\t\t\t\t\t\t\t\t\t\t\t    <div class=\"img-container \">\n        <a href=\"https:\/\/tlatelolcounam.mx\/uva\/classes\/juguemospiano\/\" title=\"Juguemos con el piano \u00a1AGOTADO!\">\n        \t<img loading=\"lazy\" decoding=\"async\" width=\"768\" height=\"510\" src=\"https:\/\/tlatelolcounam.mx\/uva\/wp-content\/uploads\/2020\/09\/Juguemos-con-el-piano-1-e1719627053708-768x510.jpg\" class=\"featured-course-thumb wp-post-image\" alt=\"\" \/>        <\/a>\n    <\/div>\n\t\t\t\t\t\t\t\t\t\t\t\t\t\t<div class=\"item-inner-wrap\">\n\t\t\t\t\t\t\t\t\n<h3 class=\"course-title\">\n    <a href=\"https:\/\/tlatelolcounam.mx\/uva\/classes\/juguemospiano\/\" title=\"Juguemos con el piano \u00a1AGOTADO!\">Juguemos con el piano \u00a1AGOTADO!<\/a>\n<\/h3>\n<ul class=\"course-meta\">\n\t<li>\n\t\t<i class=\"icon-edsuiteic_bookmark\"><\/i>\n\t\t<span class=\"label\">Modalidad:<\/span> Taller presencial\t<\/li>\n\t\t\t\n\t\t<li>\n\t\t\t<i class=\"icon-edsuiteic_account_circle\"><\/i>\n\t\t\t<span class=\"label\">Tallerista:<\/span> <a href=\"https:\/\/tlatelolcounam.mx\/uva\/teachers\/beatriz-ivet-flores\/\">Beatriz Ivet Flores<\/a>\t\t<\/li>\n\t<\/ul><div class=\"links\">\n\t\n\t<a class=\"course-link-btn\" href=\"https:\/\/tlatelolcounam.mx\/uva\/classes\/juguemospiano\/\" title=\"Juguemos con el piano \u00a1AGOTADO!\">Inscr\u00edbete<i class=\"icon-edright-arrow-9\"><\/i><\/a>\n\n\t\t\n<\/div>\t\t\t\t\t\t\t<\/div>\n\t\t\t\t\t\t<\/div>\n\t\t\t\t\t\t\t\t\t\t\n\t\t\t\t\t\t\t\t\t\t\t<div>\n\t\t\t\t\t\t\t\t\t\t\t\t\t\t\t    <div class=\"img-container \">\n        <a href=\"https:\/\/tlatelolcounam.mx\/uva\/classes\/artesplasticaparaninxs\/\" title=\"Artes pl\u00e1sticas para ni\u00f1xs\">\n        \t<img loading=\"lazy\" decoding=\"async\" width=\"768\" height=\"510\" src=\"https:\/\/tlatelolcounam.mx\/uva\/wp-content\/uploads\/2020\/09\/Artes-plasticas-para-ninxs-2-scaled-768x510.jpg\" class=\"featured-course-thumb wp-post-image\" alt=\"\" \/>        <\/a>\n    <\/div>\n\t\t\t\t\t\t\t\t\t\t\t\t\t\t<div class=\"item-inner-wrap\">\n\t\t\t\t\t\t\t\t\n<h3 class=\"course-title\">\n    <a href=\"https:\/\/tlatelolcounam.mx\/uva\/classes\/artesplasticaparaninxs\/\" title=\"Artes pl\u00e1sticas para ni\u00f1xs\">Artes pl\u00e1sticas para ni\u00f1xs<\/a>\n<\/h3>\n<ul class=\"course-meta\">\n\t<li>\n\t\t<i class=\"icon-edsuiteic_bookmark\"><\/i>\n\t\t<span class=\"label\">Modalidad:<\/span> Taller presencial\t<\/li>\n\t\t\t\n\t\t<li>\n\t\t\t<i class=\"icon-edsuiteic_account_circle\"><\/i>\n\t\t\t<span class=\"label\">Tallerista:<\/span> <a href=\"https:\/\/tlatelolcounam.mx\/uva\/teachers\/carlos-rojas\/\">Carlos Rojas<\/a>\t\t<\/li>\n\t<\/ul><div class=\"links\">\n\t\n\t<a class=\"course-link-btn\" href=\"https:\/\/tlatelolcounam.mx\/uva\/classes\/artesplasticaparaninxs\/\" title=\"Artes pl\u00e1sticas para ni\u00f1xs\">Inscr\u00edbete<i class=\"icon-edright-arrow-9\"><\/i><\/a>\n\n\t\t\n<\/div>\t\t\t\t\t\t\t<\/div>\n\t\t\t\t\t\t<\/div>\n\t\t\t\t\t\t\t\t\t\t\n\t\t\t\t\t\t\t\t\t\t\t<div>\n\t\t\t\t\t\t\t\t\t\t\t\t\t\t\t    <div class=\"img-container \">\n        <a href=\"https:\/\/tlatelolcounam.mx\/uva\/classes\/capoeira\/\" title=\"Capoeira para ni\u00f1xs y adolescentes\">\n        \t<img loading=\"lazy\" decoding=\"async\" width=\"768\" height=\"510\" src=\"https:\/\/tlatelolcounam.mx\/uva\/wp-content\/uploads\/2020\/08\/1000035863-scaled-768x510.jpg\" class=\"featured-course-thumb wp-post-image\" alt=\"\" srcset=\"https:\/\/tlatelolcounam.mx\/uva\/wp-content\/uploads\/2020\/08\/1000035863-scaled-768x510.jpg 768w, https:\/\/tlatelolcounam.mx\/uva\/wp-content\/uploads\/2020\/08\/1000035863-scaled-300x200.jpg 300w\" sizes=\"auto, (max-width: 768px) 100vw, 768px\" \/>        <\/a>\n    <\/div>\n\t\t\t\t\t\t\t\t\t\t\t\t\t\t<div class=\"item-inner-wrap\">\n\t\t\t\t\t\t\t\t\n<h3 class=\"course-title\">\n    <a href=\"https:\/\/tlatelolcounam.mx\/uva\/classes\/capoeira\/\" title=\"Capoeira para ni\u00f1xs y adolescentes\">Capoeira para ni\u00f1xs y adolescentes<\/a>\n<\/h3>\n<ul class=\"course-meta\">\n\t<li>\n\t\t<i class=\"icon-edsuiteic_bookmark\"><\/i>\n\t\t<span class=\"label\">Modalidad:<\/span> Taller presencial\t<\/li>\n\t\t\t\n\t\t<li>\n\t\t\t<i class=\"icon-edsuiteic_account_circle\"><\/i>\n\t\t\t<span class=\"label\">Tallerista:<\/span> <a href=\"https:\/\/tlatelolcounam.mx\/uva\/teachers\/edna-lara\/\">Edna Lara Instructora Mar\u00e9<\/a>\t\t<\/li>\n\t<\/ul><div class=\"links\">\n\t\n\t<a class=\"course-link-btn\" href=\"https:\/\/tlatelolcounam.mx\/uva\/classes\/capoeira\/\" title=\"Capoeira para ni\u00f1xs y adolescentes\">Inscr\u00edbete<i class=\"icon-edright-arrow-9\"><\/i><\/a>\n\n\t\t\n<\/div>\t\t\t\t\t\t\t<\/div>\n\t\t\t\t\t\t<\/div>\n\t\t\t\t\t\t\t\t\t<\/div>\n\t\t\t\t\t\t[\/vc_column][\/vc_row]<\/p>\n<\/div>","protected":false},"excerpt":{"rendered":"<p>[vc_row][vc_column][\/vc_column][\/vc_row]<\/p>\n","protected":false},"author":1,"featured_media":0,"parent":0,"menu_order":0,"comment_status":"closed","ping_status":"closed","template":"redux-templates_contained","meta":{"footnotes":""},"class_list":["post-420","page","type-page","status-publish","hentry","odd"],"_links":{"self":[{"href":"https:\/\/tlatelolcounam.mx\/uva\/wp-json\/wp\/v2\/pages\/420","targetHints":{"allow":["GET"]}}],"collection":[{"href":"https:\/\/tlatelolcounam.mx\/uva\/wp-json\/wp\/v2\/pages"}],"about":[{"href":"https:\/\/tlatelolcounam.mx\/uva\/wp-json\/wp\/v2\/types\/page"}],"author":[{"embeddable":true,"href":"https:\/\/tlatelolcounam.mx\/uva\/wp-json\/wp\/v2\/users\/1"}],"replies":[{"embeddable":true,"href":"https:\/\/tlatelolcounam.mx\/uva\/wp-json\/wp\/v2\/comments?post=420"}],"version-history":[{"count":14,"href":"https:\/\/tlatelolcounam.mx\/uva\/wp-json\/wp\/v2\/pages\/420\/revisions"}],"predecessor-version":[{"id":4358,"href":"https:\/\/tlatelolcounam.mx\/uva\/wp-json\/wp\/v2\/pages\/420\/revisions\/4358"}],"wp:attachment":[{"href":"https:\/\/tlatelolcounam.mx\/uva\/wp-json\/wp\/v2\/media?parent=420"}],"curies":[{"name":"wp","href":"https:\/\/api.w.org\/{rel}","templated":true}]}}