{"id":239,"date":"2017-10-25T07:35:40","date_gmt":"2017-10-25T07:35:40","guid":{"rendered":"http:\/\/edsuite.aislinthemes.com\/?page_id=1850"},"modified":"2025-10-22T16:57:36","modified_gmt":"2025-10-22T16:57:36","slug":"nosotras","status":"publish","type":"page","link":"https:\/\/tlatelolcounam.mx\/uva\/nosotras\/","title":{"rendered":"Nosotras"},"content":{"rendered":"<div class=\"wpb-content-wrapper\"><p>[vc_row][vc_column width=&#8221;1\/4&#8243;][vc_row_inner equal_height=&#8221;yes&#8221; css=&#8221;.vc_custom_1513601513943{margin-bottom: 15px !important;padding-left: 50px !important;}&#8221;][vc_column_inner width=&#8221;2\/3&#8243; css=&#8221;.vc_custom_1523967109882{margin-bottom: 0px !important;padding-top: 15px !important;padding-bottom: 7px !important;padding-left: 30px !important;background-color: #2bacd5 !important;}&#8221; offset=&#8221;vc_col-xs-8&#8243;][vc_custom_heading text=&#8221;Nuestra historia&#8221; font_container=&#8221;tag:p|font_size:16px|text_align:left|color:%23ffffff&#8221; use_theme_fonts=&#8221;yes&#8221; link=&#8221;url:http%3A%2F%2Fedsuite.aislinthemes.com%2Fabout-us%2Fhistory%2F|||&#8221;][\/vc_column_inner][vc_column_inner width=&#8221;1\/3&#8243; css=&#8221;.vc_custom_1523967122506{margin-bottom: 0px !important;padding-top: 0px !important;background-color: #2bacd5 !important;}&#8221; offset=&#8221;vc_col-xs-4&#8243;][vc_icon icon_fontawesome=&#8221;fa fa-long-arrow-right&#8221; color=&#8221;custom&#8221; size=&#8221;xs&#8221; align=&#8221;right&#8221; css=&#8221;.vc_custom_1507034925823{margin-bottom: 0px !important;padding-bottom: 0px !important;}&#8221; custom_color=&#8221;#ffffff&#8221; link=&#8221;url:%23|||&#8221;][\/vc_column_inner][\/vc_row_inner][\/vc_column][vc_column width=&#8221;3\/4&#8243;][vc_column_text css=&#8221;.vc_custom_1676923150497{margin-bottom: 15px !important;}&#8221;]La <strong>Unidad de Vinculaci\u00f3n Art\u00edstica<\/strong>, de cari\u00f1o UVA, es un \u00e1rea estrat\u00e9gica del CCU Tlatelolco para la educaci\u00f3n art\u00edstica no formal. En septiembre de 2010 comenzamos actividades con el <span class=\"bolds\">Ciclo 0, en el que se ofrecieron 38 talleres para 356 alumnos.<\/span><\/p>\n<p>Al formar parte del complejo arquitect\u00f3nico de la Secretar\u00eda de Relaciones Exteriores, nuestras instalaciones albergaron por muchos a\u00f1os el Centro de Desarrollo Infantil \u201cRosario Castellanos\u201d, espacio educativo para los hijos de los trabajadores de la SRE y para los vecinos de la UH Nonoalco-Tlatelolco. Actualmente, el edificio conserva su esencia como espacio formativo y de vinculaci\u00f3n comunitaria.<\/p>\n<p>En noviembre de 2018 inauguramos nuestra\u00a0<strong>Biblioteca Ala\u00edde Foppa,\u00a0<\/strong>un espacio para ser disfrutado, donde la gente se sienta bienvenida y a salvo rodeada de libros. Nuestro acervo est\u00e1 conformado por m\u00e1s de 5,000 ejemplares, todos ellos donados por particulares, instituciones y diversas editoriales. La Biblioteca est\u00e1 inspirada en el esp\u00edritu de\u00a0<strong>Ala\u00edde Foppa:\u00a0<\/strong>feminista, poeta, traductora y defensora de los derechos humanos quien fue desaparecida por el gobierno guatemalteco en la d\u00e9cada de los 80\u00b4s.<\/p>\n<p>Todas las edades, perfiles e intereses caben en la UVA. Aqu\u00ed celebramos la diversidad, lo heterog\u00e9neo, lo flexible y la posibilidad de encontrarnos en un espacio universitario donde la creaci\u00f3n art\u00edstica nos permite explorar nuevas formas de reconocernos como comunidad<\/p>\n<p><span style=\"color: #ff00ff;\"><strong>Misi\u00f3n<\/strong><\/span><\/p>\n<p>El Centro Cultural Universitario Tlatelolco [CCU Tlatelolco] es un espacio joven y en crecimiento, que pertenece a la Universidad Nacional Aut\u00f3noma de M\u00e9xico [UNAM]. En 2010, inici\u00f3 actividades la Unidad de Vinculaci\u00f3n Art\u00edstica [UVA], escuela de artes de este Centro Cultural, un espacio que fomenta la expresi\u00f3n creativa, el ejercicio de los derechos culturales y la construcci\u00f3n de v\u00ednculos solidarios y afectivos con la Comunidad.<\/p>\n<p><span style=\"color: #ff00ff;\"><strong>Visi\u00f3n<\/strong><\/span><\/p>\n<p>Convertirnos en un referente de escuela alternativa para la ense\u00f1anza de las artes y el desarrollo de procesos culturales comunitarios que ejerzan un impacto favorable en las personas y la Comunidad que nos acompa\u00f1a.<\/p>\n<p><span style=\"color: #ff00ff;\"><strong>Valores<\/strong><\/span><\/p>\n<ol>\n<li>Perspectiva de g\u00e9nero<\/li>\n<li>Diversidad<\/li>\n<li>No discriminaci\u00f3n<\/li>\n<li>Sentido de comunidad<\/li>\n<li>Ternura radical<\/li>\n<\/ol>\n<p>[\/vc_column_text][\/vc_column][\/vc_row][vc_row][vc_column][vc_custom_heading text=&#8221;Preguntas frecuentes&#8221; google_fonts=&#8221;font_family:Open%20Sans%3A300%2C300italic%2Cregular%2Citalic%2C600%2C600italic%2C700%2C700italic%2C800%2C800italic|font_style:400%20regular%3A400%3Anormal&#8221;][vc_row_inner equal_height=&#8221;yes&#8221; gap=&#8221;15&#8243;][vc_column_inner el_class=&#8221;wh-column-padding&#8221; width=&#8221;1\/3&#8243; css=&#8221;.vc_custom_1514541452354{padding-top: 0px !important;padding-right: 0px !important;padding-bottom: 16px !important;padding-left: 0px !important;background-color: #f5f4ef !important;}&#8221;][vc_empty_space height=&#8221;20px&#8221;][vc_custom_heading text=&#8221;\u00bfQu\u00e9 actividades puedes encontrar?&#8221; font_container=&#8221;tag:h5|font_size:17px|text_align:left|color:%23505050|line_height:27px&#8221; use_theme_fonts=&#8221;yes&#8221; css=&#8221;.vc_custom_1598901082352{margin-top: 4px !important;margin-bottom: 0px !important;margin-left: 30px !important;}&#8221; el_class=&#8221;dash-before wh-title-with-label&#8221; link=&#8221;url:%23|||&#8221;][vc_custom_heading text=&#8221;Cada a\u00f1o, ofrecemos cerca de 150 talleres organizados en dos ciclos de trabajo. Al finalizar cada ciclo, integramos una muestra multidisciplinaria con los resultados de los talleres, estas presentaciones son las Jornadas de cierre. De manera paralela organizamos conciertos, obras de teatro, exposiciones, clases abiertas y actividades especiales para los hijos de nuestros trabajadores.&#8221; font_container=&#8221;tag:p|font_size:15px|text_align:left|color:%23999999|line_height:23px&#8221; use_theme_fonts=&#8221;yes&#8221; css=&#8221;.vc_custom_1598901092498{margin-top: 5px !important;margin-right: 25px !important;margin-left: 30px !important;}&#8221;][\/vc_column_inner][vc_column_inner el_class=&#8221;wh-column-padding&#8221; width=&#8221;1\/3&#8243; css=&#8221;.vc_custom_1514541457070{padding-top: 0px !important;padding-right: 0px !important;padding-bottom: 15px !important;padding-left: 0px !important;background-color: #f5f4ef !important;}&#8221;][vc_empty_space height=&#8221;20px&#8221;][vc_custom_heading text=&#8221;\u00bfCu\u00e1l es la duraci\u00f3n de cada ciclo?&#8221; font_container=&#8221;tag:h5|font_size:17px|text_align:left|color:%23505050|line_height:27px&#8221; use_theme_fonts=&#8221;yes&#8221; css=&#8221;.vc_custom_1598901100046{margin-top: 4px !important;margin-bottom: 0px !important;margin-left: 30px !important;}&#8221; el_class=&#8221;dash-before wh-title-with-label&#8221; link=&#8221;url:%23|||&#8221;][vc_custom_heading text=&#8221;Organizamos dos ciclos al a\u00f1o de 16 semanas cada uno. El primero de febrero a junio y el segundo, de agosto a diciembre.&#8221; font_container=&#8221;tag:p|font_size:15px|text_align:left|color:%23999999|line_height:23px&#8221; use_theme_fonts=&#8221;yes&#8221; css=&#8221;.vc_custom_1598901149924{margin-top: 5px !important;margin-right: 25px !important;margin-left: 30px !important;}&#8221;][\/vc_column_inner][vc_column_inner el_class=&#8221;wh-column-padding&#8221; width=&#8221;1\/3&#8243; css=&#8221;.vc_custom_1514541461090{padding-top: 0px !important;padding-right: 0px !important;padding-bottom: 15px !important;padding-left: 0px !important;background-color: #f5f4ef !important;}&#8221;][vc_empty_space height=&#8221;20px&#8221;][vc_custom_heading text=&#8221;\u00bfC\u00f3mo se programan los talleres?&#8221; font_container=&#8221;tag:h5|font_size:17px|text_align:left|color:%23505050|line_height:27px&#8221; use_theme_fonts=&#8221;yes&#8221; css=&#8221;.vc_custom_1598901140425{margin-top: 4px !important;margin-bottom: 0px !important;margin-left: 30px !important;}&#8221; el_class=&#8221;dash-before wh-title-with-label&#8221; link=&#8221;url:%23|||&#8221;][vc_custom_heading text=&#8221;Desde 2014, organizamos una convocatoria abierta y p\u00fablica donde los profesionales interesados en impartir talleres presentan una propuesta de trabajo. Las propuestas son revisadas y seleccionadas por un grupo de especialistas. De igual forma, algunos talleres se programan mediante invitaci\u00f3n directa de la Coordinaci\u00f3n.&#8221; font_container=&#8221;tag:p|font_size:15px|text_align:left|color:%23999999|line_height:23px&#8221; use_theme_fonts=&#8221;yes&#8221; css=&#8221;.vc_custom_1598901161677{margin-top: 5px !important;margin-right: 25px !important;margin-left: 30px !important;}&#8221;][\/vc_column_inner][\/vc_row_inner][vc_row_inner equal_height=&#8221;yes&#8221; gap=&#8221;15&#8243;][vc_column_inner el_class=&#8221;wh-column-padding&#8221; width=&#8221;1\/3&#8243; css=&#8221;.vc_custom_1514541452354{padding-top: 0px !important;padding-right: 0px !important;padding-bottom: 16px !important;padding-left: 0px !important;background-color: #f5f4ef !important;}&#8221;][vc_empty_space height=&#8221;20px&#8221;][vc_custom_heading text=&#8221;\u00bfLa programaci\u00f3n es siempre la misma?&#8221; font_container=&#8221;tag:h5|font_size:17px|text_align:left|color:%23505050|line_height:27px&#8221; use_theme_fonts=&#8221;yes&#8221; css=&#8221;.vc_custom_1598901171368{margin-top: 4px !important;margin-bottom: 0px !important;margin-left: 30px !important;}&#8221; el_class=&#8221;dash-before wh-title-with-label&#8221; link=&#8221;url:%23|||&#8221;][vc_custom_heading text=&#8221;Nuestra personalidad como espacio de educaci\u00f3n no formal nos permite ofrecer una programaci\u00f3n din\u00e1mica, flexible y cambiante. Nuestros talleres no tienen seriaci\u00f3n ni niveles y buscamos que nuestra Comunidad pueda acceder a m\u00faltiples experiencias formativas en un mismo lugar.&#8221; font_container=&#8221;tag:p|font_size:15px|text_align:left|color:%23999999|line_height:23px&#8221; use_theme_fonts=&#8221;yes&#8221; css=&#8221;.vc_custom_1598901181867{margin-top: 5px !important;margin-right: 25px !important;margin-left: 30px !important;}&#8221;][\/vc_column_inner][vc_column_inner el_class=&#8221;wh-column-padding&#8221; width=&#8221;1\/3&#8243; css=&#8221;.vc_custom_1514541457070{padding-top: 0px !important;padding-right: 0px !important;padding-bottom: 15px !important;padding-left: 0px !important;background-color: #f5f4ef !important;}&#8221;][vc_empty_space height=&#8221;20px&#8221;][vc_custom_heading text=&#8221;\u00bfA qu\u00e9 \u00e1rea de la UNAM pertenecemos?&#8221; font_container=&#8221;tag:h5|font_size:17px|text_align:left|color:%23505050|line_height:27px&#8221; use_theme_fonts=&#8221;yes&#8221; css=&#8221;.vc_custom_1598901196175{margin-top: 4px !important;margin-bottom: 0px !important;margin-left: 30px !important;}&#8221; el_class=&#8221;dash-before wh-title-with-label&#8221; link=&#8221;url:%23|||&#8221;][vc_custom_heading text=&#8221;El Centro Cultural Universitario Tlatelolco pertenece a la Coordinaci\u00f3n de Difusi\u00f3n Cultural de nuestra m\u00e1xima casa de estudios.&#8221; font_container=&#8221;tag:p|font_size:15px|text_align:left|color:%23999999|line_height:23px&#8221; use_theme_fonts=&#8221;yes&#8221; css=&#8221;.vc_custom_1598901206909{margin-top: 5px !important;margin-right: 25px !important;margin-left: 30px !important;}&#8221;][\/vc_column_inner][\/vc_row_inner][\/vc_column][\/vc_row][vc_row][vc_column width=&#8221;1\/2&#8243;][vc_separator][\/vc_column][\/vc_row][vc_row][vc_column width=&#8221;1\/2&#8243;][vc_single_image image=&#8221;5888&#8243; img_size=&#8221;full&#8221; css=&#8221;&#8221;][\/vc_column][vc_column width=&#8221;1\/2&#8243;][vc_column_text css=&#8221;&#8221;]<span style=\"color: #ff00ff;\"><strong>Nosotrxs<\/strong><\/span><\/p>\n<p><strong>Diana Er\u00e9ndira Res\u00e9ndiz.<\/strong> Coordinadora<\/p>\n<p><strong>Asunci\u00f3n Pineda.<\/strong> Secretaria Acad\u00e9mica<\/p>\n<p><strong>Rodrigo Castro. <\/strong>Log\u00edstica y producci\u00f3n<\/p>\n<p><strong>\u00c1urea Esquivel. <\/strong>Biblioteca Ala\u00edde Foppa<\/p>\n<p><strong>Erick Salas.\u00a0<\/strong>Sistemas<\/p>\n<p><strong>Claudia Barrera.<\/strong> Auxiliar administrativo<\/p>\n<p><strong>Valentina Ruiz. <\/strong>Apoyo secretarial<\/p>\n<p><strong>Marcelino Guti\u00e9rrez, Martha Mart\u00ednez y Thal\u00eda S\u00e1nchez. <\/strong>Bibliotecarixs[\/vc_column_text][\/vc_column][\/vc_row][vc_row][vc_column][\/vc_column][\/vc_row]<\/p>\n<\/div>","protected":false},"excerpt":{"rendered":"<p>[vc_row][vc_column width=&#8221;1\/4&#8243;][vc_row_inner equal_height=&#8221;yes&#8221; css=&#8221;.vc_custom_1513601513943{margin-bottom: 15px !important;padding-left: 50px !important;}&#8221;][vc_column_inner width=&#8221;2\/3&#8243; css=&#8221;.vc_custom_1523967109882{margin-bottom: 0px !important;padding-top: 15px !important;padding-bottom: 7px !important;padding-left: 30px !important;background-color: #2bacd5 !important;}&#8221;&nbsp;<a href=\"https:\/\/tlatelolcounam.mx\/uva\/nosotras\/\">&hellip;<\/a><\/p>\n","protected":false},"author":1,"featured_media":342,"parent":0,"menu_order":0,"comment_status":"closed","ping_status":"closed","template":"template-fullwidth.php","meta":{"footnotes":""},"class_list":["post-239","page","type-page","status-publish","has-post-thumbnail","hentry","odd"],"_links":{"self":[{"href":"https:\/\/tlatelolcounam.mx\/uva\/wp-json\/wp\/v2\/pages\/239","targetHints":{"allow":["GET"]}}],"collection":[{"href":"https:\/\/tlatelolcounam.mx\/uva\/wp-json\/wp\/v2\/pages"}],"about":[{"href":"https:\/\/tlatelolcounam.mx\/uva\/wp-json\/wp\/v2\/types\/page"}],"author":[{"embeddable":true,"href":"https:\/\/tlatelolcounam.mx\/uva\/wp-json\/wp\/v2\/users\/1"}],"replies":[{"embeddable":true,"href":"https:\/\/tlatelolcounam.mx\/uva\/wp-json\/wp\/v2\/comments?post=239"}],"version-history":[{"count":33,"href":"https:\/\/tlatelolcounam.mx\/uva\/wp-json\/wp\/v2\/pages\/239\/revisions"}],"predecessor-version":[{"id":6425,"href":"https:\/\/tlatelolcounam.mx\/uva\/wp-json\/wp\/v2\/pages\/239\/revisions\/6425"}],"wp:featuredmedia":[{"embeddable":true,"href":"https:\/\/tlatelolcounam.mx\/uva\/wp-json\/wp\/v2\/media\/342"}],"wp:attachment":[{"href":"https:\/\/tlatelolcounam.mx\/uva\/wp-json\/wp\/v2\/media?parent=239"}],"curies":[{"name":"wp","href":"https:\/\/api.w.org\/{rel}","templated":true}]}}