{"id":234,"date":"2018-03-01T09:55:59","date_gmt":"2018-03-01T09:55:59","guid":{"rendered":"http:\/\/superwise.aislinthemes.com\/?page_id=769"},"modified":"2026-04-17T02:32:07","modified_gmt":"2026-04-17T02:32:07","slug":"home-default","status":"publish","type":"page","link":"https:\/\/tlatelolcounam.mx\/uva\/","title":{"rendered":"Home Default"},"content":{"rendered":"<div class=\"wpb-content-wrapper\"><p>[vc_row][vc_column]\n\t\t\t<!-- START WebsiteBuilderHero1 REVOLUTION SLIDER 6.5.5 --><p class=\"rs-p-wp-fix\"><\/p>\n\t\t\t<rs-module-wrap id=\"welcome_wrapper\" data-source=\"gallery\" style=\"visibility:hidden;background:#000000;padding:0;margin:0px auto;margin-top:0;margin-bottom:0;\">\n\t\t\t\t<rs-module id=\"welcome\" style=\"\" data-version=\"6.5.5\">\n\t\t\t\t\t<rs-slides>\n\t\t\t\t\t\t<rs-slide style=\"position: absolute;\" data-key=\"rs-1\" data-title=\"Slide\" data-in=\"o:0;\" data-out=\"a:false;\" data-mediafilter=\"xpro2\">\n\t\t\t\t\t\t\t<img loading=\"lazy\" decoding=\"async\" src=\"\/\/tlatelolcounam.mx\/uva\/wp-content\/plugins\/revslider\/public\/assets\/assets\/dummy.png\" title=\"_DSC1202-compressed\" width=\"2560\" height=\"1829\" class=\"rev-slidebg tp-rs-img rs-lazyload\" data-lazyload=\"\/\/tlatelolcounam.mx\/uva\/wp-content\/uploads\/2021\/01\/DSC1202-compressed-scaled.jpg\" data-bg=\"p:right bottom;\" data-parallax=\"5\" data-no-retina>\n<!--\n\t\t\t\t\t\t\t--><span\n\t\t\t\t\t\t\t\tid=\"slider-1-slide-1-layer-2\" \n\t\t\t\t\t\t\t\tclass=\"rs-layer\"\n\t\t\t\t\t\t\t\tdata-type=\"text\"\n\t\t\t\t\t\t\t\tdata-color=\"rgba(255, 255, 255, 1)\"\n\t\t\t\t\t\t\t\tdata-xy=\"x:c;xo:-95px,0,0,0;y:m;yo:-201px,-226px,-279px,-206px;\"\n\t\t\t\t\t\t\t\tdata-text=\"w:nowrap,nowrap,nowrap,normal;s:59,50,40,30;l:71,60,40,30;fw:700;a:center;\"\n\t\t\t\t\t\t\t\tdata-dim=\"w:798.15px,auto,auto,360px;\"\n\t\t\t\t\t\t\t\tdata-rsp_o=\"off\"\n\t\t\t\t\t\t\t\tdata-rsp_bd=\"off\"\n\t\t\t\t\t\t\t\tdata-frame_0=\"y:24px;\"\n\t\t\t\t\t\t\t\tdata-frame_1=\"e:power4.out;st:250;sp:800;sR:250;\"\n\t\t\t\t\t\t\t\tdata-frame_999=\"o:0;e:nothing;st:w;sR:7950;\"\n\t\t\t\t\t\t\t\tstyle=\"z-index:9;font-family:'Poppins';\"\n\t\t\t\t\t\t\t>Unidad de Vinculaci\u00f3n Art\u00edstica \n\t\t\t\t\t\t\t<\/span><!--\n\n\t\t\t\t\t\t\t--><rs-layer\n\t\t\t\t\t\t\t\tid=\"slider-1-slide-1-layer-16\" \n\t\t\t\t\t\t\t\tdata-type=\"image\"\n\t\t\t\t\t\t\t\tdata-rsp_ch=\"on\"\n\t\t\t\t\t\t\t\tdata-xy=\"xo:937px,686px,327px,206px;yo:606px,579px,685px,417px;\"\n\t\t\t\t\t\t\t\tdata-text=\"w:normal;l:22;a:inherit;\"\n\t\t\t\t\t\t\t\tdata-dim=\"w:153px,234px,244px,200px;h:153px,154px,156px,128px;\"\n\t\t\t\t\t\t\t\tdata-frame_0=\"x:ran(-250|250);y:ran(-150|150);sX:ran(0|1);sY:ran(0|1);rX:ran(-90|90);rY:ran(-90|90);rZ:ran(-360|360);\"\n\t\t\t\t\t\t\t\tdata-frame_1=\"sp:1500;sR:10;\"\n\t\t\t\t\t\t\t\tdata-frame_999=\"o:0;st:w;sR:7490;\"\n\t\t\t\t\t\t\t\tstyle=\"z-index:11;\"\n\t\t\t\t\t\t\t><img loading=\"lazy\" decoding=\"async\" src=\"\/\/tlatelolcounam.mx\/uva\/wp-content\/plugins\/revslider\/public\/assets\/assets\/dummy.png\" class=\"tp-rs-img rs-lazyload\" width=\"150\" height=\"150\" data-lazyload=\"\/\/tlatelolcounam.mx\/uva\/wp-content\/uploads\/2022\/01\/Ukulele-150x150.png\" data-no-retina> \n\t\t\t\t\t\t\t<\/rs-layer><!--\n\n\t\t\t\t\t\t\t--><rs-layer\n\t\t\t\t\t\t\t\tid=\"slider-1-slide-1-layer-22\" \n\t\t\t\t\t\t\t\tdata-type=\"image\"\n\t\t\t\t\t\t\t\tdata-rsp_ch=\"on\"\n\t\t\t\t\t\t\t\tdata-xy=\"xo:283px,314px,345px,221px;yo:604px,581px,504px,269px;\"\n\t\t\t\t\t\t\t\tdata-text=\"w:normal;l:22;a:inherit;\"\n\t\t\t\t\t\t\t\tdata-dim=\"w:156px,234px,223px,185px;h:156px,154px,157px,130px;\"\n\t\t\t\t\t\t\t\tdata-frame_0=\"x:ran(-250|250);y:ran(-150|150);sX:ran(0|1);sY:ran(0|1);rX:ran(-90|90);rY:ran(-90|90);rZ:ran(-360|360);\"\n\t\t\t\t\t\t\t\tdata-frame_1=\"sp:1500;sR:10;\"\n\t\t\t\t\t\t\t\tdata-frame_999=\"o:0;st:w;sR:7490;\"\n\t\t\t\t\t\t\t\tstyle=\"z-index:10;\"\n\t\t\t\t\t\t\t><img loading=\"lazy\" decoding=\"async\" src=\"\/\/tlatelolcounam.mx\/uva\/wp-content\/plugins\/revslider\/public\/assets\/assets\/dummy.png\" class=\"tp-rs-img rs-lazyload\" width=\"150\" height=\"150\" data-lazyload=\"\/\/tlatelolcounam.mx\/uva\/wp-content\/uploads\/2022\/01\/Estampa-y-grabado-ninxs-corta-scaled-150x150.jpg\" data-no-retina> \n\t\t\t\t\t\t\t<\/rs-layer><!--\n\n\t\t\t\t\t\t\t--><rs-layer\n\t\t\t\t\t\t\t\tid=\"slider-1-slide-1-layer-25\" \n\t\t\t\t\t\t\t\tclass=\"tp-shape tp-shapewrapper\"\n\t\t\t\t\t\t\t\tdata-type=\"shape\"\n\t\t\t\t\t\t\t\tdata-rsp_ch=\"on\"\n\t\t\t\t\t\t\t\tdata-xy=\"xo:778px,576px,193px,64px;yo:606px,579px,504px,416px;\"\n\t\t\t\t\t\t\t\tdata-text=\"a:inherit;\"\n\t\t\t\t\t\t\t\tdata-dim=\"w:160px,155px,184px,160px;h:154px,154px,156px,130px;\"\n\t\t\t\t\t\t\t\tdata-frame_0=\"x:ran(-250|250);y:ran(-150|150);sX:ran(0|1);sY:ran(0|1);rX:ran(-90|90);rY:ran(-90|90);rZ:ran(-360|360);\"\n\t\t\t\t\t\t\t\tdata-frame_1=\"e:power3.out;sp:1500;sR:10;\"\n\t\t\t\t\t\t\t\tdata-frame_999=\"o:0;st:w;sR:7490;\"\n\t\t\t\t\t\t\t\tstyle=\"z-index:13;background-color:#ffffff;\"\n\t\t\t\t\t\t\t> \n\t\t\t\t\t\t\t<\/rs-layer><!--\n\n\t\t\t\t\t\t\t--><a\n\t\t\t\t\t\t\t\tid=\"slider-1-slide-1-layer-28\" \n\t\t\t\t\t\t\t\tclass=\"rs-layer\"\n\t\t\t\t\t\t\t\thref=\"\" target=\"_self\" rel=\"nofollow\"\n\t\t\t\t\t\t\t\tdata-type=\"text\"\n\t\t\t\t\t\t\t\tdata-color=\"#202159||#2690b1||#2690b1||#2690b1\"\n\t\t\t\t\t\t\t\tdata-rsp_ch=\"on\"\n\t\t\t\t\t\t\t\tdata-xy=\"xo:802px,211px,230px,101px;yo:628px,601px,525px,294px;\"\n\t\t\t\t\t\t\t\tdata-text=\"s:18;l:21;a:inherit;\"\n\t\t\t\t\t\t\t\tdata-frame_0=\"o:1;\"\n\t\t\t\t\t\t\t\tdata-frame_0_words=\"d:20;o:0;\"\n\t\t\t\t\t\t\t\tdata-frame_1=\"sp:1800;sR:10;\"\n\t\t\t\t\t\t\t\tdata-frame_1_words=\"d:20;\"\n\t\t\t\t\t\t\t\tdata-frame_999=\"o:0;st:w;sR:6990;\"\n\t\t\t\t\t\t\t\tstyle=\"z-index:18;font-family:'Poppins';\"\n\t\t\t\t\t\t\t>Talleres \n\t\t\t\t\t\t\t<\/a><!--\n\n\t\t\t\t\t\t\t--><a\n\t\t\t\t\t\t\t\tid=\"slider-1-slide-1-layer-32\" \n\t\t\t\t\t\t\t\tclass=\"rs-layer\"\n\t\t\t\t\t\t\t\thref=\"\" target=\"_self\" rel=\"nofollow\"\n\t\t\t\t\t\t\t\tdata-type=\"text\"\n\t\t\t\t\t\t\t\tdata-color=\"#202159||#2690b1||#2690b1||#2690b1\"\n\t\t\t\t\t\t\t\tdata-rsp_ch=\"on\"\n\t\t\t\t\t\t\t\tdata-xy=\"xo:804px,608px,231px,95px;yo:671px,659px,768px,485px;\"\n\t\t\t\t\t\t\t\tdata-text=\"s:18;l:21;a:inherit;\"\n\t\t\t\t\t\t\t\tdata-frame_0=\"o:1;\"\n\t\t\t\t\t\t\t\tdata-frame_0_words=\"d:20;o:0;\"\n\t\t\t\t\t\t\t\tdata-frame_1=\"sp:1800;sR:10;\"\n\t\t\t\t\t\t\t\tdata-frame_1_words=\"d:20;\"\n\t\t\t\t\t\t\t\tdata-frame_999=\"o:0;st:w;sR:7190;\"\n\t\t\t\t\t\t\t\tstyle=\"z-index:21;font-family:'Poppins';\"\n\t\t\t\t\t\t\t>y adultos \n\t\t\t\t\t\t\t<\/a><!--\n\n\t\t\t\t\t\t\t--><rs-layer\n\t\t\t\t\t\t\t\tid=\"slider-1-slide-1-layer-34\" \n\t\t\t\t\t\t\t\tclass=\"tp-shape tp-shapewrapper\"\n\t\t\t\t\t\t\t\tdata-type=\"shape\"\n\t\t\t\t\t\t\t\tdata-rsp_ch=\"on\"\n\t\t\t\t\t\t\t\tdata-xy=\"x:c,l,l,l;xo:-3px,-336px,-465px,-255px;yo:747px,749px,892px,501px;\"\n\t\t\t\t\t\t\t\tdata-text=\"a:inherit;\"\n\t\t\t\t\t\t\t\tdata-dim=\"w:1920px,1920px,1920px,1000px;h:115px;\"\n\t\t\t\t\t\t\t\tdata-frame_1=\"sR:10;\"\n\t\t\t\t\t\t\t\tdata-frame_999=\"o:0;st:w;sR:8690;\"\n\t\t\t\t\t\t\t\tstyle=\"z-index:8;background-color:#ff26a2;\"\n\t\t\t\t\t\t\t> \n\t\t\t\t\t\t\t<\/rs-layer><!--\n\n\t\t\t\t\t\t\t--><a\n\t\t\t\t\t\t\t\tid=\"slider-1-slide-1-layer-36\" \n\t\t\t\t\t\t\t\tclass=\"rs-layer\"\n\t\t\t\t\t\t\t\thref=\"\" target=\"_self\" rel=\"nofollow\"\n\t\t\t\t\t\t\t\tdata-type=\"text\"\n\t\t\t\t\t\t\t\tdata-color=\"#000000\"\n\t\t\t\t\t\t\t\tdata-rsp_ch=\"on\"\n\t\t\t\t\t\t\t\tdata-xy=\"x:c,l,l,l;xo:0,107px,33px,33px;yo:806px,798px,950px,948px;\"\n\t\t\t\t\t\t\t\tdata-text=\"s:24,15,15,75;l:21;fw:700,300,300,300;a:center,inherit,inherit,inherit;\"\n\t\t\t\t\t\t\t\tdata-frame_0=\"o:1;\"\n\t\t\t\t\t\t\t\tdata-frame_0_words=\"d:20;o:0;\"\n\t\t\t\t\t\t\t\tdata-frame_1=\"sp:1800;sR:10;\"\n\t\t\t\t\t\t\t\tdata-frame_1_words=\"d:20;\"\n\t\t\t\t\t\t\t\tdata-frame_999=\"o:0;st:w;sR:3990;\"\n\t\t\t\t\t\t\t\tstyle=\"z-index:22;font-family:'Open Sans Condensed';\"\n\t\t\t\t\t\t\t> \n\t\t\t\t\t\t\t<\/a><!--\n\n\t\t\t\t\t\t\t--><rs-layer\n\t\t\t\t\t\t\t\tid=\"slider-1-slide-1-layer-40\" \n\t\t\t\t\t\t\t\tclass=\"tp-shape tp-shapewrapper\"\n\t\t\t\t\t\t\t\tdata-type=\"shape\"\n\t\t\t\t\t\t\t\tdata-rsp_ch=\"on\"\n\t\t\t\t\t\t\t\tdata-xy=\"xo:114px,171px,195px,24px;yo:605px,580px,685px,625px;\"\n\t\t\t\t\t\t\t\tdata-text=\"a:inherit;\"\n\t\t\t\t\t\t\t\tdata-dim=\"w:170px,155px,184px,234px;h:156px,154px,156px,156px;\"\n\t\t\t\t\t\t\t\tdata-frame_0=\"x:ran(-250|250);y:ran(-150|150);sX:ran(0|1);sY:ran(0|1);rX:ran(-90|90);rY:ran(-90|90);rZ:ran(-360|360);\"\n\t\t\t\t\t\t\t\tdata-frame_1=\"e:power3.out;sp:1500;sR:10;\"\n\t\t\t\t\t\t\t\tdata-frame_999=\"o:0;st:w;sR:7490;\"\n\t\t\t\t\t\t\t\tstyle=\"z-index:14;background-color:#ffffff;\"\n\t\t\t\t\t\t\t> \n\t\t\t\t\t\t\t<\/rs-layer><!--\n\n\t\t\t\t\t\t\t--><rs-layer\n\t\t\t\t\t\t\t\tid=\"slider-1-slide-1-layer-42\" \n\t\t\t\t\t\t\t\tclass=\"tp-shape tp-shapewrapper\"\n\t\t\t\t\t\t\t\tdata-type=\"shape\"\n\t\t\t\t\t\t\t\tdata-rsp_ch=\"on\"\n\t\t\t\t\t\t\t\tdata-xy=\"xo:783px,576px,193px,61px;yo:609px,579px,504px,269px;\"\n\t\t\t\t\t\t\t\tdata-text=\"a:inherit;\"\n\t\t\t\t\t\t\t\tdata-dim=\"w:155px,155px,184px,160px;h:147px,154px,156px,130px;\"\n\t\t\t\t\t\t\t\tdata-frame_0=\"x:ran(-250|250);y:ran(-150|150);sX:ran(0|1);sY:ran(0|1);rX:ran(-90|90);rY:ran(-90|90);rZ:ran(-360|360);\"\n\t\t\t\t\t\t\t\tdata-frame_1=\"e:power3.out;sp:1500;sR:10;\"\n\t\t\t\t\t\t\t\tdata-frame_999=\"o:0;st:w;sR:7490;\"\n\t\t\t\t\t\t\t\tstyle=\"z-index:12;background-color:#ffffff;\"\n\t\t\t\t\t\t\t> \n\t\t\t\t\t\t\t<\/rs-layer><!--\n\n\t\t\t\t\t\t\t--><span\n\t\t\t\t\t\t\t\tid=\"slider-1-slide-1-layer-43\" \n\t\t\t\t\t\t\t\tclass=\"rs-layer\"\n\t\t\t\t\t\t\t\tdata-type=\"text\"\n\t\t\t\t\t\t\t\tdata-color=\"rgba(255, 255, 255, 1)\"\n\t\t\t\t\t\t\t\tdata-xy=\"x:c;xo:-20px,-16px,5px,6px;y:m;yo:-133px,-170px,-227px,-143px;\"\n\t\t\t\t\t\t\t\tdata-text=\"w:normal,nowrap,nowrap,normal;s:38,30,22,19;l:48,36,22,19;fw:600,400,400,400;a:center;\"\n\t\t\t\t\t\t\t\tdata-dim=\"w:1003,auto,auto,323px;\"\n\t\t\t\t\t\t\t\tdata-rsp_o=\"off\"\n\t\t\t\t\t\t\t\tdata-rsp_bd=\"off\"\n\t\t\t\t\t\t\t\tdata-frame_0=\"y:16px,7px,7px,8px;\"\n\t\t\t\t\t\t\t\tdata-frame_1=\"e:power4.out;st:250;sp:800;sR:250;\"\n\t\t\t\t\t\t\t\tdata-frame_999=\"o:0;e:nothing;st:w;sR:7950;\"\n\t\t\t\t\t\t\t\tstyle=\"z-index:15;font-family:'Poppins';\"\n\t\t\t\t\t\t\t>talleres de arte en comunidad       <br \/>para vivir suavemente \n\t\t\t\t\t\t\t<\/span><!--\n\n\t\t\t\t\t\t\t--><rs-layer\n\t\t\t\t\t\t\t\tid=\"slider-1-slide-1-layer-44\" \n\t\t\t\t\t\t\t\tdata-type=\"text\"\n\t\t\t\t\t\t\t\tdata-rsp_ch=\"on\"\n\t\t\t\t\t\t\t\tdata-xy=\"x:c;xo:0,0,0,-12px;y:m;yo:376px,779px,938px,563px;\"\n\t\t\t\t\t\t\t\tdata-text=\"w:normal;s:29,24,18,14;l:75,62,47,28;ls:-1,0,0,0;a:center;\"\n\t\t\t\t\t\t\t\tdata-dim=\"minh:0px,none,none,none;\"\n\t\t\t\t\t\t\t\tdata-frame_0=\"sX:2;sY:2;\"\n\t\t\t\t\t\t\t\tdata-frame_0_mask=\"u:t;\"\n\t\t\t\t\t\t\t\tdata-frame_1=\"e:power2.out;sp:1000;\"\n\t\t\t\t\t\t\t\tdata-frame_1_mask=\"u:t;\"\n\t\t\t\t\t\t\t\tdata-frame_999=\"o:0;st:w;\"\n\t\t\t\t\t\t\t\tstyle=\"z-index:23;font-family:'Poppins';text-transform:uppercase;\"\n\t\t\t\t\t\t\t>\u00a1EL SABOR DE LA UVA LO PONES T\u00da! \n\t\t\t\t\t\t\t<\/rs-layer><!--\n\n\t\t\t\t\t\t\t--><a\n\t\t\t\t\t\t\t\tid=\"slider-1-slide-1-layer-45\" \n\t\t\t\t\t\t\t\tclass=\"rs-layer rev-btn rev-hiddenicon\"\n\t\t\t\t\t\t\t\thref=\"http:\/\/tlatelolcounam.mx\/uva\/talleres-infancias-adolescencias\" target=\"_self\" rel=\"nofollow\"\n\t\t\t\t\t\t\t\tdata-type=\"button\"\n\t\t\t\t\t\t\t\tdata-rsp_ch=\"on\"\n\t\t\t\t\t\t\t\tdata-xy=\"xo:130px,198px,227px,95px;yo:704px,685px,614px,354px;\"\n\t\t\t\t\t\t\t\tdata-text=\"w:normal;s:12,9,6,8;l:14,11,8,12;ls:1,0,0,0;\"\n\t\t\t\t\t\t\t\tdata-dim=\"minh:0px,none,none,none;\"\n\t\t\t\t\t\t\t\tdata-padding=\"t:8,7,5,6;r:20,17,13,15;b:8,7,5,6;l:20,17,13,15;\"\n\t\t\t\t\t\t\t\tdata-border=\"bor:30px,30px,30px,30px;\"\n\t\t\t\t\t\t\t\tdata-frame_0=\"x:0,0,0,0px;y:0,0,0,0px;\"\n\t\t\t\t\t\t\t\tdata-frame_1=\"x:0,0,0,0px;y:0,0,0,0px;\"\n\t\t\t\t\t\t\t\tdata-frame_999=\"o:0;st:w;\"\n\t\t\t\t\t\t\t\tdata-frame_hover=\"c:#000;bgc:#fff;bor:30px,30px,30px,30px;sp:200;\"\n\t\t\t\t\t\t\t\tstyle=\"z-index:25;background-color:rgba(0,0,0,0.75);font-family:'Roboto';text-transform:uppercase;\"\n\t\t\t\t\t\t\t>Ver talleres<i class=\"fa-chevron-right\"><\/i> \n\t\t\t\t\t\t\t<\/a><!--\n\n\t\t\t\t\t\t\t--><rs-layer\n\t\t\t\t\t\t\t\tid=\"slider-1-slide-1-layer-46\" \n\t\t\t\t\t\t\t\tdata-type=\"object\"\n\t\t\t\t\t\t\t\tdata-rsp_ch=\"on\"\n\t\t\t\t\t\t\t\tdata-xy=\"xo:50px,41px,31px,19px;yo:249px,207px,157px,96px;\"\n\t\t\t\t\t\t\t\tdata-text=\"w:normal;s:20,16,12,7;l:0,20,15,9;\"\n\t\t\t\t\t\t\t\tdata-frame_999=\"o:0;st:w;\"\n\t\t\t\t\t\t\t\tstyle=\"z-index:24;font-family:'Roboto';\"\n\t\t\t\t\t\t\t> \n\t\t\t\t\t\t\t<\/rs-layer><!--\n\n\t\t\t\t\t\t\t--><a\n\t\t\t\t\t\t\t\tid=\"slider-1-slide-1-layer-48\" \n\t\t\t\t\t\t\t\tclass=\"rs-layer rev-btn rev-hiddenicon\"\n\t\t\t\t\t\t\t\thref=\"http:\/\/tlatelolcounam.mx\/uva\/jovenes-y-adultos\/\" target=\"_self\" rel=\"nofollow\"\n\t\t\t\t\t\t\t\tdata-type=\"button\"\n\t\t\t\t\t\t\t\tdata-rsp_ch=\"on\"\n\t\t\t\t\t\t\t\tdata-xy=\"xo:797px,608px,236px,96px;yo:700px,694px,809px,515px;\"\n\t\t\t\t\t\t\t\tdata-text=\"w:normal;s:12,9,6,7;l:14,11,8,11;ls:1,0,0,0;\"\n\t\t\t\t\t\t\t\tdata-dim=\"minh:0px,none,none,none;\"\n\t\t\t\t\t\t\t\tdata-padding=\"t:8,7,5,5;r:20,17,13,15;b:8,7,5,5;l:20,17,13,15;\"\n\t\t\t\t\t\t\t\tdata-border=\"bor:30px,30px,30px,30px;\"\n\t\t\t\t\t\t\t\tdata-frame_0=\"x:0,0,0,0px;y:0,0,0,0px;\"\n\t\t\t\t\t\t\t\tdata-frame_1=\"x:0,0,0,0px;y:0,0,0,0px;\"\n\t\t\t\t\t\t\t\tdata-frame_999=\"o:0;st:w;\"\n\t\t\t\t\t\t\t\tdata-frame_hover=\"c:#000;bgc:#fff;bor:30px,30px,30px,30px;sp:200;\"\n\t\t\t\t\t\t\t\tstyle=\"z-index:26;background-color:rgba(0,0,0,0.75);font-family:'Roboto';text-transform:uppercase;\"\n\t\t\t\t\t\t\t>VER TALLERES<i class=\"fa-chevron-right\"><\/i> \n\t\t\t\t\t\t\t<\/a><!--\n\n\t\t\t\t\t\t\t--><a\n\t\t\t\t\t\t\t\tid=\"slider-1-slide-1-layer-52\" \n\t\t\t\t\t\t\t\tclass=\"rs-layer\"\n\t\t\t\t\t\t\t\thref=\"\" target=\"_self\" rel=\"nofollow\"\n\t\t\t\t\t\t\t\tdata-type=\"text\"\n\t\t\t\t\t\t\t\tdata-color=\"#202159||#2690b1||#2690b1||#2690b1\"\n\t\t\t\t\t\t\t\tdata-rsp_ch=\"on\"\n\t\t\t\t\t\t\t\tdata-xy=\"xo:127px,612px,240px,104px;yo:632px,597px,715px,431px;\"\n\t\t\t\t\t\t\t\tdata-text=\"s:18;l:21;a:inherit;\"\n\t\t\t\t\t\t\t\tdata-frame_0=\"o:1;\"\n\t\t\t\t\t\t\t\tdata-frame_0_words=\"d:20;o:0;\"\n\t\t\t\t\t\t\t\tdata-frame_1=\"sp:1800;sR:10;\"\n\t\t\t\t\t\t\t\tdata-frame_1_words=\"d:20;\"\n\t\t\t\t\t\t\t\tdata-frame_999=\"o:0;st:w;sR:6990;\"\n\t\t\t\t\t\t\t\tstyle=\"z-index:17;font-family:'Poppins';\"\n\t\t\t\t\t\t\t>Talleres \n\t\t\t\t\t\t\t<\/a><!--\n\n\t\t\t\t\t\t\t--><a\n\t\t\t\t\t\t\t\tid=\"slider-1-slide-1-layer-53\" \n\t\t\t\t\t\t\t\tclass=\"rs-layer\"\n\t\t\t\t\t\t\t\thref=\"\" target=\"_self\" rel=\"nofollow\"\n\t\t\t\t\t\t\t\tdata-type=\"text\"\n\t\t\t\t\t\t\t\tdata-color=\"#202159||#2690b1||#2690b1||#2690b1\"\n\t\t\t\t\t\t\t\tdata-rsp_ch=\"on\"\n\t\t\t\t\t\t\t\tdata-xy=\"xo:128px,207px,223px,97px;yo:658px,629px,561px,323px;\"\n\t\t\t\t\t\t\t\tdata-text=\"s:18;l:21;a:inherit;\"\n\t\t\t\t\t\t\t\tdata-dim=\"h:88px,auto,auto,auto;\"\n\t\t\t\t\t\t\t\tdata-frame_0=\"o:1;\"\n\t\t\t\t\t\t\t\tdata-frame_0_words=\"d:20;o:0;\"\n\t\t\t\t\t\t\t\tdata-frame_1=\"sp:1800;sR:10;\"\n\t\t\t\t\t\t\t\tdata-frame_1_words=\"d:20;\"\n\t\t\t\t\t\t\t\tdata-frame_999=\"o:0;st:w;sR:7190;\"\n\t\t\t\t\t\t\t\tstyle=\"z-index:19;font-family:'Poppins';\"\n\t\t\t\t\t\t\t>infancias <br\/>\ny adolescencias \n\t\t\t\t\t\t\t<\/a><!--\n\n\t\t\t\t\t\t\t--><a\n\t\t\t\t\t\t\t\tid=\"slider-1-slide-1-layer-54\" \n\t\t\t\t\t\t\t\tclass=\"rs-layer\"\n\t\t\t\t\t\t\t\thref=\"\" target=\"_self\" rel=\"nofollow\"\n\t\t\t\t\t\t\t\tdata-type=\"text\"\n\t\t\t\t\t\t\t\tdata-color=\"#202159||#2690b1||#2690b1||#2690b1\"\n\t\t\t\t\t\t\t\tdata-rsp_ch=\"on\"\n\t\t\t\t\t\t\t\tdata-xy=\"xo:804px,614px,240px,102px;yo:648px,627px,741px,457px;\"\n\t\t\t\t\t\t\t\tdata-text=\"s:18;l:21;a:inherit;\"\n\t\t\t\t\t\t\t\tdata-frame_0=\"o:1;\"\n\t\t\t\t\t\t\t\tdata-frame_0_words=\"d:20;o:0;\"\n\t\t\t\t\t\t\t\tdata-frame_1=\"sp:1800;sR:10;\"\n\t\t\t\t\t\t\t\tdata-frame_1_words=\"d:20;\"\n\t\t\t\t\t\t\t\tdata-frame_999=\"o:0;st:w;sR:7190;\"\n\t\t\t\t\t\t\t\tstyle=\"z-index:20;font-family:'Poppins';\"\n\t\t\t\t\t\t\t>j\u00f3venes \n\t\t\t\t\t\t\t<\/a><!--\n-->\t\t\t\t\t\t<\/rs-slide>\n\t\t\t\t\t<\/rs-slides>\n\t\t\t\t<\/rs-module>\n\t\t\t\t<script type=\"text\/javascript\">\n\t\t\t\t\tsetREVStartSize({c: 'welcome',rl:[1240,1024,778,480],el:[860,850,1000,600],gw:[1230,1024,778,480],gh:[860,850,1000,600],type:'hero',justify:'',layout:'fullwidth',mh:\"0\"});if (window.RS_MODULES!==undefined && window.RS_MODULES.modules!==undefined && window.RS_MODULES.modules[\"welcome\"]!==undefined) {window.RS_MODULES.modules[\"welcome\"].once = false;window.revapi1 = undefined;window.RS_MODULES.checkMinimal()}\n\t\t\t\t<\/script>\n\t\t\t<\/rs-module-wrap>\n\t\t\t<!-- END REVOLUTION SLIDER -->\n[vc_empty_space][vc_single_image image=&#8221;6701&#8243; img_size=&#8221;large&#8221; alignment=&#8221;center&#8221; css_animation=&#8221;left-to-right&#8221; css=&#8221;&#8221;][vc_basic_grid post_type=&#8221;post&#8221; max_items=&#8221;3&#8243; style=&#8221;load-more&#8221; items_per_page=&#8221;3&#8243; gap=&#8221;25&#8243; item=&#8221;281&#8243; css=&#8221;&#8221; grid_id=&#8221;vc_gid:1776393318108-660177be-d815-3&#8243;][vc_custom_heading text=&#8221;\u00a1QUIERO INSCRIBIRME!&#8221; font_container=&#8221;tag:h1|font_size:40px|text_align:center|color:%23FFFFFF|line_height:100px&#8221; google_fonts=&#8221;font_family:Average%20Sans%3Aregular|font_style:400%20regular%3A400%3Anormal&#8221; css_animation=&#8221;flipInX&#8221; css=&#8221;.vc_custom_1766472454885{margin-bottom: 0px !important;background-color: #514123 !important;}&#8221; link=&#8221;url:https%3A%2F%2Ftlatelolcounam.mx%2Fuva%2Finscripcionc2026-1%2F|target:_blank&#8221;][vc_empty_space height=&#8221;50px&#8221;][\/vc_column][vc_column][vc_empty_space height=&#8221;50px&#8221;][vc_custom_heading text=&#8221;\u00a1BUSCA TU TALLER!&#8221; font_container=&#8221;tag:h1|font_size:40px|text_align:center|color:%23FFFFFF|line_height:100px&#8221; google_fonts=&#8221;font_family:Average%20Sans%3Aregular|font_style:400%20regular%3A400%3Anormal&#8221; css_animation=&#8221;flipInX&#8221; css=&#8221;.vc_custom_1768935766893{margin-bottom: 0px !important;background-color: #514123 !important;}&#8221; link=&#8221;url:https%3A%2F%2Ftlatelolcounam.mx%2Fuva%2Fclasses%2F|target:_blank&#8221;][vc_empty_space height=&#8221;50px&#8221;][vc_custom_heading text=&#8221;CARTELERA&#8221; font_container=&#8221;tag:h1|font_size:40px|text_align:center|color:%23FFFFFF|line_height:100px&#8221; google_fonts=&#8221;font_family:Average%20Sans%3Aregular|font_style:400%20regular%3A400%3Anormal&#8221; css=&#8221;.vc_custom_1770616149319{margin-bottom: 0px !important;background-color: #FF26A2 !important;}&#8221;][vc_empty_space height=&#8221;50px&#8221;][vc_basic_grid post_type=&#8221;post&#8221; max_items=&#8221;4&#8243; style=&#8221;load-more&#8221; items_per_page=&#8221;4&#8243; element_width=&#8221;3&#8243; gap=&#8221;25&#8243; item=&#8221;281&#8243; css=&#8221;&#8221; grid_id=&#8221;vc_gid:1776393306472-4a2bd295-44dd-9&#8243; taxonomies=&#8221;76&#8243;][vc_basic_grid post_type=&#8221;post&#8221; max_items=&#8221;4&#8243; style=&#8221;load-more&#8221; items_per_page=&#8221;4&#8243; element_width=&#8221;3&#8243; gap=&#8221;25&#8243; item=&#8221;281&#8243; css=&#8221;&#8221; grid_id=&#8221;vc_gid:1776393306472-b4242289-bcbb-10&#8243; taxonomies=&#8221;93&#8243;][\/vc_column][\/vc_row][vc_row full_width=&#8221;stretch_row&#8221; gap=&#8221;20&#8243; equal_height=&#8221;yes&#8221; css=&#8221;.vc_custom_1519908214368{padding-bottom: 10px !important;background-color: #f2f2f2 !important;}&#8221;][vc_column css_animation=&#8221;appear&#8221; width=&#8221;1\/3&#8243; css=&#8221;.vc_custom_1766464318445{margin-bottom: 0px !important;padding-bottom: 35px !important;padding-left: 35px !important;background-color: #285266 !important;}&#8221; offset=&#8221;vc_col-md-4&#8243;][vc_custom_heading text=&#8221;Unidad de Vinculaci\u00f3n Art\u00edstica&#8221; font_container=&#8221;tag:h4|font_size:30px|text_align:left|color:%23ffffff|line_height:35px&#8221; use_theme_fonts=&#8221;yes&#8221; css=&#8221;.vc_custom_1735887124181{margin-bottom: 0px !important;}&#8221;][vc_empty_space][vc_custom_heading text=&#8221;Talleres de arte en el coraz\u00f3n de Tlatelolco&#8221; font_container=&#8221;tag:h4|font_size:20px|text_align:left|color:%23ffffff|line_height:25%20px&#8221; use_theme_fonts=&#8221;yes&#8221; css=&#8221;.vc_custom_1735887175527{margin-bottom: 10px !important;}&#8221;][vc_column_text css=&#8221;&#8221;]<span style=\"color: #ffffff;\">Compartimos talleres dise\u00f1ados con amor y creatividad para ni\u00f1as, ni\u00f1os, adolescentes, j\u00f3venes y adultos<\/span><\/p>\n<p><span style=\"color: #ffffff;\">Conformamos una comunidad a partir de la educaci\u00f3n no formal en las artes y la cultura<\/span><\/p>\n<p><span style=\"color: #ffffff;\">Promovemos los procesos colectivos en espacios seguros<\/span><\/p>\n<p><span style=\"color: #ffffff;\">Bienvenidas las personas con o sin experiencia en educaci\u00f3n art\u00edstica<\/span><\/p>\n<p><span style=\"color: #ffffff;\">Conoce la Biblioteca Ala\u00edde Foppa, la primera biblioteca comunitaria de la UNAM<\/span><\/p>\n<p><span style=\"color: #ffffff;\">Descubre el huerto y toda la programaci\u00f3n cultural que ofrecemos para ti<\/span>[\/vc_column_text][\/vc_column][vc_column width=&#8221;1\/3&#8243; css=&#8221;.vc_custom_1766464205797{background-color: #F2524A !important;}&#8221;][vc_custom_heading text=&#8221;Consideraciones generales&#8221; font_container=&#8221;tag:h4|font_size:30px|text_align:center|color:%23ffffff|line_height:35px&#8221; use_theme_fonts=&#8221;yes&#8221; css=&#8221;.vc_custom_1735887108384{margin-bottom: 0px !important;}&#8221;][vc_empty_space][vc_column_text css=&#8221;&#8221;]<span style=\"color: #ffffff;\">\u2192 En el <em>Ciclo 2026-1 | Mentes sanas, seres en paz<\/em>\u00a0encontrar\u00e1s talleres presenciales y virtuales, \u00a1bienvenidas las personas que se encuentran fuera de la CDMX!<\/span><\/p>\n<p>&nbsp;<\/p>\n<p><span style=\"color: #ffffff;\">\u2192 Tenemos talleres regulares, con una duraci\u00f3n de 16 semanas, e intensivos que duran de 4 a 10 semanas<\/span><\/p>\n<p>&nbsp;<\/p>\n<p><span style=\"color: #ffffff;\">\u2192 La modalidad de cada taller se indica en su descripci\u00f3n<\/span><\/p>\n<p>&nbsp;<\/p>\n<p><span style=\"color: #ffffff;\">\u2192 Cada taller requiere un m\u00ednimo de 10 personas inscritas para abrirse<\/span><\/p>\n<p>&nbsp;<\/p>\n<p><span style=\"color: #ffffff;\">\u2192 Consulta el <a style=\"color: #ffffff;\" href=\"https:\/\/tlatelolcounam.mx\/uva\/inscripcionc2026-1\/\"><strong>proceso de inscripci\u00f3n y pol\u00edtica de precios especiales<\/strong><\/a><\/span>[\/vc_column_text][\/vc_column][vc_column css_animation=&#8221;right-to-left&#8221; width=&#8221;1\/3&#8243; css=&#8221;.vc_custom_1766464242249{margin-bottom: 0px !important;padding-bottom: 35px !important;padding-left: 35px !important;background-color: #D9BA3E !important;}&#8221; offset=&#8221;vc_col-md-4&#8243;][vc_custom_heading text=&#8221;Inscripciones&#8221; font_container=&#8221;tag:h4|font_size:30px|text_align:center|color:%23ffffff|line_height:55px&#8221; use_theme_fonts=&#8221;yes&#8221; css=&#8221;.vc_custom_1766464381543{margin-bottom: 0px !important;background-color: #D9BA3E !important;}&#8221;][vc_empty_space][vc_column_text css=&#8221;&#8221;]<span style=\"color: #ffffff;\"><span style=\"font-weight: 400;\">El <em>Ciclo 2026-1 | Mentes sanas, seres en paz<\/em> tiene una duraci\u00f3n de <\/span><b>16 semanas, <\/b><span style=\"font-weight: 400;\">comienza el <strong>16<\/strong><\/span><b> de febrero <\/b><span style=\"font-weight: 400;\">y finaliza el <strong>13<\/strong><strong> de junio<\/strong><\/span><b><br \/>\n<\/b><\/span><\/p>\n<p><span style=\"color: #ffffff;\"><span style=\"font-weight: 400;\">Periodo de inscripciones: <\/span><b>del 21 de enero al 14 de febrero<\/b><\/span><\/p>\n<p><span style=\"color: #ffffff;\"><strong>Inscripciones para el taller de <em>Pilates<\/em> y <em>Yoga restaurativa<\/em><\/strong>: 20 de enero a partir de las 10:00 h <\/span><\/p>\n<p><span style=\"color: #ffffff;\">Recepci\u00f3n de solicitudes para <strong>comunidades vulnerables<\/strong>: del 12 al 16 de enero\u00a0<\/span><\/p>\n<p><span style=\"color: #ffffff;\"><strong>Cambios de taller<\/strong>: del 16 al 28 de febrero\u00a0<\/span><\/p>\n<p><span style=\"font-weight: 400; color: #ffffff;\">El costo indicado en cada taller es \u00fanico y abarca las 16 semanas del Ciclo o su duraci\u00f3n para los intensivos<\/span><\/p>\n<p><span style=\"color: #ffffff;\">Puedes inscribirte y pagar en nuestra taquilla virtual o hacerlo en nuestras instalaciones de lunes a viernes de 10 a 18 h, s\u00e1bados de 10 a 14 h<\/span>[\/vc_column_text][\/vc_column][\/vc_row][vc_row full_width=&#8221;stretch_row&#8221; gap=&#8221;20&#8243; equal_height=&#8221;yes&#8221; css=&#8221;.vc_custom_1519908214368{padding-bottom: 10px !important;background-color: #f2f2f2 !important;}&#8221;][vc_column css=&#8221;.vc_custom_1766466410429{background-color: #D2A998 !important;}&#8221;][vc_cta h2=&#8221;&#8221; css_animation=&#8221;none&#8221; css=&#8221;&#8221;]<\/p>\n<h1 style=\"text-align: center;\"><span style=\"color: #514123;\"><strong>Ciclo 2026-1 | Mentes sanas, seres en paz<\/strong><\/span><\/h1>\n<h5><\/h5>\n<p><span style=\"color: #514123;\"><span style=\"font-weight: 400;\">\u00bfQu\u00e9 es lo que hace que las personas nos sintamos seguras?, \u00bfqu\u00e9 hacemos para estar en paz?, \u00bfc\u00f3mo podemos detectar cuando algo no est\u00e1 funcionando saludablemente en nosotrxs o nuestro entorno? En este Ciclo te invitamos para reconocernos como seres imperfectos y vulnerables que, a trav\u00e9s de las artes y la cultura, practicamos el autocuidado y procuramos tener una mente sana.\u00a0<\/span><\/span><\/p>\n<p><span style=\"font-weight: 400; color: #514123;\">Y para iniciar el a\u00f1o con las mejores intenciones damos las bienvenida a 15 talleres nuevos que se integran a nuestra oferta educativa.\u00a0<\/span><\/p>\n<p>&nbsp;<\/p>\n<h2 style=\"text-align: center;\"><span style=\"font-weight: 400; color: #514123;\">Y t\u00fa, \u00bfest\u00e1s bien?\u00a0<\/span><\/h2>\n<h3 style=\"text-align: center;\"><\/h3>\n<p>[\/vc_cta][\/vc_column][\/vc_row][vc_row css=&#8221;.vc_custom_1523951710774{margin-bottom: 35px !important;}&#8221; el_class=&#8221;course-carousel-wide&#8221;][vc_column][vc_column_text css=&#8221;.vc_custom_1720329979942{background-color: #ff26a2 !important;}&#8221;]<\/p>\n<h2><span style=\"color: #ffffff;\">Talleres infancias y adolescencias<\/span><\/h2>\n<p>[\/vc_column_text]\t\t\t\t\t\t\t\t\t\t\t<div class=\"linp-featured-courses-carousel \"\n\t\t\t\t\tdata-items=\"4\"\n\t\t\t\t\tdata-slide-speed=\"500\"\n\t\t\t\t\tdata-auto-play=\"false\"\n\t\t\t\t\tdata-show-bullets=\"true\"\n\t\t\t\t\tdata-auto-height=\"false\"\n\t\t\t\t>\n\t\t\t\t\t\t\t\t\t\n\t\t\t\t\t\t\t\t\t\t\t<div>\n\t\t\t\t\t\t\t\t\t\t\t\t\t\t<div class=\"item-inner-wrap\">\n\t\t\t\t\t\t\t\t    <div class=\"img-container \">\n        <a href=\"https:\/\/tlatelolcounam.mx\/uva\/classes\/pequenxs-tlacuilos-creacion-de-codices-nuevo\/\" title=\"Peque\u00f1xs tlacuilos: Creaci\u00f3n de c\u00f3dices \u00a1NUEVO!\">\n        \t<img loading=\"lazy\" decoding=\"async\" width=\"768\" height=\"510\" src=\"https:\/\/tlatelolcounam.mx\/uva\/wp-content\/uploads\/2025\/11\/Tlacuilos-2-768x510.jpg\" class=\"featured-course-thumb wp-post-image\" alt=\"\" \/>        <\/a>\n    <\/div>\n\n<h3 class=\"course-title\">\n    <a href=\"https:\/\/tlatelolcounam.mx\/uva\/classes\/pequenxs-tlacuilos-creacion-de-codices-nuevo\/\" title=\"Peque\u00f1xs tlacuilos: Creaci\u00f3n de c\u00f3dices \u00a1NUEVO!\">Peque\u00f1xs tlacuilos: Creaci\u00f3n de c\u00f3dices \u00a1NUEVO!<\/a>\n<\/h3>\n<ul class=\"course-meta\">\n\t<li>\n\t\t<i class=\"icon-edsuiteic_bookmark\"><\/i>\n\t\t<span class=\"label\">Modalidad:<\/span> Taller presencial\t<\/li>\n\t\t\t\n\t\t<li>\n\t\t\t<i class=\"icon-edsuiteic_account_circle\"><\/i>\n\t\t\t<span class=\"label\">Tallerista:<\/span> <a href=\"https:\/\/tlatelolcounam.mx\/uva\/teachers\/cesar-a-gonzalez\/\">C\u00e9sar A. Gonz\u00e1lez Gonz\u00e1lez<\/a>\t\t<\/li>\n\t<\/ul><div class=\"links\">\n\t\n\t<a class=\"course-link-btn\" href=\"https:\/\/tlatelolcounam.mx\/uva\/classes\/pequenxs-tlacuilos-creacion-de-codices-nuevo\/\" title=\"Peque\u00f1xs tlacuilos: Creaci\u00f3n de c\u00f3dices \u00a1NUEVO!\">Inscr\u00edbete<i class=\"icon-edright-arrow-9\"><\/i><\/a>\n\n\t\t\n<\/div>\t\t\t\t\t\t\t<\/div>\n\t\t\t\t\t\t<\/div>\n\t\t\t\t\t\t\t\t\t\t\n\t\t\t\t\t\t\t\t\t\t\t<div>\n\t\t\t\t\t\t\t\t\t\t\t\t\t\t<div class=\"item-inner-wrap\">\n\t\t\t\t\t\t\t\t    <div class=\"img-container \">\n        <a href=\"https:\/\/tlatelolcounam.mx\/uva\/classes\/manos-a-la-obra-teatro-para-ninxs-nuevo\/\" title=\"Manos a la obra: teatro para ni\u00f1xs \u00a1NUEVO!\">\n        \t<img loading=\"lazy\" decoding=\"async\" width=\"768\" height=\"510\" src=\"https:\/\/tlatelolcounam.mx\/uva\/wp-content\/uploads\/2025\/11\/Teatro-para-ninxs-768x510.png\" class=\"featured-course-thumb wp-post-image\" alt=\"\" \/>        <\/a>\n    <\/div>\n\n<h3 class=\"course-title\">\n    <a href=\"https:\/\/tlatelolcounam.mx\/uva\/classes\/manos-a-la-obra-teatro-para-ninxs-nuevo\/\" title=\"Manos a la obra: teatro para ni\u00f1xs \u00a1NUEVO!\">Manos a la obra: teatro para ni\u00f1xs \u00a1NUEVO!<\/a>\n<\/h3>\n<ul class=\"course-meta\">\n\t<li>\n\t\t<i class=\"icon-edsuiteic_bookmark\"><\/i>\n\t\t<span class=\"label\">Modalidad:<\/span> Taller Presencial\t<\/li>\n\t\t\t\n\t\t<li>\n\t\t\t<i class=\"icon-edsuiteic_account_circle\"><\/i>\n\t\t\t<span class=\"label\">Tallerista:<\/span> <a href=\"https:\/\/tlatelolcounam.mx\/uva\/teachers\/meztli-gutierrez\/\">Meztli Guti\u00e9rrez<\/a>\t\t<\/li>\n\t<\/ul><div class=\"links\">\n\t\n\t<a class=\"course-link-btn\" href=\"https:\/\/tlatelolcounam.mx\/uva\/classes\/manos-a-la-obra-teatro-para-ninxs-nuevo\/\" title=\"Manos a la obra: teatro para ni\u00f1xs \u00a1NUEVO!\">Inscr\u00edbete<i class=\"icon-edright-arrow-9\"><\/i><\/a>\n\n\t\t\n<\/div>\t\t\t\t\t\t\t<\/div>\n\t\t\t\t\t\t<\/div>\n\t\t\t\t\t\t\t\t\t\t\n\t\t\t\t\t\t\t\t\t\t\t<div>\n\t\t\t\t\t\t\t\t\t\t\t\t\t\t<div class=\"item-inner-wrap\">\n\t\t\t\t\t\t\t\t    <div class=\"img-container \">\n        <a href=\"https:\/\/tlatelolcounam.mx\/uva\/classes\/ballet-creativo-danza-juegos-y-tutus\/\" title=\"Ballet creativo. Danza, juegos y tut\u00fas\">\n        \t<img loading=\"lazy\" decoding=\"async\" width=\"768\" height=\"510\" src=\"https:\/\/tlatelolcounam.mx\/uva\/wp-content\/uploads\/2024\/06\/IMG-20241209-WA0052-768x510.jpg\" class=\"featured-course-thumb wp-post-image\" alt=\"\" \/>        <\/a>\n    <\/div>\n\n<h3 class=\"course-title\">\n    <a href=\"https:\/\/tlatelolcounam.mx\/uva\/classes\/ballet-creativo-danza-juegos-y-tutus\/\" title=\"Ballet creativo. Danza, juegos y tut\u00fas\">Ballet creativo. Danza, juegos y tut\u00fas<\/a>\n<\/h3>\n<ul class=\"course-meta\">\n\t<li>\n\t\t<i class=\"icon-edsuiteic_bookmark\"><\/i>\n\t\t<span class=\"label\">Modalidad:<\/span> Taller presencial\t<\/li>\n\t\t\t\n\t\t<li>\n\t\t\t<i class=\"icon-edsuiteic_account_circle\"><\/i>\n\t\t\t<span class=\"label\">Tallerista:<\/span> <a href=\"https:\/\/tlatelolcounam.mx\/uva\/teachers\/adriana_segovia\/\">Adriana Segovia<\/a>\t\t<\/li>\n\t<\/ul><div class=\"links\">\n\t\n\t<a class=\"course-link-btn\" href=\"https:\/\/tlatelolcounam.mx\/uva\/classes\/ballet-creativo-danza-juegos-y-tutus\/\" title=\"Ballet creativo. Danza, juegos y tut\u00fas\">Inscr\u00edbete<i class=\"icon-edright-arrow-9\"><\/i><\/a>\n\n\t\t\n<\/div>\t\t\t\t\t\t\t<\/div>\n\t\t\t\t\t\t<\/div>\n\t\t\t\t\t\t\t\t\t\t\n\t\t\t\t\t\t\t\t\t\t\t<div>\n\t\t\t\t\t\t\t\t\t\t\t\t\t\t<div class=\"item-inner-wrap\">\n\t\t\t\t\t\t\t\t    <div class=\"img-container \">\n        <a href=\"https:\/\/tlatelolcounam.mx\/uva\/classes\/bestiario-grafico\/\" title=\"Bestiario gr\u00e1fico, del grabado a las autopublicaciones\">\n        \t<img loading=\"lazy\" decoding=\"async\" width=\"768\" height=\"510\" src=\"https:\/\/tlatelolcounam.mx\/uva\/wp-content\/uploads\/2024\/01\/7EB7DAF4-5186-4B86-9675-63B4D58F9C5E-scaled-768x510.jpg\" class=\"featured-course-thumb wp-post-image\" alt=\"\" \/>        <\/a>\n    <\/div>\n\n<h3 class=\"course-title\">\n    <a href=\"https:\/\/tlatelolcounam.mx\/uva\/classes\/bestiario-grafico\/\" title=\"Bestiario gr\u00e1fico, del grabado a las autopublicaciones\">Bestiario gr\u00e1fico, del grabado a las autopublicaciones<\/a>\n<\/h3>\n<ul class=\"course-meta\">\n\t<li>\n\t\t<i class=\"icon-edsuiteic_bookmark\"><\/i>\n\t\t<span class=\"label\">Modalidad:<\/span> Taller presencial\t<\/li>\n\t\t\t\n\t\t<li>\n\t\t\t<i class=\"icon-edsuiteic_account_circle\"><\/i>\n\t\t\t<span class=\"label\">Tallerista:<\/span> <a href=\"https:\/\/tlatelolcounam.mx\/uva\/teachers\/jeshua-sicardo\/\">Jeshua Sicardo<\/a>\t\t<\/li>\n\t<\/ul><div class=\"links\">\n\t\n\t<a class=\"course-link-btn\" href=\"https:\/\/tlatelolcounam.mx\/uva\/classes\/bestiario-grafico\/\" title=\"Bestiario gr\u00e1fico, del grabado a las autopublicaciones\">Inscr\u00edbete<i class=\"icon-edright-arrow-9\"><\/i><\/a>\n\n\t\t\n<\/div>\t\t\t\t\t\t\t<\/div>\n\t\t\t\t\t\t<\/div>\n\t\t\t\t\t\t\t\t\t\t\n\t\t\t\t\t\t\t\t\t\t\t<div>\n\t\t\t\t\t\t\t\t\t\t\t\t\t\t<div class=\"item-inner-wrap\">\n\t\t\t\t\t\t\t\t    <div class=\"img-container \">\n        <a href=\"https:\/\/tlatelolcounam.mx\/uva\/classes\/de-mezclas-raras-y-alebrijes\/\" title=\"De mezclas raras y alebrijes\">\n        \t<img loading=\"lazy\" decoding=\"async\" width=\"768\" height=\"510\" src=\"https:\/\/tlatelolcounam.mx\/uva\/wp-content\/uploads\/2024\/01\/Alebrijes-2-scaled-e1719279815372-768x510.jpeg\" class=\"featured-course-thumb wp-post-image\" alt=\"\" \/>        <\/a>\n    <\/div>\n\n<h3 class=\"course-title\">\n    <a href=\"https:\/\/tlatelolcounam.mx\/uva\/classes\/de-mezclas-raras-y-alebrijes\/\" title=\"De mezclas raras y alebrijes\">De mezclas raras y alebrijes<\/a>\n<\/h3>\n<ul class=\"course-meta\">\n\t<li>\n\t\t<i class=\"icon-edsuiteic_bookmark\"><\/i>\n\t\t<span class=\"label\">Modalidad:<\/span> Taller presencial\t<\/li>\n\t\t\t\n\t\t<li>\n\t\t\t<i class=\"icon-edsuiteic_account_circle\"><\/i>\n\t\t\t<span class=\"label\">Tallerista:<\/span> <a href=\"https:\/\/tlatelolcounam.mx\/uva\/teachers\/zaira-salvador\/\">Zaira Salvador Miram\u00f3n<\/a>\t\t<\/li>\n\t<\/ul><div class=\"links\">\n\t\n\t<a class=\"course-link-btn\" href=\"https:\/\/tlatelolcounam.mx\/uva\/classes\/de-mezclas-raras-y-alebrijes\/\" title=\"De mezclas raras y alebrijes\">Inscr\u00edbete<i class=\"icon-edright-arrow-9\"><\/i><\/a>\n\n\t\t\n<\/div>\t\t\t\t\t\t\t<\/div>\n\t\t\t\t\t\t<\/div>\n\t\t\t\t\t\t\t\t\t\t\n\t\t\t\t\t\t\t\t\t\t\t<div>\n\t\t\t\t\t\t\t\t\t\t\t\t\t\t<div class=\"item-inner-wrap\">\n\t\t\t\t\t\t\t\t    <div class=\"img-container \">\n        <a href=\"https:\/\/tlatelolcounam.mx\/uva\/classes\/robotica-creativa\/\" title=\"Rob\u00f3tica creativa HOKY\">\n        \t<img loading=\"lazy\" decoding=\"async\" width=\"768\" height=\"510\" src=\"https:\/\/tlatelolcounam.mx\/uva\/wp-content\/uploads\/2023\/07\/Robotica-creativa-scaled-768x510.jpg\" class=\"featured-course-thumb wp-post-image\" alt=\"\" \/>        <\/a>\n    <\/div>\n\n<h3 class=\"course-title\">\n    <a href=\"https:\/\/tlatelolcounam.mx\/uva\/classes\/robotica-creativa\/\" title=\"Rob\u00f3tica creativa HOKY\">Rob\u00f3tica creativa HOKY<\/a>\n<\/h3>\n<ul class=\"course-meta\">\n\t<li>\n\t\t<i class=\"icon-edsuiteic_bookmark\"><\/i>\n\t\t<span class=\"label\">Modalidad:<\/span> Taller presencial\t<\/li>\n\t\t\t\n\t\t<li>\n\t\t\t<i class=\"icon-edsuiteic_account_circle\"><\/i>\n\t\t\t<span class=\"label\">Tallerista:<\/span> <a href=\"https:\/\/tlatelolcounam.mx\/uva\/teachers\/selene-gomez\/\">Selene G\u00f3mez<\/a>\t\t<\/li>\n\t<\/ul><div class=\"links\">\n\t\n\t<a class=\"course-link-btn\" href=\"https:\/\/tlatelolcounam.mx\/uva\/classes\/robotica-creativa\/\" title=\"Rob\u00f3tica creativa HOKY\">Inscr\u00edbete<i class=\"icon-edright-arrow-9\"><\/i><\/a>\n\n\t\t\n<\/div>\t\t\t\t\t\t\t<\/div>\n\t\t\t\t\t\t<\/div>\n\t\t\t\t\t\t\t\t\t\t\n\t\t\t\t\t\t\t\t\t\t\t<div>\n\t\t\t\t\t\t\t\t\t\t\t\t\t\t<div class=\"item-inner-wrap\">\n\t\t\t\t\t\t\t\t    <div class=\"img-container \">\n        <a href=\"https:\/\/tlatelolcounam.mx\/uva\/classes\/comic-e-historieta\/\" title=\"C\u00f3mic e historieta\">\n        \t<img loading=\"lazy\" decoding=\"async\" width=\"768\" height=\"510\" src=\"https:\/\/tlatelolcounam.mx\/uva\/wp-content\/uploads\/2023\/07\/Comic-e-historieta-1-e1736300539647-768x510.jpg\" class=\"featured-course-thumb wp-post-image\" alt=\"\" \/>        <\/a>\n    <\/div>\n\n<h3 class=\"course-title\">\n    <a href=\"https:\/\/tlatelolcounam.mx\/uva\/classes\/comic-e-historieta\/\" title=\"C\u00f3mic e historieta\">C\u00f3mic e historieta<\/a>\n<\/h3>\n<ul class=\"course-meta\">\n\t<li>\n\t\t<i class=\"icon-edsuiteic_bookmark\"><\/i>\n\t\t<span class=\"label\">Modalidad:<\/span> Taller presencial\t<\/li>\n\t\t\t\n\t\t<li>\n\t\t\t<i class=\"icon-edsuiteic_account_circle\"><\/i>\n\t\t\t<span class=\"label\">Tallerista:<\/span> <a href=\"https:\/\/tlatelolcounam.mx\/uva\/teachers\/oscar-g-hernandez\/\">\u00d3scar G. Hern\u00e1ndez<\/a>\t\t<\/li>\n\t<\/ul><div class=\"links\">\n\t\n\t<a class=\"course-link-btn\" href=\"https:\/\/tlatelolcounam.mx\/uva\/classes\/comic-e-historieta\/\" title=\"C\u00f3mic e historieta\">Inscr\u00edbete<i class=\"icon-edright-arrow-9\"><\/i><\/a>\n\n\t\t\n<\/div>\t\t\t\t\t\t\t<\/div>\n\t\t\t\t\t\t<\/div>\n\t\t\t\t\t\t\t\t\t\t\n\t\t\t\t\t\t\t\t\t\t\t<div>\n\t\t\t\t\t\t\t\t\t\t\t\t\t\t<div class=\"item-inner-wrap\">\n\t\t\t\t\t\t\t\t    <div class=\"img-container \">\n        <a href=\"https:\/\/tlatelolcounam.mx\/uva\/classes\/vamos-a-bailar\/\" title=\"Vamos a bailar\">\n        \t<img loading=\"lazy\" decoding=\"async\" width=\"768\" height=\"510\" src=\"https:\/\/tlatelolcounam.mx\/uva\/wp-content\/uploads\/2022\/12\/Vamos-todxs-a-bailar-scaled-e1720235713445-768x510.jpg\" class=\"featured-course-thumb wp-post-image\" alt=\"\" \/>        <\/a>\n    <\/div>\n\n<h3 class=\"course-title\">\n    <a href=\"https:\/\/tlatelolcounam.mx\/uva\/classes\/vamos-a-bailar\/\" title=\"Vamos a bailar\">Vamos a bailar<\/a>\n<\/h3>\n<ul class=\"course-meta\">\n\t<li>\n\t\t<i class=\"icon-edsuiteic_bookmark\"><\/i>\n\t\t<span class=\"label\">Modalidad:<\/span> Taller presencial\t<\/li>\n\t\t\t\n\t\t<li>\n\t\t\t<i class=\"icon-edsuiteic_account_circle\"><\/i>\n\t\t\t<span class=\"label\">Tallerista:<\/span> <a href=\"https:\/\/tlatelolcounam.mx\/uva\/teachers\/adriana_segovia\/\">Adriana Segovia<\/a>, <a href=\"https:\/\/tlatelolcounam.mx\/uva\/teachers\/ericka-leon\/\">Ericka Le\u00f3n<\/a>\t\t<\/li>\n\t<\/ul><div class=\"links\">\n\t\n\t<a class=\"course-link-btn\" href=\"https:\/\/tlatelolcounam.mx\/uva\/classes\/vamos-a-bailar\/\" title=\"Vamos a bailar\">Inscr\u00edbete<i class=\"icon-edright-arrow-9\"><\/i><\/a>\n\n\t\t\n<\/div>\t\t\t\t\t\t\t<\/div>\n\t\t\t\t\t\t<\/div>\n\t\t\t\t\t\t\t\t\t\t\n\t\t\t\t\t\t\t\t\t\t\t<div>\n\t\t\t\t\t\t\t\t\t\t\t\t\t\t<div class=\"item-inner-wrap\">\n\t\t\t\t\t\t\t\t    <div class=\"img-container \">\n        <a href=\"https:\/\/tlatelolcounam.mx\/uva\/classes\/creaciones-monstruosas\/\" title=\"Creaciones monstruosas con sentimiento\">\n        \t<img loading=\"lazy\" decoding=\"async\" width=\"768\" height=\"510\" src=\"https:\/\/tlatelolcounam.mx\/uva\/wp-content\/uploads\/2022\/12\/IMG_20250109_125639-scaled-e1736449513213-768x510.jpg\" class=\"featured-course-thumb wp-post-image\" alt=\"\" \/>        <\/a>\n    <\/div>\n\n<h3 class=\"course-title\">\n    <a href=\"https:\/\/tlatelolcounam.mx\/uva\/classes\/creaciones-monstruosas\/\" title=\"Creaciones monstruosas con sentimiento\">Creaciones monstruosas con sentimiento<\/a>\n<\/h3>\n<ul class=\"course-meta\">\n\t<li>\n\t\t<i class=\"icon-edsuiteic_bookmark\"><\/i>\n\t\t<span class=\"label\">Modalidad:<\/span> Taller presencial\t<\/li>\n\t\t\t\n\t\t<li>\n\t\t\t<i class=\"icon-edsuiteic_account_circle\"><\/i>\n\t\t\t<span class=\"label\">Tallerista:<\/span> <a href=\"https:\/\/tlatelolcounam.mx\/uva\/teachers\/helia_monroy\/\">Helia Monroy \"Lili\"<\/a>\t\t<\/li>\n\t<\/ul><div class=\"links\">\n\t\n\t<a class=\"course-link-btn\" href=\"https:\/\/tlatelolcounam.mx\/uva\/classes\/creaciones-monstruosas\/\" title=\"Creaciones monstruosas con sentimiento\">Inscr\u00edbete<i class=\"icon-edright-arrow-9\"><\/i><\/a>\n\n\t\t\n<\/div>\t\t\t\t\t\t\t<\/div>\n\t\t\t\t\t\t<\/div>\n\t\t\t\t\t\t\t\t\t\t\n\t\t\t\t\t\t\t\t\t\t\t<div>\n\t\t\t\t\t\t\t\t\t\t\t\t\t\t<div class=\"item-inner-wrap\">\n\t\t\t\t\t\t\t\t    <div class=\"img-container \">\n        <a href=\"https:\/\/tlatelolcounam.mx\/uva\/classes\/juntosaprendiendo\/\" title=\"Juntxs aprendiendo con la m\u00fasica\">\n        \t<img loading=\"lazy\" decoding=\"async\" width=\"768\" height=\"510\" src=\"https:\/\/tlatelolcounam.mx\/uva\/wp-content\/uploads\/2022\/01\/Juntxs-768x510.jpg\" class=\"featured-course-thumb wp-post-image\" alt=\"\" \/>        <\/a>\n    <\/div>\n\n<h3 class=\"course-title\">\n    <a href=\"https:\/\/tlatelolcounam.mx\/uva\/classes\/juntosaprendiendo\/\" title=\"Juntxs aprendiendo con la m\u00fasica\">Juntxs aprendiendo con la m\u00fasica<\/a>\n<\/h3>\n<ul class=\"course-meta\">\n\t<li>\n\t\t<i class=\"icon-edsuiteic_bookmark\"><\/i>\n\t\t<span class=\"label\">Modalidad:<\/span> Taller presencial\t<\/li>\n\t\t\t\n\t\t<li>\n\t\t\t<i class=\"icon-edsuiteic_account_circle\"><\/i>\n\t\t\t<span class=\"label\">Tallerista:<\/span> <a href=\"https:\/\/tlatelolcounam.mx\/uva\/teachers\/beatriz-ivet-flores\/\">Beatriz Ivet Flores<\/a>\t\t<\/li>\n\t<\/ul><div class=\"links\">\n\t\n\t<a class=\"course-link-btn\" href=\"https:\/\/tlatelolcounam.mx\/uva\/classes\/juntosaprendiendo\/\" title=\"Juntxs aprendiendo con la m\u00fasica\">Inscr\u00edbete<i class=\"icon-edright-arrow-9\"><\/i><\/a>\n\n\t\t\n<\/div>\t\t\t\t\t\t\t<\/div>\n\t\t\t\t\t\t<\/div>\n\t\t\t\t\t\t\t\t\t\t\n\t\t\t\t\t\t\t\t\t\t\t<div>\n\t\t\t\t\t\t\t\t\t\t\t\t\t\t<div class=\"item-inner-wrap\">\n\t\t\t\t\t\t\t\t    <div class=\"img-container \">\n        <a href=\"https:\/\/tlatelolcounam.mx\/uva\/classes\/cosadeninxs\/\" title=\"Cosa de ni\u00f1xs. Laboratorio de producci\u00f3n audiovisual\">\n        \t<img loading=\"lazy\" decoding=\"async\" width=\"768\" height=\"510\" src=\"https:\/\/tlatelolcounam.mx\/uva\/wp-content\/uploads\/2022\/01\/Cosa-de-ninxs-lab-scaled-e1721421749129-768x510.jpg\" class=\"featured-course-thumb wp-post-image\" alt=\"\" \/>        <\/a>\n    <\/div>\n\n<h3 class=\"course-title\">\n    <a href=\"https:\/\/tlatelolcounam.mx\/uva\/classes\/cosadeninxs\/\" title=\"Cosa de ni\u00f1xs. Laboratorio de producci\u00f3n audiovisual\">Cosa de ni\u00f1xs. Laboratorio de producci\u00f3n audiovisual<\/a>\n<\/h3>\n<ul class=\"course-meta\">\n\t<li>\n\t\t<i class=\"icon-edsuiteic_bookmark\"><\/i>\n\t\t<span class=\"label\">Modalidad:<\/span> Taller presencial\t<\/li>\n\t\t\t\n\t\t<li>\n\t\t\t<i class=\"icon-edsuiteic_account_circle\"><\/i>\n\t\t\t<span class=\"label\">Tallerista:<\/span> <a href=\"https:\/\/tlatelolcounam.mx\/uva\/teachers\/penelope-rivera\/\">Pen\u00e9lope Rivera<\/a>\t\t<\/li>\n\t<\/ul><div class=\"links\">\n\t\n\t<a class=\"course-link-btn\" href=\"https:\/\/tlatelolcounam.mx\/uva\/classes\/cosadeninxs\/\" title=\"Cosa de ni\u00f1xs. Laboratorio de producci\u00f3n audiovisual\">Inscr\u00edbete<i class=\"icon-edright-arrow-9\"><\/i><\/a>\n\n\t\t\n<\/div>\t\t\t\t\t\t\t<\/div>\n\t\t\t\t\t\t<\/div>\n\t\t\t\t\t\t\t\t\t\t\n\t\t\t\t\t\t\t\t\t\t\t<div>\n\t\t\t\t\t\t\t\t\t\t\t\t\t\t<div class=\"item-inner-wrap\">\n\t\t\t\t\t\t\t\t    <div class=\"img-container \">\n        <a href=\"https:\/\/tlatelolcounam.mx\/uva\/classes\/juguemospiano\/\" title=\"Juguemos con el piano \u00a1AGOTADO!\">\n        \t<img loading=\"lazy\" decoding=\"async\" width=\"768\" height=\"510\" src=\"https:\/\/tlatelolcounam.mx\/uva\/wp-content\/uploads\/2020\/09\/Juguemos-con-el-piano-1-e1719627053708-768x510.jpg\" class=\"featured-course-thumb wp-post-image\" alt=\"\" \/>        <\/a>\n    <\/div>\n\n<h3 class=\"course-title\">\n    <a href=\"https:\/\/tlatelolcounam.mx\/uva\/classes\/juguemospiano\/\" title=\"Juguemos con el piano \u00a1AGOTADO!\">Juguemos con el piano \u00a1AGOTADO!<\/a>\n<\/h3>\n<ul class=\"course-meta\">\n\t<li>\n\t\t<i class=\"icon-edsuiteic_bookmark\"><\/i>\n\t\t<span class=\"label\">Modalidad:<\/span> Taller presencial\t<\/li>\n\t\t\t\n\t\t<li>\n\t\t\t<i class=\"icon-edsuiteic_account_circle\"><\/i>\n\t\t\t<span class=\"label\">Tallerista:<\/span> <a href=\"https:\/\/tlatelolcounam.mx\/uva\/teachers\/beatriz-ivet-flores\/\">Beatriz Ivet Flores<\/a>\t\t<\/li>\n\t<\/ul><div class=\"links\">\n\t\n\t<a class=\"course-link-btn\" href=\"https:\/\/tlatelolcounam.mx\/uva\/classes\/juguemospiano\/\" title=\"Juguemos con el piano \u00a1AGOTADO!\">Inscr\u00edbete<i class=\"icon-edright-arrow-9\"><\/i><\/a>\n\n\t\t\n<\/div>\t\t\t\t\t\t\t<\/div>\n\t\t\t\t\t\t<\/div>\n\t\t\t\t\t\t\t\t\t\t\n\t\t\t\t\t\t\t\t\t\t\t<div>\n\t\t\t\t\t\t\t\t\t\t\t\t\t\t<div class=\"item-inner-wrap\">\n\t\t\t\t\t\t\t\t    <div class=\"img-container \">\n        <a href=\"https:\/\/tlatelolcounam.mx\/uva\/classes\/artesplasticaparaninxs\/\" title=\"Artes pl\u00e1sticas para ni\u00f1xs\">\n        \t<img loading=\"lazy\" decoding=\"async\" width=\"768\" height=\"510\" src=\"https:\/\/tlatelolcounam.mx\/uva\/wp-content\/uploads\/2020\/09\/Artes-plasticas-para-ninxs-2-scaled-768x510.jpg\" class=\"featured-course-thumb wp-post-image\" alt=\"\" \/>        <\/a>\n    <\/div>\n\n<h3 class=\"course-title\">\n    <a href=\"https:\/\/tlatelolcounam.mx\/uva\/classes\/artesplasticaparaninxs\/\" title=\"Artes pl\u00e1sticas para ni\u00f1xs\">Artes pl\u00e1sticas para ni\u00f1xs<\/a>\n<\/h3>\n<ul class=\"course-meta\">\n\t<li>\n\t\t<i class=\"icon-edsuiteic_bookmark\"><\/i>\n\t\t<span class=\"label\">Modalidad:<\/span> Taller presencial\t<\/li>\n\t\t\t\n\t\t<li>\n\t\t\t<i class=\"icon-edsuiteic_account_circle\"><\/i>\n\t\t\t<span class=\"label\">Tallerista:<\/span> <a href=\"https:\/\/tlatelolcounam.mx\/uva\/teachers\/carlos-rojas\/\">Carlos Rojas<\/a>\t\t<\/li>\n\t<\/ul><div class=\"links\">\n\t\n\t<a class=\"course-link-btn\" href=\"https:\/\/tlatelolcounam.mx\/uva\/classes\/artesplasticaparaninxs\/\" title=\"Artes pl\u00e1sticas para ni\u00f1xs\">Inscr\u00edbete<i class=\"icon-edright-arrow-9\"><\/i><\/a>\n\n\t\t\n<\/div>\t\t\t\t\t\t\t<\/div>\n\t\t\t\t\t\t<\/div>\n\t\t\t\t\t\t\t\t\t\t\n\t\t\t\t\t\t\t\t\t\t\t<div>\n\t\t\t\t\t\t\t\t\t\t\t\t\t\t<div class=\"item-inner-wrap\">\n\t\t\t\t\t\t\t\t    <div class=\"img-container \">\n        <a href=\"https:\/\/tlatelolcounam.mx\/uva\/classes\/capoeira\/\" title=\"Capoeira para ni\u00f1xs y adolescentes\">\n        \t<img loading=\"lazy\" decoding=\"async\" width=\"768\" height=\"510\" src=\"https:\/\/tlatelolcounam.mx\/uva\/wp-content\/uploads\/2020\/08\/1000035863-scaled-768x510.jpg\" class=\"featured-course-thumb wp-post-image\" alt=\"\" srcset=\"https:\/\/tlatelolcounam.mx\/uva\/wp-content\/uploads\/2020\/08\/1000035863-scaled-768x510.jpg 768w, https:\/\/tlatelolcounam.mx\/uva\/wp-content\/uploads\/2020\/08\/1000035863-scaled-300x200.jpg 300w\" sizes=\"auto, (max-width: 768px) 100vw, 768px\" \/>        <\/a>\n    <\/div>\n\n<h3 class=\"course-title\">\n    <a href=\"https:\/\/tlatelolcounam.mx\/uva\/classes\/capoeira\/\" title=\"Capoeira para ni\u00f1xs y adolescentes\">Capoeira para ni\u00f1xs y adolescentes<\/a>\n<\/h3>\n<ul class=\"course-meta\">\n\t<li>\n\t\t<i class=\"icon-edsuiteic_bookmark\"><\/i>\n\t\t<span class=\"label\">Modalidad:<\/span> Taller presencial\t<\/li>\n\t\t\t\n\t\t<li>\n\t\t\t<i class=\"icon-edsuiteic_account_circle\"><\/i>\n\t\t\t<span class=\"label\">Tallerista:<\/span> <a href=\"https:\/\/tlatelolcounam.mx\/uva\/teachers\/edna-lara\/\">Edna Lara Instructora Mar\u00e9<\/a>\t\t<\/li>\n\t<\/ul><div class=\"links\">\n\t\n\t<a class=\"course-link-btn\" href=\"https:\/\/tlatelolcounam.mx\/uva\/classes\/capoeira\/\" title=\"Capoeira para ni\u00f1xs y adolescentes\">Inscr\u00edbete<i class=\"icon-edright-arrow-9\"><\/i><\/a>\n\n\t\t\n<\/div>\t\t\t\t\t\t\t<\/div>\n\t\t\t\t\t\t<\/div>\n\t\t\t\t\t\t\t\t\t<\/div>\n\t\t\t\t\t\t[vc_btn title=&#8221;Ver todos&#8221; color=&#8221;violet&#8221; size=&#8221;lg&#8221; align=&#8221;right&#8221; css_animation=&#8221;bounceIn&#8221; link=&#8221;url:https%3A%2F%2Ftlatelolcounam.mx%2Fuva%2Ftalleres-infancias-adolescencias%2F|title:Talleres%20infancias%20y%20adolescencias&#8221;][vc_column_text css=&#8221;.vc_custom_1720330108109{background-color: #ff26a2 !important;}&#8221;]<\/p>\n<h2><span style=\"color: #000000;\"><span style=\"color: #ffffff;\">Talleres j\u00f3venes y adultos<\/span><br \/>\n<\/span><\/h2>\n<p>[\/vc_column_text]\t\t\t\t\t\t\t\t\t\t\t<div class=\"linp-featured-courses-carousel \"\n\t\t\t\t\tdata-items=\"4\"\n\t\t\t\t\tdata-slide-speed=\"500\"\n\t\t\t\t\tdata-auto-play=\"false\"\n\t\t\t\t\tdata-show-bullets=\"true\"\n\t\t\t\t\tdata-auto-height=\"false\"\n\t\t\t\t>\n\t\t\t\t\t\t\t\t\t\n\t\t\t\t\t\t\t\t\t\t\t<div>\n\t\t\t\t\t\t\t\t\t\t\t\t\t\t<div class=\"item-inner-wrap\">\n\t\t\t\t\t\t\t\t    <div class=\"img-container \">\n        <a href=\"https:\/\/tlatelolcounam.mx\/uva\/classes\/puntadas-de-memoria-narrativas-fotograficas-nuevo\/\" title=\"Puntadas de memoria: Narrativas fotogr\u00e1ficas \u00a1NUEVO!\u00a1INTENSIVO!\">\n        \t<img loading=\"lazy\" decoding=\"async\" width=\"768\" height=\"510\" src=\"https:\/\/tlatelolcounam.mx\/uva\/wp-content\/uploads\/2025\/11\/Puntadas-de-memoria-2-768x510.jpg\" class=\"featured-course-thumb wp-post-image\" alt=\"\" \/>        <\/a>\n    <\/div>\n\n<h3 class=\"course-title\">\n    <a href=\"https:\/\/tlatelolcounam.mx\/uva\/classes\/puntadas-de-memoria-narrativas-fotograficas-nuevo\/\" title=\"Puntadas de memoria: Narrativas fotogr\u00e1ficas \u00a1NUEVO!\u00a1INTENSIVO!\">Puntadas de memoria: Narrativas fotogr\u00e1ficas \u00a1NUEVO!\u00a1INTENSIVO!<\/a>\n<\/h3>\n<ul class=\"course-meta\">\n\t<li>\n\t\t<i class=\"icon-edsuiteic_bookmark\"><\/i>\n\t\t<span class=\"label\">Modalidad:<\/span> Taller intensivo presencial\t<\/li>\n\t\t\t\n\t\t<li>\n\t\t\t<i class=\"icon-edsuiteic_account_circle\"><\/i>\n\t\t\t<span class=\"label\">Tallerista:<\/span> <a href=\"https:\/\/tlatelolcounam.mx\/uva\/teachers\/tania-gomez\/\">Tania G\u00f3mez<\/a>\t\t<\/li>\n\t<\/ul><div class=\"links\">\n\t\n\t<a class=\"course-link-btn\" href=\"https:\/\/tlatelolcounam.mx\/uva\/classes\/puntadas-de-memoria-narrativas-fotograficas-nuevo\/\" title=\"Puntadas de memoria: Narrativas fotogr\u00e1ficas \u00a1NUEVO!\u00a1INTENSIVO!\">Inscr\u00edbete<i class=\"icon-edright-arrow-9\"><\/i><\/a>\n\n\t\t\n<\/div>\t\t\t\t\t\t\t<\/div>\n\t\t\t\t\t\t<\/div>\n\t\t\t\t\t\t\t\t\t\t\n\t\t\t\t\t\t\t\t\t\t\t<div>\n\t\t\t\t\t\t\t\t\t\t\t\t\t\t<div class=\"item-inner-wrap\">\n\t\t\t\t\t\t\t\t    <div class=\"img-container \">\n        <a href=\"https:\/\/tlatelolcounam.mx\/uva\/classes\/identificacion-floristica-y-farmacia-viviente-nuevo\/\" title=\"Identificaci\u00f3n flor\u00edstica y farmacia viviente \u00a1NUEVO!\u00a0\">\n        \t<img loading=\"lazy\" decoding=\"async\" width=\"768\" height=\"510\" src=\"https:\/\/tlatelolcounam.mx\/uva\/wp-content\/uploads\/2025\/11\/Identificacion-florisrtica-Proyecto-nuevo14-scaled-768x510.png\" class=\"featured-course-thumb wp-post-image\" alt=\"\" \/>        <\/a>\n    <\/div>\n\n<h3 class=\"course-title\">\n    <a href=\"https:\/\/tlatelolcounam.mx\/uva\/classes\/identificacion-floristica-y-farmacia-viviente-nuevo\/\" title=\"Identificaci\u00f3n flor\u00edstica y farmacia viviente \u00a1NUEVO!\u00a0\">Identificaci\u00f3n flor\u00edstica y farmacia viviente \u00a1NUEVO!\u00a0<\/a>\n<\/h3>\n<ul class=\"course-meta\">\n\t<li>\n\t\t<i class=\"icon-edsuiteic_bookmark\"><\/i>\n\t\t<span class=\"label\">Modalidad:<\/span> Taller intensivo presencial\t<\/li>\n\t\t\t\n\t\t<li>\n\t\t\t<i class=\"icon-edsuiteic_account_circle\"><\/i>\n\t\t\t<span class=\"label\">Tallerista:<\/span> <a href=\"https:\/\/tlatelolcounam.mx\/uva\/teachers\/luna-fuentes\/\">Luna Fuentes<\/a>\t\t<\/li>\n\t<\/ul><div class=\"links\">\n\t\n\t<a class=\"course-link-btn\" href=\"https:\/\/tlatelolcounam.mx\/uva\/classes\/identificacion-floristica-y-farmacia-viviente-nuevo\/\" title=\"Identificaci\u00f3n flor\u00edstica y farmacia viviente \u00a1NUEVO!\u00a0\">Inscr\u00edbete<i class=\"icon-edright-arrow-9\"><\/i><\/a>\n\n\t\t\n<\/div>\t\t\t\t\t\t\t<\/div>\n\t\t\t\t\t\t<\/div>\n\t\t\t\t\t\t\t\t\t\t\n\t\t\t\t\t\t\t\t\t\t\t<div>\n\t\t\t\t\t\t\t\t\t\t\t\t\t\t<div class=\"item-inner-wrap\">\n\t\t\t\t\t\t\t\t    <div class=\"img-container \">\n        <a href=\"https:\/\/tlatelolcounam.mx\/uva\/classes\/biotextiles-artisticos-nuevo\/\" title=\"Biotextiles art\u00edsticos \u00a1NUEVO!\u00a1INTENSIVO!\">\n        \t<img loading=\"lazy\" decoding=\"async\" width=\"768\" height=\"510\" src=\"https:\/\/tlatelolcounam.mx\/uva\/wp-content\/uploads\/2025\/11\/pruebas5-768x510.jpg\" class=\"featured-course-thumb wp-post-image\" alt=\"\" \/>        <\/a>\n    <\/div>\n\n<h3 class=\"course-title\">\n    <a href=\"https:\/\/tlatelolcounam.mx\/uva\/classes\/biotextiles-artisticos-nuevo\/\" title=\"Biotextiles art\u00edsticos \u00a1NUEVO!\u00a1INTENSIVO!\">Biotextiles art\u00edsticos \u00a1NUEVO!\u00a1INTENSIVO!<\/a>\n<\/h3>\n<ul class=\"course-meta\">\n\t<li>\n\t\t<i class=\"icon-edsuiteic_bookmark\"><\/i>\n\t\t<span class=\"label\">Modalidad:<\/span> Taller intensivo presencial\t<\/li>\n\t\t\t\n\t\t<li>\n\t\t\t<i class=\"icon-edsuiteic_account_circle\"><\/i>\n\t\t\t<span class=\"label\">Tallerista:<\/span> <a href=\"https:\/\/tlatelolcounam.mx\/uva\/teachers\/lizette-abraham\/\">Lizette Abraham<\/a>\t\t<\/li>\n\t<\/ul><div class=\"links\">\n\t\n\t<a class=\"course-link-btn\" href=\"https:\/\/tlatelolcounam.mx\/uva\/classes\/biotextiles-artisticos-nuevo\/\" title=\"Biotextiles art\u00edsticos \u00a1NUEVO!\u00a1INTENSIVO!\">Inscr\u00edbete<i class=\"icon-edright-arrow-9\"><\/i><\/a>\n\n\t\t\n<\/div>\t\t\t\t\t\t\t<\/div>\n\t\t\t\t\t\t<\/div>\n\t\t\t\t\t\t\t\t\t\t\n\t\t\t\t\t\t\t\t\t\t\t<div>\n\t\t\t\t\t\t\t\t\t\t\t\t\t\t<div class=\"item-inner-wrap\">\n\t\t\t\t\t\t\t\t    <div class=\"img-container \">\n        <a href=\"https:\/\/tlatelolcounam.mx\/uva\/classes\/p5-js-playground-arte-generativo-con-software-de-codigo-abierto-nuevo\/\" title=\"p5.js Playground: arte generativo con software de c\u00f3digo abierto.\u00a0 \u00a1NUEVO!\u00a0\u00a0\">\n        \t<img loading=\"lazy\" decoding=\"async\" width=\"688\" height=\"457\" src=\"https:\/\/tlatelolcounam.mx\/uva\/wp-content\/uploads\/2025\/11\/P5Playground_DifusionImagen-688x457.png\" class=\"featured-course-thumb wp-post-image\" alt=\"\" srcset=\"https:\/\/tlatelolcounam.mx\/uva\/wp-content\/uploads\/2025\/11\/P5Playground_DifusionImagen.png 688w, https:\/\/tlatelolcounam.mx\/uva\/wp-content\/uploads\/2025\/11\/P5Playground_DifusionImagen-300x199.png 300w\" sizes=\"auto, (max-width: 688px) 100vw, 688px\" \/>        <\/a>\n    <\/div>\n\n<h3 class=\"course-title\">\n    <a href=\"https:\/\/tlatelolcounam.mx\/uva\/classes\/p5-js-playground-arte-generativo-con-software-de-codigo-abierto-nuevo\/\" title=\"p5.js Playground: arte generativo con software de c\u00f3digo abierto.\u00a0 \u00a1NUEVO!\u00a0\u00a0\">p5.js Playground: arte generativo con software de c\u00f3digo abierto.\u00a0 \u00a1NUEVO!\u00a0\u00a0<\/a>\n<\/h3>\n<ul class=\"course-meta\">\n\t<li>\n\t\t<i class=\"icon-edsuiteic_bookmark\"><\/i>\n\t\t<span class=\"label\">Modalidad:<\/span> Taller Virtual\t<\/li>\n\t\t\t\n\t\t<li>\n\t\t\t<i class=\"icon-edsuiteic_account_circle\"><\/i>\n\t\t\t<span class=\"label\">Tallerista:<\/span> <a href=\"https:\/\/tlatelolcounam.mx\/uva\/teachers\/nadia-abigail-martinez-leon\/\">Nadia Abigail Mart\u00ednez Le\u00f3n<\/a>\t\t<\/li>\n\t<\/ul><div class=\"links\">\n\t\n\t<a class=\"course-link-btn\" href=\"https:\/\/tlatelolcounam.mx\/uva\/classes\/p5-js-playground-arte-generativo-con-software-de-codigo-abierto-nuevo\/\" title=\"p5.js Playground: arte generativo con software de c\u00f3digo abierto.\u00a0 \u00a1NUEVO!\u00a0\u00a0\">Inscr\u00edbete<i class=\"icon-edright-arrow-9\"><\/i><\/a>\n\n\t\t\n<\/div>\t\t\t\t\t\t\t<\/div>\n\t\t\t\t\t\t<\/div>\n\t\t\t\t\t\t\t\t\t\t\n\t\t\t\t\t\t\t\t\t\t\t<div>\n\t\t\t\t\t\t\t\t\t\t\t\t\t\t<div class=\"item-inner-wrap\">\n\t\t\t\t\t\t\t\t    <div class=\"img-container \">\n        <a href=\"https:\/\/tlatelolcounam.mx\/uva\/classes\/digitalibre-software-y-cultura-para-el-empoderamiento-tecnologico-nuevo\/\" title=\"Digitalibre: Software y cultura para el empoderamiento tecnol\u00f3gico \u00a1NUEVO!\u00a0\">\n        \t<img loading=\"lazy\" decoding=\"async\" width=\"768\" height=\"330\" src=\"https:\/\/tlatelolcounam.mx\/uva\/wp-content\/uploads\/2025\/11\/Christian-Barroso-FOTOparaDIFUSIONdelTALLER-768x330.png\" class=\"featured-course-thumb wp-post-image\" alt=\"\" \/>        <\/a>\n    <\/div>\n\n<h3 class=\"course-title\">\n    <a href=\"https:\/\/tlatelolcounam.mx\/uva\/classes\/digitalibre-software-y-cultura-para-el-empoderamiento-tecnologico-nuevo\/\" title=\"Digitalibre: Software y cultura para el empoderamiento tecnol\u00f3gico \u00a1NUEVO!\u00a0\">Digitalibre: Software y cultura para el empoderamiento tecnol\u00f3gico \u00a1NUEVO!\u00a0<\/a>\n<\/h3>\n<ul class=\"course-meta\">\n\t<li>\n\t\t<i class=\"icon-edsuiteic_bookmark\"><\/i>\n\t\t<span class=\"label\">Modalidad:<\/span> Taller Virtual\t<\/li>\n\t\t\t\n\t\t<li>\n\t\t\t<i class=\"icon-edsuiteic_account_circle\"><\/i>\n\t\t\t<span class=\"label\">Tallerista:<\/span> <a href=\"https:\/\/tlatelolcounam.mx\/uva\/teachers\/christian-barroso-chris-panchronic\/\">Christian Barroso \u201cChris Panchronic\u201d<\/a>\t\t<\/li>\n\t<\/ul><div class=\"links\">\n\t\n\t<a class=\"course-link-btn\" href=\"https:\/\/tlatelolcounam.mx\/uva\/classes\/digitalibre-software-y-cultura-para-el-empoderamiento-tecnologico-nuevo\/\" title=\"Digitalibre: Software y cultura para el empoderamiento tecnol\u00f3gico \u00a1NUEVO!\u00a0\">Inscr\u00edbete<i class=\"icon-edright-arrow-9\"><\/i><\/a>\n\n\t\t\n<\/div>\t\t\t\t\t\t\t<\/div>\n\t\t\t\t\t\t<\/div>\n\t\t\t\t\t\t\t\t\t\t\n\t\t\t\t\t\t\t\t\t\t\t<div>\n\t\t\t\t\t\t\t\t\t\t\t\t\t\t<div class=\"item-inner-wrap\">\n\t\t\t\t\t\t\t\t    <div class=\"img-container \">\n        <a href=\"https:\/\/tlatelolcounam.mx\/uva\/classes\/magia-de-ilusionismo-escenico-nuevo\/\" title=\"Magia de ilusionismo esc\u00e9nico \u00a1NUEVO!\">\n        \t<img loading=\"lazy\" decoding=\"async\" width=\"768\" height=\"510\" src=\"https:\/\/tlatelolcounam.mx\/uva\/wp-content\/uploads\/2025\/11\/Magia-768x510.jpg\" class=\"featured-course-thumb wp-post-image\" alt=\"\" srcset=\"https:\/\/tlatelolcounam.mx\/uva\/wp-content\/uploads\/2025\/11\/Magia-768x510.jpg 768w, https:\/\/tlatelolcounam.mx\/uva\/wp-content\/uploads\/2025\/11\/Magia-300x200.jpg 300w\" sizes=\"auto, (max-width: 768px) 100vw, 768px\" \/>        <\/a>\n    <\/div>\n\n<h3 class=\"course-title\">\n    <a href=\"https:\/\/tlatelolcounam.mx\/uva\/classes\/magia-de-ilusionismo-escenico-nuevo\/\" title=\"Magia de ilusionismo esc\u00e9nico \u00a1NUEVO!\">Magia de ilusionismo esc\u00e9nico \u00a1NUEVO!<\/a>\n<\/h3>\n<ul class=\"course-meta\">\n\t<li>\n\t\t<i class=\"icon-edsuiteic_bookmark\"><\/i>\n\t\t<span class=\"label\">Modalidad:<\/span> Taller presencial\t<\/li>\n\t\t\t\n\t\t<li>\n\t\t\t<i class=\"icon-edsuiteic_account_circle\"><\/i>\n\t\t\t<span class=\"label\">Tallerista:<\/span> <a href=\"https:\/\/tlatelolcounam.mx\/uva\/teachers\/arturo-aparicio-mago-makartur\/\">Arturo Aparicio \u201cMago Makartur\u201d<\/a>\t\t<\/li>\n\t<\/ul><div class=\"links\">\n\t\n\t<a class=\"course-link-btn\" href=\"https:\/\/tlatelolcounam.mx\/uva\/classes\/magia-de-ilusionismo-escenico-nuevo\/\" title=\"Magia de ilusionismo esc\u00e9nico \u00a1NUEVO!\">Inscr\u00edbete<i class=\"icon-edright-arrow-9\"><\/i><\/a>\n\n\t\t\n<\/div>\t\t\t\t\t\t\t<\/div>\n\t\t\t\t\t\t<\/div>\n\t\t\t\t\t\t\t\t\t\t\n\t\t\t\t\t\t\t\t\t\t\t<div>\n\t\t\t\t\t\t\t\t\t\t\t\t\t\t<div class=\"item-inner-wrap\">\n\t\t\t\t\t\t\t\t    <div class=\"img-container \">\n        <a href=\"https:\/\/tlatelolcounam.mx\/uva\/classes\/colores-de-la-uva-tintas-naturales-y-dibujo-botanico-nuevo\/\" title=\"Colores de la UVA: tintas naturales y dibujo bot\u00e1nico \u00a1NUEVO! \u00a1AGOTADO!\">\n        \t<img loading=\"lazy\" decoding=\"async\" width=\"768\" height=\"510\" src=\"https:\/\/tlatelolcounam.mx\/uva\/wp-content\/uploads\/2025\/11\/Colores-UVA-768x510.png\" class=\"featured-course-thumb wp-post-image\" alt=\"\" srcset=\"https:\/\/tlatelolcounam.mx\/uva\/wp-content\/uploads\/2025\/11\/Colores-UVA-768x510.png 768w, https:\/\/tlatelolcounam.mx\/uva\/wp-content\/uploads\/2025\/11\/Colores-UVA-300x200.png 300w\" sizes=\"auto, (max-width: 768px) 100vw, 768px\" \/>        <\/a>\n    <\/div>\n\n<h3 class=\"course-title\">\n    <a href=\"https:\/\/tlatelolcounam.mx\/uva\/classes\/colores-de-la-uva-tintas-naturales-y-dibujo-botanico-nuevo\/\" title=\"Colores de la UVA: tintas naturales y dibujo bot\u00e1nico \u00a1NUEVO! \u00a1AGOTADO!\">Colores de la UVA: tintas naturales y dibujo bot\u00e1nico \u00a1NUEVO! \u00a1AGOTADO!<\/a>\n<\/h3>\n<ul class=\"course-meta\">\n\t<li>\n\t\t<i class=\"icon-edsuiteic_bookmark\"><\/i>\n\t\t<span class=\"label\">Modalidad:<\/span> Taller presencial\t<\/li>\n\t\t\t\n\t\t<li>\n\t\t\t<i class=\"icon-edsuiteic_account_circle\"><\/i>\n\t\t\t<span class=\"label\">Tallerista:<\/span> <a href=\"https:\/\/tlatelolcounam.mx\/uva\/teachers\/brenda-rojas\/\">Brenda Rojas<\/a>\t\t<\/li>\n\t<\/ul><div class=\"links\">\n\t\n\t<a class=\"course-link-btn\" href=\"https:\/\/tlatelolcounam.mx\/uva\/classes\/colores-de-la-uva-tintas-naturales-y-dibujo-botanico-nuevo\/\" title=\"Colores de la UVA: tintas naturales y dibujo bot\u00e1nico \u00a1NUEVO! \u00a1AGOTADO!\">Inscr\u00edbete<i class=\"icon-edright-arrow-9\"><\/i><\/a>\n\n\t\t\n<\/div>\t\t\t\t\t\t\t<\/div>\n\t\t\t\t\t\t<\/div>\n\t\t\t\t\t\t\t\t\t\t\n\t\t\t\t\t\t\t\t\t\t\t<div>\n\t\t\t\t\t\t\t\t\t\t\t\t\t\t<div class=\"item-inner-wrap\">\n\t\t\t\t\t\t\t\t    <div class=\"img-container \">\n        <a href=\"https:\/\/tlatelolcounam.mx\/uva\/classes\/ceramica-nuevo\/\" title=\"Cer\u00e1mica \u00a1AGOTADO!\">\n        \t<img loading=\"lazy\" decoding=\"async\" width=\"768\" height=\"510\" src=\"https:\/\/tlatelolcounam.mx\/uva\/wp-content\/uploads\/2025\/11\/Ceramica-768x510.jpeg\" class=\"featured-course-thumb wp-post-image\" alt=\"\" srcset=\"https:\/\/tlatelolcounam.mx\/uva\/wp-content\/uploads\/2025\/11\/Ceramica-768x510.jpeg 768w, https:\/\/tlatelolcounam.mx\/uva\/wp-content\/uploads\/2025\/11\/Ceramica-300x200.jpeg 300w\" sizes=\"auto, (max-width: 768px) 100vw, 768px\" \/>        <\/a>\n    <\/div>\n\n<h3 class=\"course-title\">\n    <a href=\"https:\/\/tlatelolcounam.mx\/uva\/classes\/ceramica-nuevo\/\" title=\"Cer\u00e1mica \u00a1AGOTADO!\">Cer\u00e1mica \u00a1AGOTADO!<\/a>\n<\/h3>\n<ul class=\"course-meta\">\n\t<li>\n\t\t<i class=\"icon-edsuiteic_bookmark\"><\/i>\n\t\t<span class=\"label\">Modalidad:<\/span> Taller presencial\t<\/li>\n\t\t\t\n\t\t<li>\n\t\t\t<i class=\"icon-edsuiteic_account_circle\"><\/i>\n\t\t\t<span class=\"label\">Tallerista:<\/span> <a href=\"https:\/\/tlatelolcounam.mx\/uva\/teachers\/andrea-garcia-santos\/\">Andrea Garcia Santos<\/a>\t\t<\/li>\n\t<\/ul><div class=\"links\">\n\t\n\t<a class=\"course-link-btn\" href=\"https:\/\/tlatelolcounam.mx\/uva\/classes\/ceramica-nuevo\/\" title=\"Cer\u00e1mica \u00a1AGOTADO!\">Inscr\u00edbete<i class=\"icon-edright-arrow-9\"><\/i><\/a>\n\n\t\t\n<\/div>\t\t\t\t\t\t\t<\/div>\n\t\t\t\t\t\t<\/div>\n\t\t\t\t\t\t\t\t\t\t\n\t\t\t\t\t\t\t\t\t\t\t<div>\n\t\t\t\t\t\t\t\t\t\t\t\t\t\t<div class=\"item-inner-wrap\">\n\t\t\t\t\t\t\t\t    <div class=\"img-container \">\n        <a href=\"https:\/\/tlatelolcounam.mx\/uva\/classes\/cazando-imagenes-nuevo\/\" title=\"Cazando im\u00e1genes: Fotograf\u00eda alternativa \u00a1NUEVO!\">\n        \t<img loading=\"lazy\" decoding=\"async\" width=\"768\" height=\"510\" src=\"https:\/\/tlatelolcounam.mx\/uva\/wp-content\/uploads\/2025\/11\/Cazando-imagenes-768x510.png\" class=\"featured-course-thumb wp-post-image\" alt=\"\" srcset=\"https:\/\/tlatelolcounam.mx\/uva\/wp-content\/uploads\/2025\/11\/Cazando-imagenes-768x510.png 768w, https:\/\/tlatelolcounam.mx\/uva\/wp-content\/uploads\/2025\/11\/Cazando-imagenes-300x200.png 300w\" sizes=\"auto, (max-width: 768px) 100vw, 768px\" \/>        <\/a>\n    <\/div>\n\n<h3 class=\"course-title\">\n    <a href=\"https:\/\/tlatelolcounam.mx\/uva\/classes\/cazando-imagenes-nuevo\/\" title=\"Cazando im\u00e1genes: Fotograf\u00eda alternativa \u00a1NUEVO!\">Cazando im\u00e1genes: Fotograf\u00eda alternativa \u00a1NUEVO!<\/a>\n<\/h3>\n<ul class=\"course-meta\">\n\t<li>\n\t\t<i class=\"icon-edsuiteic_bookmark\"><\/i>\n\t\t<span class=\"label\">Modalidad:<\/span> Taller presencial\t<\/li>\n\t\t\t\n\t\t<li>\n\t\t\t<i class=\"icon-edsuiteic_account_circle\"><\/i>\n\t\t\t<span class=\"label\">Tallerista:<\/span> <a href=\"https:\/\/tlatelolcounam.mx\/uva\/teachers\/montserrat-munoz\/\">Montserrat Mu\u00f1oz<\/a>\t\t<\/li>\n\t<\/ul><div class=\"links\">\n\t\n\t<a class=\"course-link-btn\" href=\"https:\/\/tlatelolcounam.mx\/uva\/classes\/cazando-imagenes-nuevo\/\" title=\"Cazando im\u00e1genes: Fotograf\u00eda alternativa \u00a1NUEVO!\">Inscr\u00edbete<i class=\"icon-edright-arrow-9\"><\/i><\/a>\n\n\t\t\n<\/div>\t\t\t\t\t\t\t<\/div>\n\t\t\t\t\t\t<\/div>\n\t\t\t\t\t\t\t\t\t\t\n\t\t\t\t\t\t\t\t\t\t\t<div>\n\t\t\t\t\t\t\t\t\t\t\t\t\t\t<div class=\"item-inner-wrap\">\n\t\t\t\t\t\t\t\t    <div class=\"img-container \">\n        <a href=\"https:\/\/tlatelolcounam.mx\/uva\/classes\/caracoles-para-la-escucha-taller-de-cesteria-nuevo\/\" title=\"Caracoles para la escucha: Taller de cester\u00eda \u00a1NUEVO!\">\n        \t<img loading=\"lazy\" decoding=\"async\" width=\"768\" height=\"510\" src=\"https:\/\/tlatelolcounam.mx\/uva\/wp-content\/uploads\/2025\/11\/Cesteria-1-768x510.jpg\" class=\"featured-course-thumb wp-post-image\" alt=\"\" \/>        <\/a>\n    <\/div>\n\n<h3 class=\"course-title\">\n    <a href=\"https:\/\/tlatelolcounam.mx\/uva\/classes\/caracoles-para-la-escucha-taller-de-cesteria-nuevo\/\" title=\"Caracoles para la escucha: Taller de cester\u00eda \u00a1NUEVO!\">Caracoles para la escucha: Taller de cester\u00eda \u00a1NUEVO!<\/a>\n<\/h3>\n<ul class=\"course-meta\">\n\t<li>\n\t\t<i class=\"icon-edsuiteic_bookmark\"><\/i>\n\t\t<span class=\"label\">Modalidad:<\/span> Taller presencial\t<\/li>\n\t\t\t\n\t\t<li>\n\t\t\t<i class=\"icon-edsuiteic_account_circle\"><\/i>\n\t\t\t<span class=\"label\">Tallerista:<\/span> <a href=\"https:\/\/tlatelolcounam.mx\/uva\/teachers\/ilse-ordaz-briz\/\">Ilse Ordaz Briz<\/a>\t\t<\/li>\n\t<\/ul><div class=\"links\">\n\t\n\t<a class=\"course-link-btn\" href=\"https:\/\/tlatelolcounam.mx\/uva\/classes\/caracoles-para-la-escucha-taller-de-cesteria-nuevo\/\" title=\"Caracoles para la escucha: Taller de cester\u00eda \u00a1NUEVO!\">Inscr\u00edbete<i class=\"icon-edright-arrow-9\"><\/i><\/a>\n\n\t\t\n<\/div>\t\t\t\t\t\t\t<\/div>\n\t\t\t\t\t\t<\/div>\n\t\t\t\t\t\t\t\t\t\t\n\t\t\t\t\t\t\t\t\t\t\t<div>\n\t\t\t\t\t\t\t\t\t\t\t\t\t\t<div class=\"item-inner-wrap\">\n\t\t\t\t\t\t\t\t    <div class=\"img-container \">\n        <a href=\"https:\/\/tlatelolcounam.mx\/uva\/classes\/huerto-uva\/\" title=\"Huerto urbano: reconexiones con la tierra y el territorio\">\n        \t<img loading=\"lazy\" decoding=\"async\" width=\"768\" height=\"510\" src=\"https:\/\/tlatelolcounam.mx\/uva\/wp-content\/uploads\/2025\/07\/Imagen-actualizada-Huerto-UVA-768x510.jpeg\" class=\"featured-course-thumb wp-post-image\" alt=\"\" \/>        <\/a>\n    <\/div>\n\n<h3 class=\"course-title\">\n    <a href=\"https:\/\/tlatelolcounam.mx\/uva\/classes\/huerto-uva\/\" title=\"Huerto urbano: reconexiones con la tierra y el territorio\">Huerto urbano: reconexiones con la tierra y el territorio<\/a>\n<\/h3>\n<ul class=\"course-meta\">\n\t<li>\n\t\t<i class=\"icon-edsuiteic_bookmark\"><\/i>\n\t\t<span class=\"label\">Modalidad:<\/span> Taller presencial\t<\/li>\n\t\t\t\n\t\t<li>\n\t\t\t<i class=\"icon-edsuiteic_account_circle\"><\/i>\n\t\t\t<span class=\"label\">Tallerista:<\/span> <a href=\"https:\/\/tlatelolcounam.mx\/uva\/teachers\/samantha-salinas\/\">Samantha Salinas<\/a>\t\t<\/li>\n\t<\/ul><div class=\"links\">\n\t\n\t<a class=\"course-link-btn\" href=\"https:\/\/tlatelolcounam.mx\/uva\/classes\/huerto-uva\/\" title=\"Huerto urbano: reconexiones con la tierra y el territorio\">Inscr\u00edbete<i class=\"icon-edright-arrow-9\"><\/i><\/a>\n\n\t\t\n<\/div>\t\t\t\t\t\t\t<\/div>\n\t\t\t\t\t\t<\/div>\n\t\t\t\t\t\t\t\t\t\t\n\t\t\t\t\t\t\t\t\t\t\t<div>\n\t\t\t\t\t\t\t\t\t\t\t\t\t\t<div class=\"item-inner-wrap\">\n\t\t\t\t\t\t\t\t    <div class=\"img-container \">\n        <a href=\"https:\/\/tlatelolcounam.mx\/uva\/classes\/taller-de-guion\/\" title=\"Taller de guion para medios audiovisuales\">\n        \t<img loading=\"lazy\" decoding=\"async\" width=\"768\" height=\"510\" src=\"https:\/\/tlatelolcounam.mx\/uva\/wp-content\/uploads\/2025\/01\/Taller-de-guion-768x510.jpg\" class=\"featured-course-thumb wp-post-image\" alt=\"\" \/>        <\/a>\n    <\/div>\n\n<h3 class=\"course-title\">\n    <a href=\"https:\/\/tlatelolcounam.mx\/uva\/classes\/taller-de-guion\/\" title=\"Taller de guion para medios audiovisuales\">Taller de guion para medios audiovisuales<\/a>\n<\/h3>\n<ul class=\"course-meta\">\n\t<li>\n\t\t<i class=\"icon-edsuiteic_bookmark\"><\/i>\n\t\t<span class=\"label\">Modalidad:<\/span> Taller virtual\t<\/li>\n\t\t\t\n\t\t<li>\n\t\t\t<i class=\"icon-edsuiteic_account_circle\"><\/i>\n\t\t\t<span class=\"label\">Tallerista:<\/span> <a href=\"https:\/\/tlatelolcounam.mx\/uva\/teachers\/alejandro-garcia\/\">Alejandro Garc\u00eda<\/a>\t\t<\/li>\n\t<\/ul><div class=\"links\">\n\t\n\t<a class=\"course-link-btn\" href=\"https:\/\/tlatelolcounam.mx\/uva\/classes\/taller-de-guion\/\" title=\"Taller de guion para medios audiovisuales\">Inscr\u00edbete<i class=\"icon-edright-arrow-9\"><\/i><\/a>\n\n\t\t\n<\/div>\t\t\t\t\t\t\t<\/div>\n\t\t\t\t\t\t<\/div>\n\t\t\t\t\t\t\t\t\t\t\n\t\t\t\t\t\t\t\t\t\t\t<div>\n\t\t\t\t\t\t\t\t\t\t\t\t\t\t<div class=\"item-inner-wrap\">\n\t\t\t\t\t\t\t\t    <div class=\"img-container \">\n        <a href=\"https:\/\/tlatelolcounam.mx\/uva\/classes\/antitaller-de-circuit-bending-hice-corto-y-me-gusto-nuevo\/\" title=\"Experimentaci\u00f3n Electr\u00f3nica: Laboratorio de Circuit Bending con juguetes\">\n        \t<img loading=\"lazy\" decoding=\"async\" width=\"768\" height=\"510\" src=\"https:\/\/tlatelolcounam.mx\/uva\/wp-content\/uploads\/2024\/06\/IMG_20241207_133905-scaled-e1736204035466-768x510.jpg\" class=\"featured-course-thumb wp-post-image\" alt=\"\" \/>        <\/a>\n    <\/div>\n\n<h3 class=\"course-title\">\n    <a href=\"https:\/\/tlatelolcounam.mx\/uva\/classes\/antitaller-de-circuit-bending-hice-corto-y-me-gusto-nuevo\/\" title=\"Experimentaci\u00f3n Electr\u00f3nica: Laboratorio de Circuit Bending con juguetes\">Experimentaci\u00f3n Electr\u00f3nica: Laboratorio de Circuit Bending con juguetes<\/a>\n<\/h3>\n<ul class=\"course-meta\">\n\t<li>\n\t\t<i class=\"icon-edsuiteic_bookmark\"><\/i>\n\t\t<span class=\"label\">Modalidad:<\/span> Taller presencial\t<\/li>\n\t\t\t\n\t\t<li>\n\t\t\t<i class=\"icon-edsuiteic_account_circle\"><\/i>\n\t\t\t<span class=\"label\">Tallerista:<\/span> <a href=\"https:\/\/tlatelolcounam.mx\/uva\/teachers\/carlos-bergen\/\">Carlos Bergen<\/a>, <a href=\"https:\/\/tlatelolcounam.mx\/uva\/teachers\/moises-mendez\/\">Mois\u00e9s M\u00e9ndez<\/a>\t\t<\/li>\n\t<\/ul><div class=\"links\">\n\t\n\t<a class=\"course-link-btn\" href=\"https:\/\/tlatelolcounam.mx\/uva\/classes\/antitaller-de-circuit-bending-hice-corto-y-me-gusto-nuevo\/\" title=\"Experimentaci\u00f3n Electr\u00f3nica: Laboratorio de Circuit Bending con juguetes\">Inscr\u00edbete<i class=\"icon-edright-arrow-9\"><\/i><\/a>\n\n\t\t\n<\/div>\t\t\t\t\t\t\t<\/div>\n\t\t\t\t\t\t<\/div>\n\t\t\t\t\t\t\t\t\t\t\n\t\t\t\t\t\t\t\t\t\t\t<div>\n\t\t\t\t\t\t\t\t\t\t\t\t\t\t<div class=\"item-inner-wrap\">\n\t\t\t\t\t\t\t\t    <div class=\"img-container \">\n        <a href=\"https:\/\/tlatelolcounam.mx\/uva\/classes\/taller-de-diablos-en-cartoneria-nuevo-intensivo\/\" title=\"Jugueter\u00eda y aut\u00f3matas en cartoner\u00eda \u00a1NUEVO!\">\n        \t<img loading=\"lazy\" decoding=\"async\" width=\"768\" height=\"510\" src=\"https:\/\/tlatelolcounam.mx\/uva\/wp-content\/uploads\/2024\/06\/Jugueteria-scaled-768x510.jpeg\" class=\"featured-course-thumb wp-post-image\" alt=\"\" \/>        <\/a>\n    <\/div>\n\n<h3 class=\"course-title\">\n    <a href=\"https:\/\/tlatelolcounam.mx\/uva\/classes\/taller-de-diablos-en-cartoneria-nuevo-intensivo\/\" title=\"Jugueter\u00eda y aut\u00f3matas en cartoner\u00eda \u00a1NUEVO!\">Jugueter\u00eda y aut\u00f3matas en cartoner\u00eda \u00a1NUEVO!<\/a>\n<\/h3>\n<ul class=\"course-meta\">\n\t<li>\n\t\t<i class=\"icon-edsuiteic_bookmark\"><\/i>\n\t\t<span class=\"label\">Modalidad:<\/span> Taller presencial intensivo\t<\/li>\n\t\t\t\n\t\t<li>\n\t\t\t<i class=\"icon-edsuiteic_account_circle\"><\/i>\n\t\t\t<span class=\"label\">Tallerista:<\/span> <a href=\"https:\/\/tlatelolcounam.mx\/uva\/teachers\/zaira-salvador\/\">Zaira Salvador Miram\u00f3n<\/a>\t\t<\/li>\n\t<\/ul><div class=\"links\">\n\t\n\t<a class=\"course-link-btn\" href=\"https:\/\/tlatelolcounam.mx\/uva\/classes\/taller-de-diablos-en-cartoneria-nuevo-intensivo\/\" title=\"Jugueter\u00eda y aut\u00f3matas en cartoner\u00eda \u00a1NUEVO!\">Inscr\u00edbete<i class=\"icon-edright-arrow-9\"><\/i><\/a>\n\n\t\t\n<\/div>\t\t\t\t\t\t\t<\/div>\n\t\t\t\t\t\t<\/div>\n\t\t\t\t\t\t\t\t\t\t\n\t\t\t\t\t\t\t\t\t\t\t<div>\n\t\t\t\t\t\t\t\t\t\t\t\t\t\t<div class=\"item-inner-wrap\">\n\t\t\t\t\t\t\t\t    <div class=\"img-container \">\n        <a href=\"https:\/\/tlatelolcounam.mx\/uva\/classes\/cine-documental-nuevo\/\" title=\"El arte de lo cotidiano. Cine documental\">\n        \t<img loading=\"lazy\" decoding=\"async\" width=\"768\" height=\"510\" src=\"https:\/\/tlatelolcounam.mx\/uva\/wp-content\/uploads\/2024\/06\/El-arte-de-lo-cotidiano-768x510.jpg\" class=\"featured-course-thumb wp-post-image\" alt=\"\" \/>        <\/a>\n    <\/div>\n\n<h3 class=\"course-title\">\n    <a href=\"https:\/\/tlatelolcounam.mx\/uva\/classes\/cine-documental-nuevo\/\" title=\"El arte de lo cotidiano. Cine documental\">El arte de lo cotidiano. Cine documental<\/a>\n<\/h3>\n<ul class=\"course-meta\">\n\t<li>\n\t\t<i class=\"icon-edsuiteic_bookmark\"><\/i>\n\t\t<span class=\"label\">Modalidad:<\/span> Taller presencial\t<\/li>\n\t\t\t\n\t\t<li>\n\t\t\t<i class=\"icon-edsuiteic_account_circle\"><\/i>\n\t\t\t<span class=\"label\">Tallerista:<\/span> <a href=\"https:\/\/tlatelolcounam.mx\/uva\/teachers\/yazmin-nunez-yaz-punk\/\">Yazm\u00edn Nu\u00f1ez Hern\u00e1ndez \"Yaz Punk\"<\/a>\t\t<\/li>\n\t<\/ul><div class=\"links\">\n\t\n\t<a class=\"course-link-btn\" href=\"https:\/\/tlatelolcounam.mx\/uva\/classes\/cine-documental-nuevo\/\" title=\"El arte de lo cotidiano. Cine documental\">Inscr\u00edbete<i class=\"icon-edright-arrow-9\"><\/i><\/a>\n\n\t\t\n<\/div>\t\t\t\t\t\t\t<\/div>\n\t\t\t\t\t\t<\/div>\n\t\t\t\t\t\t\t\t\t\t\n\t\t\t\t\t\t\t\t\t\t\t<div>\n\t\t\t\t\t\t\t\t\t\t\t\t\t\t<div class=\"item-inner-wrap\">\n\t\t\t\t\t\t\t\t    <div class=\"img-container \">\n        <a href=\"https:\/\/tlatelolcounam.mx\/uva\/classes\/cine-minimal-desde-tlate\/\" title=\"Cine minimal desde Tlate\">\n        \t<img loading=\"lazy\" decoding=\"async\" width=\"768\" height=\"510\" src=\"https:\/\/tlatelolcounam.mx\/uva\/wp-content\/uploads\/2024\/06\/Enero002-768x510.jpg\" class=\"featured-course-thumb wp-post-image\" alt=\"\" \/>        <\/a>\n    <\/div>\n\n<h3 class=\"course-title\">\n    <a href=\"https:\/\/tlatelolcounam.mx\/uva\/classes\/cine-minimal-desde-tlate\/\" title=\"Cine minimal desde Tlate\">Cine minimal desde Tlate<\/a>\n<\/h3>\n<ul class=\"course-meta\">\n\t<li>\n\t\t<i class=\"icon-edsuiteic_bookmark\"><\/i>\n\t\t<span class=\"label\">Modalidad:<\/span> Taller presencial\t<\/li>\n\t\t\t\n\t\t<li>\n\t\t\t<i class=\"icon-edsuiteic_account_circle\"><\/i>\n\t\t\t<span class=\"label\">Tallerista:<\/span> <a href=\"https:\/\/tlatelolcounam.mx\/uva\/teachers\/diego-bravo\/\">Diego Bravo<\/a>\t\t<\/li>\n\t<\/ul><div class=\"links\">\n\t\n\t<a class=\"course-link-btn\" href=\"https:\/\/tlatelolcounam.mx\/uva\/classes\/cine-minimal-desde-tlate\/\" title=\"Cine minimal desde Tlate\">Inscr\u00edbete<i class=\"icon-edright-arrow-9\"><\/i><\/a>\n\n\t\t\n<\/div>\t\t\t\t\t\t\t<\/div>\n\t\t\t\t\t\t<\/div>\n\t\t\t\t\t\t\t\t\t\t\n\t\t\t\t\t\t\t\t\t\t\t<div>\n\t\t\t\t\t\t\t\t\t\t\t\t\t\t<div class=\"item-inner-wrap\">\n\t\t\t\t\t\t\t\t    <div class=\"img-container \">\n        <a href=\"https:\/\/tlatelolcounam.mx\/uva\/classes\/misxvflamencos\/\" title=\"Restaura y fortalece tu flamenca interior: un viaje hacia ti a trav\u00e9s de la danza \u00a1NUEVO!\">\n        \t<img loading=\"lazy\" decoding=\"async\" width=\"768\" height=\"510\" src=\"https:\/\/tlatelolcounam.mx\/uva\/wp-content\/uploads\/2024\/01\/Flamenco-2-scaled-768x510.jpg\" class=\"featured-course-thumb wp-post-image\" alt=\"\" srcset=\"https:\/\/tlatelolcounam.mx\/uva\/wp-content\/uploads\/2024\/01\/Flamenco-2-scaled-768x510.jpg 768w, https:\/\/tlatelolcounam.mx\/uva\/wp-content\/uploads\/2024\/01\/Flamenco-2-scaled-300x200.jpg 300w\" sizes=\"auto, (max-width: 768px) 100vw, 768px\" \/>        <\/a>\n    <\/div>\n\n<h3 class=\"course-title\">\n    <a href=\"https:\/\/tlatelolcounam.mx\/uva\/classes\/misxvflamencos\/\" title=\"Restaura y fortalece tu flamenca interior: un viaje hacia ti a trav\u00e9s de la danza \u00a1NUEVO!\">Restaura y fortalece tu flamenca interior: un viaje hacia ti a trav\u00e9s de la danza \u00a1NUEVO!<\/a>\n<\/h3>\n<ul class=\"course-meta\">\n\t<li>\n\t\t<i class=\"icon-edsuiteic_bookmark\"><\/i>\n\t\t<span class=\"label\">Modalidad:<\/span> Taller presencial intensivo\t<\/li>\n\t\t\t\n\t\t<li>\n\t\t\t<i class=\"icon-edsuiteic_account_circle\"><\/i>\n\t\t\t<span class=\"label\">Tallerista:<\/span> <a href=\"https:\/\/tlatelolcounam.mx\/uva\/teachers\/lya-guilliem\/\">Lya Guilliem \"Lya Morgana\"<\/a>\t\t<\/li>\n\t<\/ul><div class=\"links\">\n\t\n\t<a class=\"course-link-btn\" href=\"https:\/\/tlatelolcounam.mx\/uva\/classes\/misxvflamencos\/\" title=\"Restaura y fortalece tu flamenca interior: un viaje hacia ti a trav\u00e9s de la danza \u00a1NUEVO!\">Inscr\u00edbete<i class=\"icon-edright-arrow-9\"><\/i><\/a>\n\n\t\t\n<\/div>\t\t\t\t\t\t\t<\/div>\n\t\t\t\t\t\t<\/div>\n\t\t\t\t\t\t\t\t\t\t\n\t\t\t\t\t\t\t\t\t\t\t<div>\n\t\t\t\t\t\t\t\t\t\t\t\t\t\t<div class=\"item-inner-wrap\">\n\t\t\t\t\t\t\t\t    <div class=\"img-container \">\n        <a href=\"https:\/\/tlatelolcounam.mx\/uva\/classes\/escribir-es-mi-trinchera\/\" title=\"Escribir es mi trinchera: poes\u00eda escrita por mujeres\">\n        \t<img loading=\"lazy\" decoding=\"async\" width=\"768\" height=\"510\" src=\"https:\/\/tlatelolcounam.mx\/uva\/wp-content\/uploads\/2024\/01\/Escribir-es-mi-trinchera-768x510.jpeg\" class=\"featured-course-thumb wp-post-image\" alt=\"\" \/>        <\/a>\n    <\/div>\n\n<h3 class=\"course-title\">\n    <a href=\"https:\/\/tlatelolcounam.mx\/uva\/classes\/escribir-es-mi-trinchera\/\" title=\"Escribir es mi trinchera: poes\u00eda escrita por mujeres\">Escribir es mi trinchera: poes\u00eda escrita por mujeres<\/a>\n<\/h3>\n<ul class=\"course-meta\">\n\t<li>\n\t\t<i class=\"icon-edsuiteic_bookmark\"><\/i>\n\t\t<span class=\"label\">Modalidad:<\/span> Taller presencial\t<\/li>\n\t\t\t\n\t\t<li>\n\t\t\t<i class=\"icon-edsuiteic_account_circle\"><\/i>\n\t\t\t<span class=\"label\">Tallerista:<\/span> <a href=\"https:\/\/tlatelolcounam.mx\/uva\/teachers\/mercedes-alvarado\/\">Mercedes Alvarado<\/a>\t\t<\/li>\n\t<\/ul><div class=\"links\">\n\t\n\t<a class=\"course-link-btn\" href=\"https:\/\/tlatelolcounam.mx\/uva\/classes\/escribir-es-mi-trinchera\/\" title=\"Escribir es mi trinchera: poes\u00eda escrita por mujeres\">Inscr\u00edbete<i class=\"icon-edright-arrow-9\"><\/i><\/a>\n\n\t\t\n<\/div>\t\t\t\t\t\t\t<\/div>\n\t\t\t\t\t\t<\/div>\n\t\t\t\t\t\t\t\t\t\t\n\t\t\t\t\t\t\t\t\t\t\t<div>\n\t\t\t\t\t\t\t\t\t\t\t\t\t\t<div class=\"item-inner-wrap\">\n\t\t\t\t\t\t\t\t    <div class=\"img-container \">\n        <a href=\"https:\/\/tlatelolcounam.mx\/uva\/classes\/danza-contemporanea\/\" title=\"Danza contempor\u00e1nea inicial\">\n        \t<img loading=\"lazy\" decoding=\"async\" width=\"768\" height=\"510\" src=\"https:\/\/tlatelolcounam.mx\/uva\/wp-content\/uploads\/2024\/01\/Danza-contemporanea-e1736553615843-768x510.jpeg\" class=\"featured-course-thumb wp-post-image\" alt=\"\" \/>        <\/a>\n    <\/div>\n\n<h3 class=\"course-title\">\n    <a href=\"https:\/\/tlatelolcounam.mx\/uva\/classes\/danza-contemporanea\/\" title=\"Danza contempor\u00e1nea inicial\">Danza contempor\u00e1nea inicial<\/a>\n<\/h3>\n<ul class=\"course-meta\">\n\t<li>\n\t\t<i class=\"icon-edsuiteic_bookmark\"><\/i>\n\t\t<span class=\"label\">Modalidad:<\/span> Taller presencial\t<\/li>\n\t\t\t\n\t\t<li>\n\t\t\t<i class=\"icon-edsuiteic_account_circle\"><\/i>\n\t\t\t<span class=\"label\">Tallerista:<\/span> <a href=\"https:\/\/tlatelolcounam.mx\/uva\/teachers\/fausto-jijon\/\">Fausto Jij\u00f3n Quelal<\/a>\t\t<\/li>\n\t<\/ul><div class=\"links\">\n\t\n\t<a class=\"course-link-btn\" href=\"https:\/\/tlatelolcounam.mx\/uva\/classes\/danza-contemporanea\/\" title=\"Danza contempor\u00e1nea inicial\">Inscr\u00edbete<i class=\"icon-edright-arrow-9\"><\/i><\/a>\n\n\t\t\n<\/div>\t\t\t\t\t\t\t<\/div>\n\t\t\t\t\t\t<\/div>\n\t\t\t\t\t\t\t\t\t\t\n\t\t\t\t\t\t\t\t\t\t\t<div>\n\t\t\t\t\t\t\t\t\t\t\t\t\t\t<div class=\"item-inner-wrap\">\n\t\t\t\t\t\t\t\t    <div class=\"img-container \">\n        <a href=\"https:\/\/tlatelolcounam.mx\/uva\/classes\/del-papel-a-la-pared\/\" title=\"Del papel a la pared: Taller de arte urbano\">\n        \t<img loading=\"lazy\" decoding=\"async\" width=\"768\" height=\"510\" src=\"https:\/\/tlatelolcounam.mx\/uva\/wp-content\/uploads\/2024\/01\/1000130788-768x510.jpg\" class=\"featured-course-thumb wp-post-image\" alt=\"\" \/>        <\/a>\n    <\/div>\n\n<h3 class=\"course-title\">\n    <a href=\"https:\/\/tlatelolcounam.mx\/uva\/classes\/del-papel-a-la-pared\/\" title=\"Del papel a la pared: Taller de arte urbano\">Del papel a la pared: Taller de arte urbano<\/a>\n<\/h3>\n<ul class=\"course-meta\">\n\t<li>\n\t\t<i class=\"icon-edsuiteic_bookmark\"><\/i>\n\t\t<span class=\"label\">Modalidad:<\/span> Taller presencial\t<\/li>\n\t\t\t\n\t\t<li>\n\t\t\t<i class=\"icon-edsuiteic_account_circle\"><\/i>\n\t\t\t<span class=\"label\">Tallerista:<\/span> <a href=\"https:\/\/tlatelolcounam.mx\/uva\/teachers\/dionbox\/\">DioNbox<\/a>\t\t<\/li>\n\t<\/ul><div class=\"links\">\n\t\n\t<a class=\"course-link-btn\" href=\"https:\/\/tlatelolcounam.mx\/uva\/classes\/del-papel-a-la-pared\/\" title=\"Del papel a la pared: Taller de arte urbano\">Inscr\u00edbete<i class=\"icon-edright-arrow-9\"><\/i><\/a>\n\n\t\t\n<\/div>\t\t\t\t\t\t\t<\/div>\n\t\t\t\t\t\t<\/div>\n\t\t\t\t\t\t\t\t\t\t\n\t\t\t\t\t\t\t\t\t\t\t<div>\n\t\t\t\t\t\t\t\t\t\t\t\t\t\t<div class=\"item-inner-wrap\">\n\t\t\t\t\t\t\t\t    <div class=\"img-container \">\n        <a href=\"https:\/\/tlatelolcounam.mx\/uva\/classes\/autobiografia-escenica-para-la-memoria\/\" title=\"Autobiograf\u00eda esc\u00e9nica para la memoria. Taller de teatro y narrativa\">\n        \t<img loading=\"lazy\" decoding=\"async\" width=\"768\" height=\"510\" src=\"https:\/\/tlatelolcounam.mx\/uva\/wp-content\/uploads\/2024\/01\/IMG-20241207-WA0319-768x510.jpg\" class=\"featured-course-thumb wp-post-image\" alt=\"\" \/>        <\/a>\n    <\/div>\n\n<h3 class=\"course-title\">\n    <a href=\"https:\/\/tlatelolcounam.mx\/uva\/classes\/autobiografia-escenica-para-la-memoria\/\" title=\"Autobiograf\u00eda esc\u00e9nica para la memoria. Taller de teatro y narrativa\">Autobiograf\u00eda esc\u00e9nica para la memoria. Taller de teatro y narrativa<\/a>\n<\/h3>\n<ul class=\"course-meta\">\n\t<li>\n\t\t<i class=\"icon-edsuiteic_bookmark\"><\/i>\n\t\t<span class=\"label\">Modalidad:<\/span> Taller presencial\t<\/li>\n\t\t\t\n\t\t<li>\n\t\t\t<i class=\"icon-edsuiteic_account_circle\"><\/i>\n\t\t\t<span class=\"label\">Tallerista:<\/span> <a href=\"https:\/\/tlatelolcounam.mx\/uva\/teachers\/aldo-garcia\/\">Axel Garc\u00eda<\/a>, <a href=\"https:\/\/tlatelolcounam.mx\/uva\/teachers\/berta-soni\/\">Berta Son\u00ed<\/a>\t\t<\/li>\n\t<\/ul><div class=\"links\">\n\t\n\t<a class=\"course-link-btn\" href=\"https:\/\/tlatelolcounam.mx\/uva\/classes\/autobiografia-escenica-para-la-memoria\/\" title=\"Autobiograf\u00eda esc\u00e9nica para la memoria. Taller de teatro y narrativa\">Inscr\u00edbete<i class=\"icon-edright-arrow-9\"><\/i><\/a>\n\n\t\t\n<\/div>\t\t\t\t\t\t\t<\/div>\n\t\t\t\t\t\t<\/div>\n\t\t\t\t\t\t\t\t\t\t\n\t\t\t\t\t\t\t\t\t\t\t<div>\n\t\t\t\t\t\t\t\t\t\t\t\t\t\t<div class=\"item-inner-wrap\">\n\t\t\t\t\t\t\t\t    <div class=\"img-container \">\n        <a href=\"https:\/\/tlatelolcounam.mx\/uva\/classes\/danza-para-todxs\/\" title=\"Danza y autocuidado \u00a1NUEVO!\">\n        \t<img loading=\"lazy\" decoding=\"async\" width=\"768\" height=\"510\" src=\"https:\/\/tlatelolcounam.mx\/uva\/wp-content\/uploads\/2024\/01\/Danza-y-autocuidado-e1767642009662-768x510.jpg\" class=\"featured-course-thumb wp-post-image\" alt=\"\" \/>        <\/a>\n    <\/div>\n\n<h3 class=\"course-title\">\n    <a href=\"https:\/\/tlatelolcounam.mx\/uva\/classes\/danza-para-todxs\/\" title=\"Danza y autocuidado \u00a1NUEVO!\">Danza y autocuidado \u00a1NUEVO!<\/a>\n<\/h3>\n<ul class=\"course-meta\">\n\t<li>\n\t\t<i class=\"icon-edsuiteic_bookmark\"><\/i>\n\t\t<span class=\"label\">Modalidad:<\/span> Taller presencial\t<\/li>\n\t\t\t\n\t\t<li>\n\t\t\t<i class=\"icon-edsuiteic_account_circle\"><\/i>\n\t\t\t<span class=\"label\">Tallerista:<\/span> <a href=\"https:\/\/tlatelolcounam.mx\/uva\/teachers\/cyntia-ceron\/\">Cyntia Cer\u00f3n<\/a>\t\t<\/li>\n\t<\/ul><div class=\"links\">\n\t\n\t<a class=\"course-link-btn\" href=\"https:\/\/tlatelolcounam.mx\/uva\/classes\/danza-para-todxs\/\" title=\"Danza y autocuidado \u00a1NUEVO!\">Inscr\u00edbete<i class=\"icon-edright-arrow-9\"><\/i><\/a>\n\n\t\t\n<\/div>\t\t\t\t\t\t\t<\/div>\n\t\t\t\t\t\t<\/div>\n\t\t\t\t\t\t\t\t\t\t\n\t\t\t\t\t\t\t\t\t\t\t<div>\n\t\t\t\t\t\t\t\t\t\t\t\t\t\t<div class=\"item-inner-wrap\">\n\t\t\t\t\t\t\t\t    <div class=\"img-container \">\n        <a href=\"https:\/\/tlatelolcounam.mx\/uva\/classes\/nawatl\/\" title=\"Nawatl b\u00e1sico (Masewaltlahtulle)\">\n        \t<img loading=\"lazy\" decoding=\"async\" width=\"768\" height=\"510\" src=\"https:\/\/tlatelolcounam.mx\/uva\/wp-content\/uploads\/2024\/01\/Ma-tawiltakan-ika-nawatl-e1750798882442-768x510.png\" class=\"featured-course-thumb wp-post-image\" alt=\"\" \/>        <\/a>\n    <\/div>\n\n<h3 class=\"course-title\">\n    <a href=\"https:\/\/tlatelolcounam.mx\/uva\/classes\/nawatl\/\" title=\"Nawatl b\u00e1sico (Masewaltlahtulle)\">Nawatl b\u00e1sico (Masewaltlahtulle)<\/a>\n<\/h3>\n<ul class=\"course-meta\">\n\t<li>\n\t\t<i class=\"icon-edsuiteic_bookmark\"><\/i>\n\t\t<span class=\"label\">Modalidad:<\/span> Taller virtual\t<\/li>\n\t\t\t\n\t\t<li>\n\t\t\t<i class=\"icon-edsuiteic_account_circle\"><\/i>\n\t\t\t<span class=\"label\">Tallerista:<\/span> <a href=\"https:\/\/tlatelolcounam.mx\/uva\/teachers\/yanil-ruiz\/\">Yanil Ruiz Hern\u00e1ndez<\/a>, <a href=\"https:\/\/tlatelolcounam.mx\/uva\/teachers\/mirel-yolotzin\/\">Mirel Yolotzin<\/a>\t\t<\/li>\n\t<\/ul><div class=\"links\">\n\t\n\t<a class=\"course-link-btn\" href=\"https:\/\/tlatelolcounam.mx\/uva\/classes\/nawatl\/\" title=\"Nawatl b\u00e1sico (Masewaltlahtulle)\">Inscr\u00edbete<i class=\"icon-edright-arrow-9\"><\/i><\/a>\n\n\t\t\n<\/div>\t\t\t\t\t\t\t<\/div>\n\t\t\t\t\t\t<\/div>\n\t\t\t\t\t\t\t\t\t\t\n\t\t\t\t\t\t\t\t\t\t\t<div>\n\t\t\t\t\t\t\t\t\t\t\t\t\t\t<div class=\"item-inner-wrap\">\n\t\t\t\t\t\t\t\t    <div class=\"img-container \">\n        <a href=\"https:\/\/tlatelolcounam.mx\/uva\/classes\/danza-folklorica-mexicana\/\" title=\"Danza folkl\u00f3rica mexicana\">\n        \t<img loading=\"lazy\" decoding=\"async\" width=\"768\" height=\"510\" src=\"https:\/\/tlatelolcounam.mx\/uva\/wp-content\/uploads\/2024\/01\/IMG_20241206_170804-scaled-768x510.jpg\" class=\"featured-course-thumb wp-post-image\" alt=\"\" \/>        <\/a>\n    <\/div>\n\n<h3 class=\"course-title\">\n    <a href=\"https:\/\/tlatelolcounam.mx\/uva\/classes\/danza-folklorica-mexicana\/\" title=\"Danza folkl\u00f3rica mexicana\">Danza folkl\u00f3rica mexicana<\/a>\n<\/h3>\n<ul class=\"course-meta\">\n\t<li>\n\t\t<i class=\"icon-edsuiteic_bookmark\"><\/i>\n\t\t<span class=\"label\">Modalidad:<\/span> Taller presencial\t<\/li>\n\t\t\t\n\t\t<li>\n\t\t\t<i class=\"icon-edsuiteic_account_circle\"><\/i>\n\t\t\t<span class=\"label\">Tallerista:<\/span> <a href=\"https:\/\/tlatelolcounam.mx\/uva\/teachers\/samantha-contreras\/\">Samantha Contreras<\/a>\t\t<\/li>\n\t<\/ul><div class=\"links\">\n\t\n\t<a class=\"course-link-btn\" href=\"https:\/\/tlatelolcounam.mx\/uva\/classes\/danza-folklorica-mexicana\/\" title=\"Danza folkl\u00f3rica mexicana\">Inscr\u00edbete<i class=\"icon-edright-arrow-9\"><\/i><\/a>\n\n\t\t\n<\/div>\t\t\t\t\t\t\t<\/div>\n\t\t\t\t\t\t<\/div>\n\t\t\t\t\t\t\t\t\t\t\n\t\t\t\t\t\t\t\t\t\t\t<div>\n\t\t\t\t\t\t\t\t\t\t\t\t\t\t<div class=\"item-inner-wrap\">\n\t\t\t\t\t\t\t\t    <div class=\"img-container \">\n        <a href=\"https:\/\/tlatelolcounam.mx\/uva\/classes\/telar-de-cintura\/\" title=\"Telar de cintura\">\n        \t<img loading=\"lazy\" decoding=\"async\" width=\"768\" height=\"510\" src=\"https:\/\/tlatelolcounam.mx\/uva\/wp-content\/uploads\/2024\/01\/IMG_20241207_135309-1-scaled-768x510.jpg\" class=\"featured-course-thumb wp-post-image\" alt=\"\" \/>        <\/a>\n    <\/div>\n\n<h3 class=\"course-title\">\n    <a href=\"https:\/\/tlatelolcounam.mx\/uva\/classes\/telar-de-cintura\/\" title=\"Telar de cintura\">Telar de cintura<\/a>\n<\/h3>\n<ul class=\"course-meta\">\n\t<li>\n\t\t<i class=\"icon-edsuiteic_bookmark\"><\/i>\n\t\t<span class=\"label\">Modalidad:<\/span> Taller presencial\t<\/li>\n\t\t\t\n\t\t<li>\n\t\t\t<i class=\"icon-edsuiteic_account_circle\"><\/i>\n\t\t\t<span class=\"label\">Tallerista:<\/span> <a href=\"https:\/\/tlatelolcounam.mx\/uva\/teachers\/rocio-lugo\/\">Roc\u00edo Lugo<\/a>\t\t<\/li>\n\t<\/ul><div class=\"links\">\n\t\n\t<a class=\"course-link-btn\" href=\"https:\/\/tlatelolcounam.mx\/uva\/classes\/telar-de-cintura\/\" title=\"Telar de cintura\">Inscr\u00edbete<i class=\"icon-edright-arrow-9\"><\/i><\/a>\n\n\t\t\n<\/div>\t\t\t\t\t\t\t<\/div>\n\t\t\t\t\t\t<\/div>\n\t\t\t\t\t\t\t\t\t\t\n\t\t\t\t\t\t\t\t\t\t\t<div>\n\t\t\t\t\t\t\t\t\t\t\t\t\t\t<div class=\"item-inner-wrap\">\n\t\t\t\t\t\t\t\t    <div class=\"img-container \">\n        <a href=\"https:\/\/tlatelolcounam.mx\/uva\/classes\/atardecer\/\" title=\"Atardecer: movimiento som\u00e1tico para la plenitud\">\n        \t<img loading=\"lazy\" decoding=\"async\" width=\"768\" height=\"510\" src=\"https:\/\/tlatelolcounam.mx\/uva\/wp-content\/uploads\/2024\/01\/Atardecer-Movimiento-somatico-2-e1736297281371-768x510.jpeg\" class=\"featured-course-thumb wp-post-image\" alt=\"\" \/>        <\/a>\n    <\/div>\n\n<h3 class=\"course-title\">\n    <a href=\"https:\/\/tlatelolcounam.mx\/uva\/classes\/atardecer\/\" title=\"Atardecer: movimiento som\u00e1tico para la plenitud\">Atardecer: movimiento som\u00e1tico para la plenitud<\/a>\n<\/h3>\n<ul class=\"course-meta\">\n\t<li>\n\t\t<i class=\"icon-edsuiteic_bookmark\"><\/i>\n\t\t<span class=\"label\">Modalidad:<\/span> Taller presencial\t<\/li>\n\t\t\t\n\t\t<li>\n\t\t\t<i class=\"icon-edsuiteic_account_circle\"><\/i>\n\t\t\t<span class=\"label\">Tallerista:<\/span> <a href=\"https:\/\/tlatelolcounam.mx\/uva\/teachers\/laura-villeda\/\">Laura Villeda<\/a>\t\t<\/li>\n\t<\/ul><div class=\"links\">\n\t\n\t<a class=\"course-link-btn\" href=\"https:\/\/tlatelolcounam.mx\/uva\/classes\/atardecer\/\" title=\"Atardecer: movimiento som\u00e1tico para la plenitud\">Inscr\u00edbete<i class=\"icon-edright-arrow-9\"><\/i><\/a>\n\n\t\t\n<\/div>\t\t\t\t\t\t\t<\/div>\n\t\t\t\t\t\t<\/div>\n\t\t\t\t\t\t\t\t\t\t\n\t\t\t\t\t\t\t\t\t\t\t<div>\n\t\t\t\t\t\t\t\t\t\t\t\t\t\t<div class=\"item-inner-wrap\">\n\t\t\t\t\t\t\t\t    <div class=\"img-container \">\n        <a href=\"https:\/\/tlatelolcounam.mx\/uva\/classes\/standup\/\" title=\"Standup autobiogr\u00e1fico\">\n        \t<img loading=\"lazy\" decoding=\"async\" width=\"768\" height=\"510\" src=\"https:\/\/tlatelolcounam.mx\/uva\/wp-content\/uploads\/2023\/07\/Standup-3-scaled-768x510.jpg\" class=\"featured-course-thumb wp-post-image\" alt=\"\" srcset=\"https:\/\/tlatelolcounam.mx\/uva\/wp-content\/uploads\/2023\/07\/Standup-3-scaled-768x510.jpg 768w, https:\/\/tlatelolcounam.mx\/uva\/wp-content\/uploads\/2023\/07\/Standup-3-scaled-300x200.jpg 300w\" sizes=\"auto, (max-width: 768px) 100vw, 768px\" \/>        <\/a>\n    <\/div>\n\n<h3 class=\"course-title\">\n    <a href=\"https:\/\/tlatelolcounam.mx\/uva\/classes\/standup\/\" title=\"Standup autobiogr\u00e1fico\">Standup autobiogr\u00e1fico<\/a>\n<\/h3>\n<ul class=\"course-meta\">\n\t<li>\n\t\t<i class=\"icon-edsuiteic_bookmark\"><\/i>\n\t\t<span class=\"label\">Modalidad:<\/span> Taller presencial\t<\/li>\n\t\t\t\n\t\t<li>\n\t\t\t<i class=\"icon-edsuiteic_account_circle\"><\/i>\n\t\t\t<span class=\"label\">Tallerista:<\/span> <a href=\"https:\/\/tlatelolcounam.mx\/uva\/teachers\/itzel-arcos\/\">Itzel Arcos<\/a>\t\t<\/li>\n\t<\/ul><div class=\"links\">\n\t\n\t<a class=\"course-link-btn\" href=\"https:\/\/tlatelolcounam.mx\/uva\/classes\/standup\/\" title=\"Standup autobiogr\u00e1fico\">Inscr\u00edbete<i class=\"icon-edright-arrow-9\"><\/i><\/a>\n\n\t\t\n<\/div>\t\t\t\t\t\t\t<\/div>\n\t\t\t\t\t\t<\/div>\n\t\t\t\t\t\t\t\t\t\t\n\t\t\t\t\t\t\t\t\t\t\t<div>\n\t\t\t\t\t\t\t\t\t\t\t\t\t\t<div class=\"item-inner-wrap\">\n\t\t\t\t\t\t\t\t    <div class=\"img-container \">\n        <a href=\"https:\/\/tlatelolcounam.mx\/uva\/classes\/la-ciudad-al-desnudo\/\" title=\"La ciudad al desnudo: escritura creativa para paseantes\">\n        \t<img loading=\"lazy\" decoding=\"async\" width=\"768\" height=\"510\" src=\"https:\/\/tlatelolcounam.mx\/uva\/wp-content\/uploads\/2023\/07\/La-ciudad-al-desnudo-e1736381193820-768x510.jpg\" class=\"featured-course-thumb wp-post-image\" alt=\"\" \/>        <\/a>\n    <\/div>\n\n<h3 class=\"course-title\">\n    <a href=\"https:\/\/tlatelolcounam.mx\/uva\/classes\/la-ciudad-al-desnudo\/\" title=\"La ciudad al desnudo: escritura creativa para paseantes\">La ciudad al desnudo: escritura creativa para paseantes<\/a>\n<\/h3>\n<ul class=\"course-meta\">\n\t<li>\n\t\t<i class=\"icon-edsuiteic_bookmark\"><\/i>\n\t\t<span class=\"label\">Modalidad:<\/span> Taller Virtual\t<\/li>\n\t\t\t\n\t\t<li>\n\t\t\t<i class=\"icon-edsuiteic_account_circle\"><\/i>\n\t\t\t<span class=\"label\">Tallerista:<\/span> <a href=\"https:\/\/tlatelolcounam.mx\/uva\/teachers\/josue-ramirez\/\">Josu\u00e9 Ram\u00edrez<\/a>\t\t<\/li>\n\t<\/ul><div class=\"links\">\n\t\n\t<a class=\"course-link-btn\" href=\"https:\/\/tlatelolcounam.mx\/uva\/classes\/la-ciudad-al-desnudo\/\" title=\"La ciudad al desnudo: escritura creativa para paseantes\">Inscr\u00edbete<i class=\"icon-edright-arrow-9\"><\/i><\/a>\n\n\t\t\n<\/div>\t\t\t\t\t\t\t<\/div>\n\t\t\t\t\t\t<\/div>\n\t\t\t\t\t\t\t\t\t\t\n\t\t\t\t\t\t\t\t\t\t\t<div>\n\t\t\t\t\t\t\t\t\t\t\t\t\t\t<div class=\"item-inner-wrap\">\n\t\t\t\t\t\t\t\t    <div class=\"img-container \">\n        <a href=\"https:\/\/tlatelolcounam.mx\/uva\/classes\/canto\/\" title=\"Canto \u00a1AGOTADO!\">\n        \t<img loading=\"lazy\" decoding=\"async\" width=\"299\" height=\"361\" src=\"https:\/\/tlatelolcounam.mx\/uva\/wp-content\/uploads\/2023\/07\/Canto-1-299x361.jpg\" class=\"featured-course-thumb wp-post-image\" alt=\"\" srcset=\"https:\/\/tlatelolcounam.mx\/uva\/wp-content\/uploads\/2023\/07\/Canto-1.jpg 299w, https:\/\/tlatelolcounam.mx\/uva\/wp-content\/uploads\/2023\/07\/Canto-1-248x300.jpg 248w\" sizes=\"auto, (max-width: 299px) 100vw, 299px\" \/>        <\/a>\n    <\/div>\n\n<h3 class=\"course-title\">\n    <a href=\"https:\/\/tlatelolcounam.mx\/uva\/classes\/canto\/\" title=\"Canto \u00a1AGOTADO!\">Canto \u00a1AGOTADO!<\/a>\n<\/h3>\n<ul class=\"course-meta\">\n\t<li>\n\t\t<i class=\"icon-edsuiteic_bookmark\"><\/i>\n\t\t<span class=\"label\">Modalidad:<\/span> Taller presencial\t<\/li>\n\t\t\t\n\t\t<li>\n\t\t\t<i class=\"icon-edsuiteic_account_circle\"><\/i>\n\t\t\t<span class=\"label\">Tallerista:<\/span> <a href=\"https:\/\/tlatelolcounam.mx\/uva\/teachers\/tania-nicte-espindola\/\">Tania Nict\u00e9 Esp\u00edndola<\/a>\t\t<\/li>\n\t<\/ul><div class=\"links\">\n\t\n\t<a class=\"course-link-btn\" href=\"https:\/\/tlatelolcounam.mx\/uva\/classes\/canto\/\" title=\"Canto \u00a1AGOTADO!\">Inscr\u00edbete<i class=\"icon-edright-arrow-9\"><\/i><\/a>\n\n\t\t\n<\/div>\t\t\t\t\t\t\t<\/div>\n\t\t\t\t\t\t<\/div>\n\t\t\t\t\t\t\t\t\t\t\n\t\t\t\t\t\t\t\t\t\t\t<div>\n\t\t\t\t\t\t\t\t\t\t\t\t\t\t<div class=\"item-inner-wrap\">\n\t\t\t\t\t\t\t\t    <div class=\"img-container \">\n        <a href=\"https:\/\/tlatelolcounam.mx\/uva\/classes\/rueda-casino\/\" title=\"Rueda de Casino (salsa cubana) \u00a1AGOTADO!\">\n        \t<img loading=\"lazy\" decoding=\"async\" width=\"768\" height=\"510\" src=\"https:\/\/tlatelolcounam.mx\/uva\/wp-content\/uploads\/2023\/07\/rueda-1-1-768x510.jpg\" class=\"featured-course-thumb wp-post-image\" alt=\"\" \/>        <\/a>\n    <\/div>\n\n<h3 class=\"course-title\">\n    <a href=\"https:\/\/tlatelolcounam.mx\/uva\/classes\/rueda-casino\/\" title=\"Rueda de Casino (salsa cubana) \u00a1AGOTADO!\">Rueda de Casino (salsa cubana) \u00a1AGOTADO!<\/a>\n<\/h3>\n<ul class=\"course-meta\">\n\t<li>\n\t\t<i class=\"icon-edsuiteic_bookmark\"><\/i>\n\t\t<span class=\"label\">Modalidad:<\/span> Taller presencial\t<\/li>\n\t\t\t\n\t\t<li>\n\t\t\t<i class=\"icon-edsuiteic_account_circle\"><\/i>\n\t\t\t<span class=\"label\">Tallerista:<\/span> <a href=\"https:\/\/tlatelolcounam.mx\/uva\/teachers\/arely-jarquin\/\">Arely Jarqu\u00edn<\/a>\t\t<\/li>\n\t<\/ul><div class=\"links\">\n\t\n\t<a class=\"course-link-btn\" href=\"https:\/\/tlatelolcounam.mx\/uva\/classes\/rueda-casino\/\" title=\"Rueda de Casino (salsa cubana) \u00a1AGOTADO!\">Inscr\u00edbete<i class=\"icon-edright-arrow-9\"><\/i><\/a>\n\n\t\t\n<\/div>\t\t\t\t\t\t\t<\/div>\n\t\t\t\t\t\t<\/div>\n\t\t\t\t\t\t\t\t\t\t\n\t\t\t\t\t\t\t\t\t\t\t<div>\n\t\t\t\t\t\t\t\t\t\t\t\t\t\t<div class=\"item-inner-wrap\">\n\t\t\t\t\t\t\t\t    <div class=\"img-container \">\n        <a href=\"https:\/\/tlatelolcounam.mx\/uva\/classes\/cuerpos-que-cantan\/\" title=\"Cuerpos que cantan: Laboratorio de voz y movimiento\">\n        \t<img loading=\"lazy\" decoding=\"async\" width=\"768\" height=\"510\" src=\"https:\/\/tlatelolcounam.mx\/uva\/wp-content\/uploads\/2023\/07\/Cuerpos-que-cantan-1-scaled-768x510.jpg\" class=\"featured-course-thumb wp-post-image\" alt=\"\" \/>        <\/a>\n    <\/div>\n\n<h3 class=\"course-title\">\n    <a href=\"https:\/\/tlatelolcounam.mx\/uva\/classes\/cuerpos-que-cantan\/\" title=\"Cuerpos que cantan: Laboratorio de voz y movimiento\">Cuerpos que cantan: Laboratorio de voz y movimiento<\/a>\n<\/h3>\n<ul class=\"course-meta\">\n\t<li>\n\t\t<i class=\"icon-edsuiteic_bookmark\"><\/i>\n\t\t<span class=\"label\">Modalidad:<\/span> Taller presencial\t<\/li>\n\t\t\t\n\t\t<li>\n\t\t\t<i class=\"icon-edsuiteic_account_circle\"><\/i>\n\t\t\t<span class=\"label\">Tallerista:<\/span> <a href=\"https:\/\/tlatelolcounam.mx\/uva\/teachers\/juana-pabla-gonzalez\/\">Juana Pabla Ceballos Gonz\u00e1lez<\/a>\t\t<\/li>\n\t<\/ul><div class=\"links\">\n\t\n\t<a class=\"course-link-btn\" href=\"https:\/\/tlatelolcounam.mx\/uva\/classes\/cuerpos-que-cantan\/\" title=\"Cuerpos que cantan: Laboratorio de voz y movimiento\">Inscr\u00edbete<i class=\"icon-edright-arrow-9\"><\/i><\/a>\n\n\t\t\n<\/div>\t\t\t\t\t\t\t<\/div>\n\t\t\t\t\t\t<\/div>\n\t\t\t\t\t\t\t\t\t\t\n\t\t\t\t\t\t\t\t\t\t\t<div>\n\t\t\t\t\t\t\t\t\t\t\t\t\t\t<div class=\"item-inner-wrap\">\n\t\t\t\t\t\t\t\t    <div class=\"img-container \">\n        <a href=\"https:\/\/tlatelolcounam.mx\/uva\/classes\/laboratorio-de-fotografia-quimica\/\" title=\"Laboratorio de fotograf\u00eda qu\u00edmica \u00a1AGOTADO!\">\n        \t<img loading=\"lazy\" decoding=\"async\" width=\"768\" height=\"510\" src=\"https:\/\/tlatelolcounam.mx\/uva\/wp-content\/uploads\/2023\/07\/Fotografia-768x510.png\" class=\"featured-course-thumb wp-post-image\" alt=\"\" srcset=\"https:\/\/tlatelolcounam.mx\/uva\/wp-content\/uploads\/2023\/07\/Fotografia-768x510.png 768w, https:\/\/tlatelolcounam.mx\/uva\/wp-content\/uploads\/2023\/07\/Fotografia-300x199.png 300w, https:\/\/tlatelolcounam.mx\/uva\/wp-content\/uploads\/2023\/07\/Fotografia-1024x681.png 1024w, https:\/\/tlatelolcounam.mx\/uva\/wp-content\/uploads\/2023\/07\/Fotografia.png 1920w\" sizes=\"auto, (max-width: 768px) 100vw, 768px\" \/>        <\/a>\n    <\/div>\n\n<h3 class=\"course-title\">\n    <a href=\"https:\/\/tlatelolcounam.mx\/uva\/classes\/laboratorio-de-fotografia-quimica\/\" title=\"Laboratorio de fotograf\u00eda qu\u00edmica \u00a1AGOTADO!\">Laboratorio de fotograf\u00eda qu\u00edmica \u00a1AGOTADO!<\/a>\n<\/h3>\n<ul class=\"course-meta\">\n\t<li>\n\t\t<i class=\"icon-edsuiteic_bookmark\"><\/i>\n\t\t<span class=\"label\">Modalidad:<\/span> Taller presencial\t<\/li>\n\t\t\t\n\t\t<li>\n\t\t\t<i class=\"icon-edsuiteic_account_circle\"><\/i>\n\t\t\t<span class=\"label\">Tallerista:<\/span> <a href=\"https:\/\/tlatelolcounam.mx\/uva\/teachers\/emmanuel-galindo\/\">Emmanuel Galindo<\/a>\t\t<\/li>\n\t<\/ul><div class=\"links\">\n\t\n\t<a class=\"course-link-btn\" href=\"https:\/\/tlatelolcounam.mx\/uva\/classes\/laboratorio-de-fotografia-quimica\/\" title=\"Laboratorio de fotograf\u00eda qu\u00edmica \u00a1AGOTADO!\">Inscr\u00edbete<i class=\"icon-edright-arrow-9\"><\/i><\/a>\n\n\t\t\n<\/div>\t\t\t\t\t\t\t<\/div>\n\t\t\t\t\t\t<\/div>\n\t\t\t\t\t\t\t\t\t\t\n\t\t\t\t\t\t\t\t\t\t\t<div>\n\t\t\t\t\t\t\t\t\t\t\t\t\t\t<div class=\"item-inner-wrap\">\n\t\t\t\t\t\t\t\t    <div class=\"img-container \">\n        <a href=\"https:\/\/tlatelolcounam.mx\/uva\/classes\/centralradio\/\" title=\"Central Radio: Taller de Producci\u00f3n Radiof\u00f3nica\">\n        \t<img loading=\"lazy\" decoding=\"async\" width=\"768\" height=\"510\" src=\"https:\/\/tlatelolcounam.mx\/uva\/wp-content\/uploads\/2022\/12\/IMG_20241207_150807-scaled-768x510.jpg\" class=\"featured-course-thumb wp-post-image\" alt=\"\" \/>        <\/a>\n    <\/div>\n\n<h3 class=\"course-title\">\n    <a href=\"https:\/\/tlatelolcounam.mx\/uva\/classes\/centralradio\/\" title=\"Central Radio: Taller de Producci\u00f3n Radiof\u00f3nica\">Central Radio: Taller de Producci\u00f3n Radiof\u00f3nica<\/a>\n<\/h3>\n<ul class=\"course-meta\">\n\t<li>\n\t\t<i class=\"icon-edsuiteic_bookmark\"><\/i>\n\t\t<span class=\"label\">Modalidad:<\/span> Taller presencial\t<\/li>\n\t\t\t\n\t\t<li>\n\t\t\t<i class=\"icon-edsuiteic_account_circle\"><\/i>\n\t\t\t<span class=\"label\">Tallerista:<\/span> <a href=\"https:\/\/tlatelolcounam.mx\/uva\/teachers\/ricardo_alvarez\/\">Ricardo \u00c1lvarez<\/a>\t\t<\/li>\n\t<\/ul><div class=\"links\">\n\t\n\t<a class=\"course-link-btn\" href=\"https:\/\/tlatelolcounam.mx\/uva\/classes\/centralradio\/\" title=\"Central Radio: Taller de Producci\u00f3n Radiof\u00f3nica\">Inscr\u00edbete<i class=\"icon-edright-arrow-9\"><\/i><\/a>\n\n\t\t\n<\/div>\t\t\t\t\t\t\t<\/div>\n\t\t\t\t\t\t<\/div>\n\t\t\t\t\t\t\t\t\t\t\n\t\t\t\t\t\t\t\t\t\t\t<div>\n\t\t\t\t\t\t\t\t\t\t\t\t\t\t<div class=\"item-inner-wrap\">\n\t\t\t\t\t\t\t\t    <div class=\"img-container \">\n        <a href=\"https:\/\/tlatelolcounam.mx\/uva\/classes\/construyendopianistas\/\" title=\"Construyendo pianistas\">\n        \t<img loading=\"lazy\" decoding=\"async\" width=\"768\" height=\"510\" src=\"https:\/\/tlatelolcounam.mx\/uva\/wp-content\/uploads\/2022\/01\/Piano-1-768x510.jpg\" class=\"featured-course-thumb wp-post-image\" alt=\"\" srcset=\"https:\/\/tlatelolcounam.mx\/uva\/wp-content\/uploads\/2022\/01\/Piano-1-768x510.jpg 768w, https:\/\/tlatelolcounam.mx\/uva\/wp-content\/uploads\/2022\/01\/Piano-1-300x200.jpg 300w\" sizes=\"auto, (max-width: 768px) 100vw, 768px\" \/>        <\/a>\n    <\/div>\n\n<h3 class=\"course-title\">\n    <a href=\"https:\/\/tlatelolcounam.mx\/uva\/classes\/construyendopianistas\/\" title=\"Construyendo pianistas\">Construyendo pianistas<\/a>\n<\/h3>\n<ul class=\"course-meta\">\n\t<li>\n\t\t<i class=\"icon-edsuiteic_bookmark\"><\/i>\n\t\t<span class=\"label\">Modalidad:<\/span> Taller presencial\t<\/li>\n\t\t\t\n\t\t<li>\n\t\t\t<i class=\"icon-edsuiteic_account_circle\"><\/i>\n\t\t\t<span class=\"label\">Tallerista:<\/span> <a href=\"https:\/\/tlatelolcounam.mx\/uva\/teachers\/estefania-resendiz\/\">Estefan\u00eda Res\u00e9ndiz Pineda<\/a>\t\t<\/li>\n\t<\/ul><div class=\"links\">\n\t\n\t<a class=\"course-link-btn\" href=\"https:\/\/tlatelolcounam.mx\/uva\/classes\/construyendopianistas\/\" title=\"Construyendo pianistas\">Inscr\u00edbete<i class=\"icon-edright-arrow-9\"><\/i><\/a>\n\n\t\t\n<\/div>\t\t\t\t\t\t\t<\/div>\n\t\t\t\t\t\t<\/div>\n\t\t\t\t\t\t\t\t\t\t\n\t\t\t\t\t\t\t\t\t\t\t<div>\n\t\t\t\t\t\t\t\t\t\t\t\t\t\t<div class=\"item-inner-wrap\">\n\t\t\t\t\t\t\t\t    <div class=\"img-container \">\n        <a href=\"https:\/\/tlatelolcounam.mx\/uva\/classes\/salsaycumbia\/\" title=\"Salsa y cumbia \u00a1AGOTADO!\">\n        \t<img loading=\"lazy\" decoding=\"async\" width=\"768\" height=\"510\" src=\"https:\/\/tlatelolcounam.mx\/uva\/wp-content\/uploads\/2022\/12\/Salsa-y-cumbia-1-768x510.jpeg\" class=\"featured-course-thumb wp-post-image\" alt=\"\" \/>        <\/a>\n    <\/div>\n\n<h3 class=\"course-title\">\n    <a href=\"https:\/\/tlatelolcounam.mx\/uva\/classes\/salsaycumbia\/\" title=\"Salsa y cumbia \u00a1AGOTADO!\">Salsa y cumbia \u00a1AGOTADO!<\/a>\n<\/h3>\n<ul class=\"course-meta\">\n\t<li>\n\t\t<i class=\"icon-edsuiteic_bookmark\"><\/i>\n\t\t<span class=\"label\">Modalidad:<\/span> Taller presencial\t<\/li>\n\t\t\t\n\t\t<li>\n\t\t\t<i class=\"icon-edsuiteic_account_circle\"><\/i>\n\t\t\t<span class=\"label\">Tallerista:<\/span> <a href=\"https:\/\/tlatelolcounam.mx\/uva\/teachers\/daniel-jaime\/\">Daniel Jaime Guadalupe<\/a>\t\t<\/li>\n\t<\/ul><div class=\"links\">\n\t\n\t<a class=\"course-link-btn\" href=\"https:\/\/tlatelolcounam.mx\/uva\/classes\/salsaycumbia\/\" title=\"Salsa y cumbia \u00a1AGOTADO!\">Inscr\u00edbete<i class=\"icon-edright-arrow-9\"><\/i><\/a>\n\n\t\t\n<\/div>\t\t\t\t\t\t\t<\/div>\n\t\t\t\t\t\t<\/div>\n\t\t\t\t\t\t\t\t\t\t\n\t\t\t\t\t\t\t\t\t\t\t<div>\n\t\t\t\t\t\t\t\t\t\t\t\t\t\t<div class=\"item-inner-wrap\">\n\t\t\t\t\t\t\t\t    <div class=\"img-container \">\n        <a href=\"https:\/\/tlatelolcounam.mx\/uva\/classes\/mis-caderas-no-mienten\/\" title=\"Mis caderas no mienten: Movimiento expresivo femenino \u00a1AGOTADO!\">\n        \t<img loading=\"lazy\" decoding=\"async\" width=\"768\" height=\"510\" src=\"https:\/\/tlatelolcounam.mx\/uva\/wp-content\/uploads\/2022\/12\/IMG_20241206_183716-scaled-e1736192544279-768x510.jpg\" class=\"featured-course-thumb wp-post-image\" alt=\"\" \/>        <\/a>\n    <\/div>\n\n<h3 class=\"course-title\">\n    <a href=\"https:\/\/tlatelolcounam.mx\/uva\/classes\/mis-caderas-no-mienten\/\" title=\"Mis caderas no mienten: Movimiento expresivo femenino \u00a1AGOTADO!\">Mis caderas no mienten: Movimiento expresivo femenino \u00a1AGOTADO!<\/a>\n<\/h3>\n<ul class=\"course-meta\">\n\t<li>\n\t\t<i class=\"icon-edsuiteic_bookmark\"><\/i>\n\t\t<span class=\"label\">Modalidad:<\/span> Taller presencial\t<\/li>\n\t\t\t\n\t\t<li>\n\t\t\t<i class=\"icon-edsuiteic_account_circle\"><\/i>\n\t\t\t<span class=\"label\">Tallerista:<\/span> <a href=\"https:\/\/tlatelolcounam.mx\/uva\/teachers\/erandeni_yanez\/\">Er\u00e1ndeni Y\u00e1\u00f1ez<\/a>\t\t<\/li>\n\t<\/ul><div class=\"links\">\n\t\n\t<a class=\"course-link-btn\" href=\"https:\/\/tlatelolcounam.mx\/uva\/classes\/mis-caderas-no-mienten\/\" title=\"Mis caderas no mienten: Movimiento expresivo femenino \u00a1AGOTADO!\">Inscr\u00edbete<i class=\"icon-edright-arrow-9\"><\/i><\/a>\n\n\t\t\n<\/div>\t\t\t\t\t\t\t<\/div>\n\t\t\t\t\t\t<\/div>\n\t\t\t\t\t\t\t\t\t\t\n\t\t\t\t\t\t\t\t\t\t\t<div>\n\t\t\t\t\t\t\t\t\t\t\t\t\t\t<div class=\"item-inner-wrap\">\n\t\t\t\t\t\t\t\t    <div class=\"img-container \">\n        <a href=\"https:\/\/tlatelolcounam.mx\/uva\/classes\/taller-de-grabado\/\" title=\"T\u00e9cnicas alternativas de grabado \u00a1AGOTADO!\">\n        \t<img loading=\"lazy\" decoding=\"async\" width=\"768\" height=\"510\" src=\"https:\/\/tlatelolcounam.mx\/uva\/wp-content\/uploads\/2022\/12\/IMG_5302-scaled-768x510.jpg\" class=\"featured-course-thumb wp-post-image\" alt=\"\" \/>        <\/a>\n    <\/div>\n\n<h3 class=\"course-title\">\n    <a href=\"https:\/\/tlatelolcounam.mx\/uva\/classes\/taller-de-grabado\/\" title=\"T\u00e9cnicas alternativas de grabado \u00a1AGOTADO!\">T\u00e9cnicas alternativas de grabado \u00a1AGOTADO!<\/a>\n<\/h3>\n<ul class=\"course-meta\">\n\t<li>\n\t\t<i class=\"icon-edsuiteic_bookmark\"><\/i>\n\t\t<span class=\"label\">Modalidad:<\/span> Taller presencial\t<\/li>\n\t\t\t\n\t\t<li>\n\t\t\t<i class=\"icon-edsuiteic_account_circle\"><\/i>\n\t\t\t<span class=\"label\">Tallerista:<\/span> <a href=\"https:\/\/tlatelolcounam.mx\/uva\/teachers\/jeshua-sicardo\/\">Jeshua Sicardo<\/a>\t\t<\/li>\n\t<\/ul><div class=\"links\">\n\t\n\t<a class=\"course-link-btn\" href=\"https:\/\/tlatelolcounam.mx\/uva\/classes\/taller-de-grabado\/\" title=\"T\u00e9cnicas alternativas de grabado \u00a1AGOTADO!\">Inscr\u00edbete<i class=\"icon-edright-arrow-9\"><\/i><\/a>\n\n\t\t\n<\/div>\t\t\t\t\t\t\t<\/div>\n\t\t\t\t\t\t<\/div>\n\t\t\t\t\t\t\t\t\t\t\n\t\t\t\t\t\t\t\t\t\t\t<div>\n\t\t\t\t\t\t\t\t\t\t\t\t\t\t<div class=\"item-inner-wrap\">\n\t\t\t\t\t\t\t\t    <div class=\"img-container \">\n        <a href=\"https:\/\/tlatelolcounam.mx\/uva\/classes\/tecnicasdedibujo\/\" title=\"T\u00e9cnicas de dibujo\">\n        \t<img loading=\"lazy\" decoding=\"async\" width=\"768\" height=\"510\" src=\"https:\/\/tlatelolcounam.mx\/uva\/wp-content\/uploads\/2022\/12\/Tex-de-dibujo-web-scaled-768x510.jpg\" class=\"featured-course-thumb wp-post-image\" alt=\"\" \/>        <\/a>\n    <\/div>\n\n<h3 class=\"course-title\">\n    <a href=\"https:\/\/tlatelolcounam.mx\/uva\/classes\/tecnicasdedibujo\/\" title=\"T\u00e9cnicas de dibujo\">T\u00e9cnicas de dibujo<\/a>\n<\/h3>\n<ul class=\"course-meta\">\n\t<li>\n\t\t<i class=\"icon-edsuiteic_bookmark\"><\/i>\n\t\t<span class=\"label\">Modalidad:<\/span> Taller presencial\t<\/li>\n\t\t\t\n\t\t<li>\n\t\t\t<i class=\"icon-edsuiteic_account_circle\"><\/i>\n\t\t\t<span class=\"label\">Tallerista:<\/span> <a href=\"https:\/\/tlatelolcounam.mx\/uva\/teachers\/yadira-martinez\/\">Yadira Mart\u00ednez<\/a>\t\t<\/li>\n\t<\/ul><div class=\"links\">\n\t\n\t<a class=\"course-link-btn\" href=\"https:\/\/tlatelolcounam.mx\/uva\/classes\/tecnicasdedibujo\/\" title=\"T\u00e9cnicas de dibujo\">Inscr\u00edbete<i class=\"icon-edright-arrow-9\"><\/i><\/a>\n\n\t\t\n<\/div>\t\t\t\t\t\t\t<\/div>\n\t\t\t\t\t\t<\/div>\n\t\t\t\t\t\t\t\t\t\t\n\t\t\t\t\t\t\t\t\t\t\t<div>\n\t\t\t\t\t\t\t\t\t\t\t\t\t\t<div class=\"item-inner-wrap\">\n\t\t\t\t\t\t\t\t    <div class=\"img-container \">\n        <a href=\"https:\/\/tlatelolcounam.mx\/uva\/classes\/yogarestaurativa\/\" title=\"Yoga restaurativa \u00a1AGOTADO!\">\n        \t<img loading=\"lazy\" decoding=\"async\" width=\"768\" height=\"510\" src=\"https:\/\/tlatelolcounam.mx\/uva\/wp-content\/uploads\/2022\/12\/Yoga-restaurativa-768x510.jpg\" class=\"featured-course-thumb wp-post-image\" alt=\"\" \/>        <\/a>\n    <\/div>\n\n<h3 class=\"course-title\">\n    <a href=\"https:\/\/tlatelolcounam.mx\/uva\/classes\/yogarestaurativa\/\" title=\"Yoga restaurativa \u00a1AGOTADO!\">Yoga restaurativa \u00a1AGOTADO!<\/a>\n<\/h3>\n<ul class=\"course-meta\">\n\t<li>\n\t\t<i class=\"icon-edsuiteic_bookmark\"><\/i>\n\t\t<span class=\"label\">Modalidad:<\/span> Taller presencial\t<\/li>\n\t\t\t\n\t\t<li>\n\t\t\t<i class=\"icon-edsuiteic_account_circle\"><\/i>\n\t\t\t<span class=\"label\">Tallerista:<\/span> <a href=\"https:\/\/tlatelolcounam.mx\/uva\/teachers\/rocio-rojo\/\">Roc\u00edo Rojo<\/a>\t\t<\/li>\n\t<\/ul><div class=\"links\">\n\t\n\t<a class=\"course-link-btn\" href=\"https:\/\/tlatelolcounam.mx\/uva\/classes\/yogarestaurativa\/\" title=\"Yoga restaurativa \u00a1AGOTADO!\">Inscr\u00edbete<i class=\"icon-edright-arrow-9\"><\/i><\/a>\n\n\t\t\n<\/div>\t\t\t\t\t\t\t<\/div>\n\t\t\t\t\t\t<\/div>\n\t\t\t\t\t\t\t\t\t\t\n\t\t\t\t\t\t\t\t\t\t\t<div>\n\t\t\t\t\t\t\t\t\t\t\t\t\t\t<div class=\"item-inner-wrap\">\n\t\t\t\t\t\t\t\t    <div class=\"img-container \">\n        <a href=\"https:\/\/tlatelolcounam.mx\/uva\/classes\/sketchbook\/\" title=\"Sketchbook y el dibujo como experiencia\">\n        \t<img loading=\"lazy\" decoding=\"async\" width=\"768\" height=\"510\" src=\"https:\/\/tlatelolcounam.mx\/uva\/wp-content\/uploads\/2022\/01\/Sketchbook-web-scaled-768x510.jpg\" class=\"featured-course-thumb wp-post-image\" alt=\"\" \/>        <\/a>\n    <\/div>\n\n<h3 class=\"course-title\">\n    <a href=\"https:\/\/tlatelolcounam.mx\/uva\/classes\/sketchbook\/\" title=\"Sketchbook y el dibujo como experiencia\">Sketchbook y el dibujo como experiencia<\/a>\n<\/h3>\n<ul class=\"course-meta\">\n\t<li>\n\t\t<i class=\"icon-edsuiteic_bookmark\"><\/i>\n\t\t<span class=\"label\">Modalidad:<\/span> Taller presencial\t<\/li>\n\t\t\t\n\t\t<li>\n\t\t\t<i class=\"icon-edsuiteic_account_circle\"><\/i>\n\t\t\t<span class=\"label\">Tallerista:<\/span> <a href=\"https:\/\/tlatelolcounam.mx\/uva\/teachers\/yadira-martinez\/\">Yadira Mart\u00ednez<\/a>\t\t<\/li>\n\t<\/ul><div class=\"links\">\n\t\n\t<a class=\"course-link-btn\" href=\"https:\/\/tlatelolcounam.mx\/uva\/classes\/sketchbook\/\" title=\"Sketchbook y el dibujo como experiencia\">Inscr\u00edbete<i class=\"icon-edright-arrow-9\"><\/i><\/a>\n\n\t\t\n<\/div>\t\t\t\t\t\t\t<\/div>\n\t\t\t\t\t\t<\/div>\n\t\t\t\t\t\t\t\t\t\t\n\t\t\t\t\t\t\t\t\t\t\t<div>\n\t\t\t\t\t\t\t\t\t\t\t\t\t\t<div class=\"item-inner-wrap\">\n\t\t\t\t\t\t\t\t    <div class=\"img-container \">\n        <a href=\"https:\/\/tlatelolcounam.mx\/uva\/classes\/bachata\/\" title=\"Bachata \u00a1AGOTADO!\">\n        \t<img loading=\"lazy\" decoding=\"async\" width=\"720\" height=\"510\" src=\"https:\/\/tlatelolcounam.mx\/uva\/wp-content\/uploads\/2022\/01\/bachata-1-720x510.jpg\" class=\"featured-course-thumb wp-post-image\" alt=\"\" \/>        <\/a>\n    <\/div>\n\n<h3 class=\"course-title\">\n    <a href=\"https:\/\/tlatelolcounam.mx\/uva\/classes\/bachata\/\" title=\"Bachata \u00a1AGOTADO!\">Bachata \u00a1AGOTADO!<\/a>\n<\/h3>\n<ul class=\"course-meta\">\n\t<li>\n\t\t<i class=\"icon-edsuiteic_bookmark\"><\/i>\n\t\t<span class=\"label\">Modalidad:<\/span> Taller presencial\t<\/li>\n\t\t\t\n\t\t<li>\n\t\t\t<i class=\"icon-edsuiteic_account_circle\"><\/i>\n\t\t\t<span class=\"label\">Tallerista:<\/span> <a href=\"https:\/\/tlatelolcounam.mx\/uva\/teachers\/arely-jarquin\/\">Arely Jarqu\u00edn<\/a>\t\t<\/li>\n\t<\/ul><div class=\"links\">\n\t\n\t<a class=\"course-link-btn\" href=\"https:\/\/tlatelolcounam.mx\/uva\/classes\/bachata\/\" title=\"Bachata \u00a1AGOTADO!\">Inscr\u00edbete<i class=\"icon-edright-arrow-9\"><\/i><\/a>\n\n\t\t\n<\/div>\t\t\t\t\t\t\t<\/div>\n\t\t\t\t\t\t<\/div>\n\t\t\t\t\t\t\t\t\t\t\n\t\t\t\t\t\t\t\t\t\t\t<div>\n\t\t\t\t\t\t\t\t\t\t\t\t\t\t<div class=\"item-inner-wrap\">\n\t\t\t\t\t\t\t\t    <div class=\"img-container \">\n        <a href=\"https:\/\/tlatelolcounam.mx\/uva\/classes\/ballroom\/\" title=\"Ballroom: resistencia LGBTTTIQANb+ a trav\u00e9s del voguing\">\n        \t<img loading=\"lazy\" decoding=\"async\" width=\"768\" height=\"510\" src=\"https:\/\/tlatelolcounam.mx\/uva\/wp-content\/uploads\/2022\/01\/Ball-1-e1719812857705-768x510.webp\" class=\"featured-course-thumb wp-post-image\" alt=\"\" \/>        <\/a>\n    <\/div>\n\n<h3 class=\"course-title\">\n    <a href=\"https:\/\/tlatelolcounam.mx\/uva\/classes\/ballroom\/\" title=\"Ballroom: resistencia LGBTTTIQANb+ a trav\u00e9s del voguing\">Ballroom: resistencia LGBTTTIQANb+ a trav\u00e9s del voguing<\/a>\n<\/h3>\n<ul class=\"course-meta\">\n\t<li>\n\t\t<i class=\"icon-edsuiteic_bookmark\"><\/i>\n\t\t<span class=\"label\">Modalidad:<\/span> Taller presencial\t<\/li>\n\t\t\t\n\t\t<li>\n\t\t\t<i class=\"icon-edsuiteic_account_circle\"><\/i>\n\t\t\t<span class=\"label\">Tallerista:<\/span> <a href=\"https:\/\/tlatelolcounam.mx\/uva\/teachers\/kintsugi_magdalena\/\">Kintsugi Eriol Richards \"aka Elle Mill\u00e1n\"<\/a>\t\t<\/li>\n\t<\/ul><div class=\"links\">\n\t\n\t<a class=\"course-link-btn\" href=\"https:\/\/tlatelolcounam.mx\/uva\/classes\/ballroom\/\" title=\"Ballroom: resistencia LGBTTTIQANb+ a trav\u00e9s del voguing\">Inscr\u00edbete<i class=\"icon-edright-arrow-9\"><\/i><\/a>\n\n\t\t\n<\/div>\t\t\t\t\t\t\t<\/div>\n\t\t\t\t\t\t<\/div>\n\t\t\t\t\t\t\t\t\t\t\n\t\t\t\t\t\t\t\t\t\t\t<div>\n\t\t\t\t\t\t\t\t\t\t\t\t\t\t<div class=\"item-inner-wrap\">\n\t\t\t\t\t\t\t\t    <div class=\"img-container \">\n        <a href=\"https:\/\/tlatelolcounam.mx\/uva\/classes\/pilates\/\" title=\"Pilates \u00a1AGOTADO!\">\n        \t<img loading=\"lazy\" decoding=\"async\" width=\"768\" height=\"510\" src=\"https:\/\/tlatelolcounam.mx\/uva\/wp-content\/uploads\/2022\/01\/Pilates-3-scaled-768x510.jpg\" class=\"featured-course-thumb wp-post-image\" alt=\"\" \/>        <\/a>\n    <\/div>\n\n<h3 class=\"course-title\">\n    <a href=\"https:\/\/tlatelolcounam.mx\/uva\/classes\/pilates\/\" title=\"Pilates \u00a1AGOTADO!\">Pilates \u00a1AGOTADO!<\/a>\n<\/h3>\n<ul class=\"course-meta\">\n\t<li>\n\t\t<i class=\"icon-edsuiteic_bookmark\"><\/i>\n\t\t<span class=\"label\">Modalidad:<\/span> Taller presencial\t<\/li>\n\t\t\t\n\t\t<li>\n\t\t\t<i class=\"icon-edsuiteic_account_circle\"><\/i>\n\t\t\t<span class=\"label\">Tallerista:<\/span> <a href=\"https:\/\/tlatelolcounam.mx\/uva\/teachers\/enrique-zarate\/\">Enrique Z\u00e1rate<\/a>\t\t<\/li>\n\t<\/ul><div class=\"links\">\n\t\n\t<a class=\"course-link-btn\" href=\"https:\/\/tlatelolcounam.mx\/uva\/classes\/pilates\/\" title=\"Pilates \u00a1AGOTADO!\">Inscr\u00edbete<i class=\"icon-edright-arrow-9\"><\/i><\/a>\n\n\t\t\n<\/div>\t\t\t\t\t\t\t<\/div>\n\t\t\t\t\t\t<\/div>\n\t\t\t\t\t\t\t\t\t\t\n\t\t\t\t\t\t\t\t\t\t\t<div>\n\t\t\t\t\t\t\t\t\t\t\t\t\t\t<div class=\"item-inner-wrap\">\n\t\t\t\t\t\t\t\t    <div class=\"img-container \">\n        <a href=\"https:\/\/tlatelolcounam.mx\/uva\/classes\/tango\/\" title=\"Tango\">\n        \t<img loading=\"lazy\" decoding=\"async\" width=\"768\" height=\"510\" src=\"https:\/\/tlatelolcounam.mx\/uva\/wp-content\/uploads\/2022\/01\/Tango-c30-768x510.jpg\" class=\"featured-course-thumb wp-post-image\" alt=\"\" srcset=\"https:\/\/tlatelolcounam.mx\/uva\/wp-content\/uploads\/2022\/01\/Tango-c30-768x510.jpg 768w, https:\/\/tlatelolcounam.mx\/uva\/wp-content\/uploads\/2022\/01\/Tango-c30-300x200.jpg 300w\" sizes=\"auto, (max-width: 768px) 100vw, 768px\" \/>        <\/a>\n    <\/div>\n\n<h3 class=\"course-title\">\n    <a href=\"https:\/\/tlatelolcounam.mx\/uva\/classes\/tango\/\" title=\"Tango\">Tango<\/a>\n<\/h3>\n<ul class=\"course-meta\">\n\t<li>\n\t\t<i class=\"icon-edsuiteic_bookmark\"><\/i>\n\t\t<span class=\"label\">Modalidad:<\/span> Taller presencial\t<\/li>\n\t\t\t\n\t\t<li>\n\t\t\t<i class=\"icon-edsuiteic_account_circle\"><\/i>\n\t\t\t<span class=\"label\">Tallerista:<\/span> <a href=\"https:\/\/tlatelolcounam.mx\/uva\/teachers\/uriel-moran\/\">Uriel Mor\u00e1n<\/a>\t\t<\/li>\n\t<\/ul><div class=\"links\">\n\t\n\t<a class=\"course-link-btn\" href=\"https:\/\/tlatelolcounam.mx\/uva\/classes\/tango\/\" title=\"Tango\">Inscr\u00edbete<i class=\"icon-edright-arrow-9\"><\/i><\/a>\n\n\t\t\n<\/div>\t\t\t\t\t\t\t<\/div>\n\t\t\t\t\t\t<\/div>\n\t\t\t\t\t\t\t\t\t\t\n\t\t\t\t\t\t\t\t\t\t\t<div>\n\t\t\t\t\t\t\t\t\t\t\t\t\t\t<div class=\"item-inner-wrap\">\n\t\t\t\t\t\t\t\t    <div class=\"img-container \">\n        <a href=\"https:\/\/tlatelolcounam.mx\/uva\/classes\/yogadrills\/\" title=\"Yoga Drills: habita tu cuerpo, cultiva tu mente \u00a1AGOTADO!\">\n        \t<img loading=\"lazy\" decoding=\"async\" width=\"768\" height=\"510\" src=\"https:\/\/tlatelolcounam.mx\/uva\/wp-content\/uploads\/2022\/01\/Yoga-Drills-corta-768x510.jpeg\" class=\"featured-course-thumb wp-post-image\" alt=\"\" \/>        <\/a>\n    <\/div>\n\n<h3 class=\"course-title\">\n    <a href=\"https:\/\/tlatelolcounam.mx\/uva\/classes\/yogadrills\/\" title=\"Yoga Drills: habita tu cuerpo, cultiva tu mente \u00a1AGOTADO!\">Yoga Drills: habita tu cuerpo, cultiva tu mente \u00a1AGOTADO!<\/a>\n<\/h3>\n<ul class=\"course-meta\">\n\t<li>\n\t\t<i class=\"icon-edsuiteic_bookmark\"><\/i>\n\t\t<span class=\"label\">Modalidad:<\/span> Taller presencial\t<\/li>\n\t\t\t\n\t\t<li>\n\t\t\t<i class=\"icon-edsuiteic_account_circle\"><\/i>\n\t\t\t<span class=\"label\">Tallerista:<\/span> <a href=\"https:\/\/tlatelolcounam.mx\/uva\/teachers\/mahendra-equihua\/\">Mahendra Equihua<\/a>\t\t<\/li>\n\t<\/ul><div class=\"links\">\n\t\n\t<a class=\"course-link-btn\" href=\"https:\/\/tlatelolcounam.mx\/uva\/classes\/yogadrills\/\" title=\"Yoga Drills: habita tu cuerpo, cultiva tu mente \u00a1AGOTADO!\">Inscr\u00edbete<i class=\"icon-edright-arrow-9\"><\/i><\/a>\n\n\t\t\n<\/div>\t\t\t\t\t\t\t<\/div>\n\t\t\t\t\t\t<\/div>\n\t\t\t\t\t\t\t\t\t\t\n\t\t\t\t\t\t\t\t\t\t\t<div>\n\t\t\t\t\t\t\t\t\t\t\t\t\t\t<div class=\"item-inner-wrap\">\n\t\t\t\t\t\t\t\t    <div class=\"img-container \">\n        <a href=\"https:\/\/tlatelolcounam.mx\/uva\/classes\/danza_aerea\/\" title=\"Danza a\u00e9rea \u00a1AGOTADO!\">\n        \t<img loading=\"lazy\" decoding=\"async\" width=\"768\" height=\"510\" src=\"https:\/\/tlatelolcounam.mx\/uva\/wp-content\/uploads\/2022\/01\/aerea1-768x510.jpeg\" class=\"featured-course-thumb wp-post-image\" alt=\"\" \/>        <\/a>\n    <\/div>\n\n<h3 class=\"course-title\">\n    <a href=\"https:\/\/tlatelolcounam.mx\/uva\/classes\/danza_aerea\/\" title=\"Danza a\u00e9rea \u00a1AGOTADO!\">Danza a\u00e9rea \u00a1AGOTADO!<\/a>\n<\/h3>\n<ul class=\"course-meta\">\n\t<li>\n\t\t<i class=\"icon-edsuiteic_bookmark\"><\/i>\n\t\t<span class=\"label\">Modalidad:<\/span> Taller presencial\t<\/li>\n\t\t\t\n\t\t<li>\n\t\t\t<i class=\"icon-edsuiteic_account_circle\"><\/i>\n\t\t\t<span class=\"label\">Tallerista:<\/span> <a href=\"https:\/\/tlatelolcounam.mx\/uva\/teachers\/aitsa_vega\/\">Aitsa Diana Vega<\/a>\t\t<\/li>\n\t<\/ul><div class=\"links\">\n\t\n\t<a class=\"course-link-btn\" href=\"https:\/\/tlatelolcounam.mx\/uva\/classes\/danza_aerea\/\" title=\"Danza a\u00e9rea \u00a1AGOTADO!\">Inscr\u00edbete<i class=\"icon-edright-arrow-9\"><\/i><\/a>\n\n\t\t\n<\/div>\t\t\t\t\t\t\t<\/div>\n\t\t\t\t\t\t<\/div>\n\t\t\t\t\t\t\t\t\t\t\n\t\t\t\t\t\t\t\t\t\t\t<div>\n\t\t\t\t\t\t\t\t\t\t\t\t\t\t<div class=\"item-inner-wrap\">\n\t\t\t\t\t\t\t\t    <div class=\"img-container \">\n        <a href=\"https:\/\/tlatelolcounam.mx\/uva\/classes\/boxeo\/\" title=\"Boxeo \u00a1AGOTADO!\">\n        \t<img loading=\"lazy\" decoding=\"async\" width=\"768\" height=\"510\" src=\"https:\/\/tlatelolcounam.mx\/uva\/wp-content\/uploads\/2022\/01\/Boxeo-scaled-768x510.jpg\" class=\"featured-course-thumb wp-post-image\" alt=\"\" \/>        <\/a>\n    <\/div>\n\n<h3 class=\"course-title\">\n    <a href=\"https:\/\/tlatelolcounam.mx\/uva\/classes\/boxeo\/\" title=\"Boxeo \u00a1AGOTADO!\">Boxeo \u00a1AGOTADO!<\/a>\n<\/h3>\n<ul class=\"course-meta\">\n\t<li>\n\t\t<i class=\"icon-edsuiteic_bookmark\"><\/i>\n\t\t<span class=\"label\">Modalidad:<\/span> Taller presencial\t<\/li>\n\t\t\t\n\t\t<li>\n\t\t\t<i class=\"icon-edsuiteic_account_circle\"><\/i>\n\t\t\t<span class=\"label\">Tallerista:<\/span> <a href=\"https:\/\/tlatelolcounam.mx\/uva\/teachers\/hugo_martinez\/\">H\u00e9ctor Fern\u00e1ndez | Round 12 Boxing Club<\/a>\t\t<\/li>\n\t<\/ul><div class=\"links\">\n\t\n\t<a class=\"course-link-btn\" href=\"https:\/\/tlatelolcounam.mx\/uva\/classes\/boxeo\/\" title=\"Boxeo \u00a1AGOTADO!\">Inscr\u00edbete<i class=\"icon-edright-arrow-9\"><\/i><\/a>\n\n\t\t\n<\/div>\t\t\t\t\t\t\t<\/div>\n\t\t\t\t\t\t<\/div>\n\t\t\t\t\t\t\t\t\t\t\n\t\t\t\t\t\t\t\t\t\t\t<div>\n\t\t\t\t\t\t\t\t\t\t\t\t\t\t<div class=\"item-inner-wrap\">\n\t\t\t\t\t\t\t\t    <div class=\"img-container \">\n        <a href=\"https:\/\/tlatelolcounam.mx\/uva\/classes\/serpresente\/\" title=\"Ser presente: Cuerpo, gravedad y ligereza\">\n        \t<img loading=\"lazy\" decoding=\"async\" width=\"768\" height=\"510\" src=\"https:\/\/tlatelolcounam.mx\/uva\/wp-content\/uploads\/2022\/01\/Ser-presente-2-scaled-768x510.jpg\" class=\"featured-course-thumb wp-post-image\" alt=\"\" srcset=\"https:\/\/tlatelolcounam.mx\/uva\/wp-content\/uploads\/2022\/01\/Ser-presente-2-scaled-768x510.jpg 768w, https:\/\/tlatelolcounam.mx\/uva\/wp-content\/uploads\/2022\/01\/Ser-presente-2-scaled-300x200.jpg 300w\" sizes=\"auto, (max-width: 768px) 100vw, 768px\" \/>        <\/a>\n    <\/div>\n\n<h3 class=\"course-title\">\n    <a href=\"https:\/\/tlatelolcounam.mx\/uva\/classes\/serpresente\/\" title=\"Ser presente: Cuerpo, gravedad y ligereza\">Ser presente: Cuerpo, gravedad y ligereza<\/a>\n<\/h3>\n<ul class=\"course-meta\">\n\t<li>\n\t\t<i class=\"icon-edsuiteic_bookmark\"><\/i>\n\t\t<span class=\"label\">Modalidad:<\/span> Taller presencial\t<\/li>\n\t\t\t\n\t\t<li>\n\t\t\t<i class=\"icon-edsuiteic_account_circle\"><\/i>\n\t\t\t<span class=\"label\">Tallerista:<\/span> <a href=\"https:\/\/tlatelolcounam.mx\/uva\/teachers\/sandra-milena-gomez\/\">Sandra Milena G\u00f3mez<\/a>\t\t<\/li>\n\t<\/ul><div class=\"links\">\n\t\n\t<a class=\"course-link-btn\" href=\"https:\/\/tlatelolcounam.mx\/uva\/classes\/serpresente\/\" title=\"Ser presente: Cuerpo, gravedad y ligereza\">Inscr\u00edbete<i class=\"icon-edright-arrow-9\"><\/i><\/a>\n\n\t\t\n<\/div>\t\t\t\t\t\t\t<\/div>\n\t\t\t\t\t\t<\/div>\n\t\t\t\t\t\t\t\t\t\t\n\t\t\t\t\t\t\t\t\t\t\t<div>\n\t\t\t\t\t\t\t\t\t\t\t\t\t\t<div class=\"item-inner-wrap\">\n\t\t\t\t\t\t\t\t    <div class=\"img-container \">\n        <a href=\"https:\/\/tlatelolcounam.mx\/uva\/classes\/piano\/\" title=\"Piano: apreciaci\u00f3n musical e interpretaci\u00f3n \u00a1AGOTADO!\">\n        \t<img loading=\"lazy\" decoding=\"async\" width=\"768\" height=\"510\" src=\"https:\/\/tlatelolcounam.mx\/uva\/wp-content\/uploads\/2022\/12\/Construyendo-pianistas-scaled-768x510.jpg\" class=\"featured-course-thumb wp-post-image\" alt=\"\" srcset=\"https:\/\/tlatelolcounam.mx\/uva\/wp-content\/uploads\/2022\/12\/Construyendo-pianistas-scaled-768x510.jpg 768w, https:\/\/tlatelolcounam.mx\/uva\/wp-content\/uploads\/2022\/12\/Construyendo-pianistas-scaled-300x200.jpg 300w\" sizes=\"auto, (max-width: 768px) 100vw, 768px\" \/>        <\/a>\n    <\/div>\n\n<h3 class=\"course-title\">\n    <a href=\"https:\/\/tlatelolcounam.mx\/uva\/classes\/piano\/\" title=\"Piano: apreciaci\u00f3n musical e interpretaci\u00f3n \u00a1AGOTADO!\">Piano: apreciaci\u00f3n musical e interpretaci\u00f3n \u00a1AGOTADO!<\/a>\n<\/h3>\n<ul class=\"course-meta\">\n\t<li>\n\t\t<i class=\"icon-edsuiteic_bookmark\"><\/i>\n\t\t<span class=\"label\">Modalidad:<\/span> Taller presencial\t<\/li>\n\t\t\t\n\t\t<li>\n\t\t\t<i class=\"icon-edsuiteic_account_circle\"><\/i>\n\t\t\t<span class=\"label\">Tallerista:<\/span> <a href=\"https:\/\/tlatelolcounam.mx\/uva\/teachers\/estefania-resendiz\/\">Estefan\u00eda Res\u00e9ndiz Pineda<\/a>\t\t<\/li>\n\t<\/ul><div class=\"links\">\n\t\n\t<a class=\"course-link-btn\" href=\"https:\/\/tlatelolcounam.mx\/uva\/classes\/piano\/\" title=\"Piano: apreciaci\u00f3n musical e interpretaci\u00f3n \u00a1AGOTADO!\">Inscr\u00edbete<i class=\"icon-edright-arrow-9\"><\/i><\/a>\n\n\t\t\n<\/div>\t\t\t\t\t\t\t<\/div>\n\t\t\t\t\t\t<\/div>\n\t\t\t\t\t\t\t\t\t\t\n\t\t\t\t\t\t\t\t\t\t\t<div>\n\t\t\t\t\t\t\t\t\t\t\t\t\t\t<div class=\"item-inner-wrap\">\n\t\t\t\t\t\t\t\t    <div class=\"img-container \">\n        <a href=\"https:\/\/tlatelolcounam.mx\/uva\/classes\/maquillaje-para-todxs-intensivo\/\" title=\"Automaquillaje para todxs \u00a1INTENSIVO!\">\n        \t<img loading=\"lazy\" decoding=\"async\" width=\"768\" height=\"510\" src=\"https:\/\/tlatelolcounam.mx\/uva\/wp-content\/uploads\/2022\/01\/Maquillaje-768x510.jpg\" class=\"featured-course-thumb wp-post-image\" alt=\"\" \/>        <\/a>\n    <\/div>\n\n<h3 class=\"course-title\">\n    <a href=\"https:\/\/tlatelolcounam.mx\/uva\/classes\/maquillaje-para-todxs-intensivo\/\" title=\"Automaquillaje para todxs \u00a1INTENSIVO!\">Automaquillaje para todxs \u00a1INTENSIVO!<\/a>\n<\/h3>\n<ul class=\"course-meta\">\n\t<li>\n\t\t<i class=\"icon-edsuiteic_bookmark\"><\/i>\n\t\t<span class=\"label\">Modalidad:<\/span> Taller presencial intensivo\t<\/li>\n\t\t\t\n\t\t<li>\n\t\t\t<i class=\"icon-edsuiteic_account_circle\"><\/i>\n\t\t\t<span class=\"label\">Tallerista:<\/span> <a href=\"https:\/\/tlatelolcounam.mx\/uva\/teachers\/yovanneelly-hernandez\/\">Yovanneelly Hern\u00e1ndez<\/a>\t\t<\/li>\n\t<\/ul><div class=\"links\">\n\t\n\t<a class=\"course-link-btn\" href=\"https:\/\/tlatelolcounam.mx\/uva\/classes\/maquillaje-para-todxs-intensivo\/\" title=\"Automaquillaje para todxs \u00a1INTENSIVO!\">Inscr\u00edbete<i class=\"icon-edright-arrow-9\"><\/i><\/a>\n\n\t\t\n<\/div>\t\t\t\t\t\t\t<\/div>\n\t\t\t\t\t\t<\/div>\n\t\t\t\t\t\t\t\t\t\t\n\t\t\t\t\t\t\t\t\t\t\t<div>\n\t\t\t\t\t\t\t\t\t\t\t\t\t\t<div class=\"item-inner-wrap\">\n\t\t\t\t\t\t\t\t    <div class=\"img-container \">\n        <a href=\"https:\/\/tlatelolcounam.mx\/uva\/classes\/sembrando_musica\/\" title=\"Sembrando m\u00fasica Sotavento (Son Jarocho)\">\n        \t<img loading=\"lazy\" decoding=\"async\" width=\"768\" height=\"510\" src=\"https:\/\/tlatelolcounam.mx\/uva\/wp-content\/uploads\/2022\/01\/Sembrando-musica-1-768x510.jpg\" class=\"featured-course-thumb wp-post-image\" alt=\"\" \/>        <\/a>\n    <\/div>\n\n<h3 class=\"course-title\">\n    <a href=\"https:\/\/tlatelolcounam.mx\/uva\/classes\/sembrando_musica\/\" title=\"Sembrando m\u00fasica Sotavento (Son Jarocho)\">Sembrando m\u00fasica Sotavento (Son Jarocho)<\/a>\n<\/h3>\n<ul class=\"course-meta\">\n\t<li>\n\t\t<i class=\"icon-edsuiteic_bookmark\"><\/i>\n\t\t<span class=\"label\">Modalidad:<\/span> Taller presencial\t<\/li>\n\t\t\t\n\t\t<li>\n\t\t\t<i class=\"icon-edsuiteic_account_circle\"><\/i>\n\t\t\t<span class=\"label\">Tallerista:<\/span> <a href=\"https:\/\/tlatelolcounam.mx\/uva\/teachers\/tozcayaani_voces_viajeras\/\">Mar\u00eda Fernanda S\u00e1nchez | Tozcayaani Voces viajeras<\/a>, <a href=\"https:\/\/tlatelolcounam.mx\/uva\/teachers\/rafael_cruz\/\">Rafael Cruz | Tozcayaani Voces Viajeras<\/a>\t\t<\/li>\n\t<\/ul><div class=\"links\">\n\t\n\t<a class=\"course-link-btn\" href=\"https:\/\/tlatelolcounam.mx\/uva\/classes\/sembrando_musica\/\" title=\"Sembrando m\u00fasica Sotavento (Son Jarocho)\">Inscr\u00edbete<i class=\"icon-edright-arrow-9\"><\/i><\/a>\n\n\t\t\n<\/div>\t\t\t\t\t\t\t<\/div>\n\t\t\t\t\t\t<\/div>\n\t\t\t\t\t\t\t\t\t\t\n\t\t\t\t\t\t\t\t\t\t\t<div>\n\t\t\t\t\t\t\t\t\t\t\t\t\t\t<div class=\"item-inner-wrap\">\n\t\t\t\t\t\t\t\t    <div class=\"img-container \">\n        <a href=\"https:\/\/tlatelolcounam.mx\/uva\/classes\/ukulele\/\" title=\"Ukulele\">\n        \t<img loading=\"lazy\" decoding=\"async\" width=\"768\" height=\"510\" src=\"https:\/\/tlatelolcounam.mx\/uva\/wp-content\/uploads\/2022\/01\/Ukule-2026-1-2-4-768x510.jpg\" class=\"featured-course-thumb wp-post-image\" alt=\"\" \/>        <\/a>\n    <\/div>\n\n<h3 class=\"course-title\">\n    <a href=\"https:\/\/tlatelolcounam.mx\/uva\/classes\/ukulele\/\" title=\"Ukulele\">Ukulele<\/a>\n<\/h3>\n<ul class=\"course-meta\">\n\t<li>\n\t\t<i class=\"icon-edsuiteic_bookmark\"><\/i>\n\t\t<span class=\"label\">Modalidad:<\/span> Taller presencial\t<\/li>\n\t\t\t\n\t\t<li>\n\t\t\t<i class=\"icon-edsuiteic_account_circle\"><\/i>\n\t\t\t<span class=\"label\">Tallerista:<\/span> <a href=\"https:\/\/tlatelolcounam.mx\/uva\/teachers\/octavio-arrellin\/\">Octavio Arrell\u00edn<\/a>\t\t<\/li>\n\t<\/ul><div class=\"links\">\n\t\n\t<a class=\"course-link-btn\" href=\"https:\/\/tlatelolcounam.mx\/uva\/classes\/ukulele\/\" title=\"Ukulele\">Inscr\u00edbete<i class=\"icon-edright-arrow-9\"><\/i><\/a>\n\n\t\t\n<\/div>\t\t\t\t\t\t\t<\/div>\n\t\t\t\t\t\t<\/div>\n\t\t\t\t\t\t\t\t\t\t\n\t\t\t\t\t\t\t\t\t\t\t<div>\n\t\t\t\t\t\t\t\t\t\t\t\t\t\t<div class=\"item-inner-wrap\">\n\t\t\t\t\t\t\t\t    <div class=\"img-container \">\n        <a href=\"https:\/\/tlatelolcounam.mx\/uva\/classes\/percusiones\/\" title=\"Percusiones: aprendiendo a escuchar tocando\">\n        \t<img loading=\"lazy\" decoding=\"async\" width=\"768\" height=\"510\" src=\"https:\/\/tlatelolcounam.mx\/uva\/wp-content\/uploads\/2022\/01\/Percusiones-768x510.jpg\" class=\"featured-course-thumb wp-post-image\" alt=\"\" \/>        <\/a>\n    <\/div>\n\n<h3 class=\"course-title\">\n    <a href=\"https:\/\/tlatelolcounam.mx\/uva\/classes\/percusiones\/\" title=\"Percusiones: aprendiendo a escuchar tocando\">Percusiones: aprendiendo a escuchar tocando<\/a>\n<\/h3>\n<ul class=\"course-meta\">\n\t<li>\n\t\t<i class=\"icon-edsuiteic_bookmark\"><\/i>\n\t\t<span class=\"label\">Modalidad:<\/span> Taller presencial\t<\/li>\n\t\t\t\n\t\t<li>\n\t\t\t<i class=\"icon-edsuiteic_account_circle\"><\/i>\n\t\t\t<span class=\"label\">Tallerista:<\/span> <a href=\"https:\/\/tlatelolcounam.mx\/uva\/teachers\/michelle_lagos\/\">Michelle Lagos<\/a>\t\t<\/li>\n\t<\/ul><div class=\"links\">\n\t\n\t<a class=\"course-link-btn\" href=\"https:\/\/tlatelolcounam.mx\/uva\/classes\/percusiones\/\" title=\"Percusiones: aprendiendo a escuchar tocando\">Inscr\u00edbete<i class=\"icon-edright-arrow-9\"><\/i><\/a>\n\n\t\t\n<\/div>\t\t\t\t\t\t\t<\/div>\n\t\t\t\t\t\t<\/div>\n\t\t\t\t\t\t\t\t\t\t\n\t\t\t\t\t\t\t\t\t\t\t<div>\n\t\t\t\t\t\t\t\t\t\t\t\t\t\t<div class=\"item-inner-wrap\">\n\t\t\t\t\t\t\t\t    <div class=\"img-container \">\n        <a href=\"https:\/\/tlatelolcounam.mx\/uva\/classes\/kotona\/\" title=\"Kotona: Archivo textil del cuidado \u00a1NUEVO!\">\n        \t<img loading=\"lazy\" decoding=\"async\" width=\"768\" height=\"510\" src=\"https:\/\/tlatelolcounam.mx\/uva\/wp-content\/uploads\/2021\/08\/Kotona-2026-1-768x510.png\" class=\"featured-course-thumb wp-post-image\" alt=\"\" \/>        <\/a>\n    <\/div>\n\n<h3 class=\"course-title\">\n    <a href=\"https:\/\/tlatelolcounam.mx\/uva\/classes\/kotona\/\" title=\"Kotona: Archivo textil del cuidado \u00a1NUEVO!\">Kotona: Archivo textil del cuidado \u00a1NUEVO!<\/a>\n<\/h3>\n<ul class=\"course-meta\">\n\t<li>\n\t\t<i class=\"icon-edsuiteic_bookmark\"><\/i>\n\t\t<span class=\"label\">Modalidad:<\/span> Taller presencial\t<\/li>\n\t\t\t\n\t\t<li>\n\t\t\t<i class=\"icon-edsuiteic_account_circle\"><\/i>\n\t\t\t<span class=\"label\">Tallerista:<\/span> <a href=\"https:\/\/tlatelolcounam.mx\/uva\/teachers\/lorena-flores\/\">Lore Flores<\/a>\t\t<\/li>\n\t<\/ul><div class=\"links\">\n\t\n\t<a class=\"course-link-btn\" href=\"https:\/\/tlatelolcounam.mx\/uva\/classes\/kotona\/\" title=\"Kotona: Archivo textil del cuidado \u00a1NUEVO!\">Inscr\u00edbete<i class=\"icon-edright-arrow-9\"><\/i><\/a>\n\n\t\t\n<\/div>\t\t\t\t\t\t\t<\/div>\n\t\t\t\t\t\t<\/div>\n\t\t\t\t\t\t\t\t\t\t\n\t\t\t\t\t\t\t\t\t\t\t<div>\n\t\t\t\t\t\t\t\t\t\t\t\t\t\t<div class=\"item-inner-wrap\">\n\t\t\t\t\t\t\t\t    <div class=\"img-container \">\n        <a href=\"https:\/\/tlatelolcounam.mx\/uva\/classes\/tecnica-alexander\/\" title=\"T\u00e9cnica Alexander: laboratorio sobre nuestro cuerpo, mente, movimiento, respiraci\u00f3n y voz\">\n        \t<img loading=\"lazy\" decoding=\"async\" width=\"749\" height=\"510\" src=\"https:\/\/tlatelolcounam.mx\/uva\/wp-content\/uploads\/2020\/09\/Tecnica-Alexander-e1719901072854-749x510.jpeg\" class=\"featured-course-thumb wp-post-image\" alt=\"\" \/>        <\/a>\n    <\/div>\n\n<h3 class=\"course-title\">\n    <a href=\"https:\/\/tlatelolcounam.mx\/uva\/classes\/tecnica-alexander\/\" title=\"T\u00e9cnica Alexander: laboratorio sobre nuestro cuerpo, mente, movimiento, respiraci\u00f3n y voz\">T\u00e9cnica Alexander: laboratorio sobre nuestro cuerpo, mente, movimiento, respiraci\u00f3n y voz<\/a>\n<\/h3>\n<ul class=\"course-meta\">\n\t<li>\n\t\t<i class=\"icon-edsuiteic_bookmark\"><\/i>\n\t\t<span class=\"label\">Modalidad:<\/span> Taller presencial\t<\/li>\n\t\t\t\n\t\t<li>\n\t\t\t<i class=\"icon-edsuiteic_account_circle\"><\/i>\n\t\t\t<span class=\"label\">Tallerista:<\/span> <a href=\"https:\/\/tlatelolcounam.mx\/uva\/teachers\/judith-inda\/\">Judith Inda - Valencia<\/a>\t\t<\/li>\n\t<\/ul><div class=\"links\">\n\t\n\t<a class=\"course-link-btn\" href=\"https:\/\/tlatelolcounam.mx\/uva\/classes\/tecnica-alexander\/\" title=\"T\u00e9cnica Alexander: laboratorio sobre nuestro cuerpo, mente, movimiento, respiraci\u00f3n y voz\">Inscr\u00edbete<i class=\"icon-edright-arrow-9\"><\/i><\/a>\n\n\t\t\n<\/div>\t\t\t\t\t\t\t<\/div>\n\t\t\t\t\t\t<\/div>\n\t\t\t\t\t\t\t\t\t\t\n\t\t\t\t\t\t\t\t\t\t\t<div>\n\t\t\t\t\t\t\t\t\t\t\t\t\t\t<div class=\"item-inner-wrap\">\n\t\t\t\t\t\t\t\t    <div class=\"img-container \">\n        <a href=\"https:\/\/tlatelolcounam.mx\/uva\/classes\/taller-de-poesia\/\" title=\"Taller de poes\u00eda &quot;Siempre a deshoras&quot;\">\n        \t<img loading=\"lazy\" decoding=\"async\" width=\"768\" height=\"510\" src=\"https:\/\/tlatelolcounam.mx\/uva\/wp-content\/uploads\/2020\/09\/Taller-de-Poesia-28-768x510.jpg\" class=\"featured-course-thumb wp-post-image\" alt=\"\" \/>        <\/a>\n    <\/div>\n\n<h3 class=\"course-title\">\n    <a href=\"https:\/\/tlatelolcounam.mx\/uva\/classes\/taller-de-poesia\/\" title=\"Taller de poes\u00eda &quot;Siempre a deshoras&quot;\">Taller de poes\u00eda &quot;Siempre a deshoras&quot;<\/a>\n<\/h3>\n<ul class=\"course-meta\">\n\t<li>\n\t\t<i class=\"icon-edsuiteic_bookmark\"><\/i>\n\t\t<span class=\"label\">Modalidad:<\/span> Taller presencial\t<\/li>\n\t\t\t\n\t\t<li>\n\t\t\t<i class=\"icon-edsuiteic_account_circle\"><\/i>\n\t\t\t<span class=\"label\">Tallerista:<\/span> <a href=\"https:\/\/tlatelolcounam.mx\/uva\/teachers\/miguel-santos\/\">Miguel Santos<\/a>\t\t<\/li>\n\t<\/ul><div class=\"links\">\n\t\n\t<a class=\"course-link-btn\" href=\"https:\/\/tlatelolcounam.mx\/uva\/classes\/taller-de-poesia\/\" title=\"Taller de poes\u00eda &quot;Siempre a deshoras&quot;\">Inscr\u00edbete<i class=\"icon-edright-arrow-9\"><\/i><\/a>\n\n\t\t\n<\/div>\t\t\t\t\t\t\t<\/div>\n\t\t\t\t\t\t<\/div>\n\t\t\t\t\t\t\t\t\t\t\n\t\t\t\t\t\t\t\t\t\t\t<div>\n\t\t\t\t\t\t\t\t\t\t\t\t\t\t<div class=\"item-inner-wrap\">\n\t\t\t\t\t\t\t\t    <div class=\"img-container \">\n        <a href=\"https:\/\/tlatelolcounam.mx\/uva\/classes\/taller-de-cuento-nocaut\/\" title=\"Taller de cuento \u201cNocaut\u201d\">\n        \t<img loading=\"lazy\" decoding=\"async\" width=\"768\" height=\"510\" src=\"https:\/\/tlatelolcounam.mx\/uva\/wp-content\/uploads\/2020\/09\/Taller-de-Cuento-28-768x510.jpg\" class=\"featured-course-thumb wp-post-image\" alt=\"\" \/>        <\/a>\n    <\/div>\n\n<h3 class=\"course-title\">\n    <a href=\"https:\/\/tlatelolcounam.mx\/uva\/classes\/taller-de-cuento-nocaut\/\" title=\"Taller de cuento \u201cNocaut\u201d\">Taller de cuento \u201cNocaut\u201d<\/a>\n<\/h3>\n<ul class=\"course-meta\">\n\t<li>\n\t\t<i class=\"icon-edsuiteic_bookmark\"><\/i>\n\t\t<span class=\"label\">Modalidad:<\/span> Taller presencial\t<\/li>\n\t\t\t\n\t\t<li>\n\t\t\t<i class=\"icon-edsuiteic_account_circle\"><\/i>\n\t\t\t<span class=\"label\">Tallerista:<\/span> <a href=\"https:\/\/tlatelolcounam.mx\/uva\/teachers\/miguel-santos\/\">Miguel Santos<\/a>\t\t<\/li>\n\t<\/ul><div class=\"links\">\n\t\n\t<a class=\"course-link-btn\" href=\"https:\/\/tlatelolcounam.mx\/uva\/classes\/taller-de-cuento-nocaut\/\" title=\"Taller de cuento \u201cNocaut\u201d\">Inscr\u00edbete<i class=\"icon-edright-arrow-9\"><\/i><\/a>\n\n\t\t\n<\/div>\t\t\t\t\t\t\t<\/div>\n\t\t\t\t\t\t<\/div>\n\t\t\t\t\t\t\t\t\t\t\n\t\t\t\t\t\t\t\t\t\t\t<div>\n\t\t\t\t\t\t\t\t\t\t\t\t\t\t<div class=\"item-inner-wrap\">\n\t\t\t\t\t\t\t\t    <div class=\"img-container \">\n        <a href=\"https:\/\/tlatelolcounam.mx\/uva\/classes\/fotografias-detonadoras\/\" title=\"Fotograf\u00edas detonadoras de recuerdos. Creaci\u00f3n literaria para mayores de 40 a\u00f1os\">\n        \t<img loading=\"lazy\" decoding=\"async\" width=\"768\" height=\"510\" src=\"https:\/\/tlatelolcounam.mx\/uva\/wp-content\/uploads\/2020\/09\/Taller-Fotografias-detonadoras-de-recuerdos-768x510.jpg\" class=\"featured-course-thumb wp-post-image\" alt=\"\" \/>        <\/a>\n    <\/div>\n\n<h3 class=\"course-title\">\n    <a href=\"https:\/\/tlatelolcounam.mx\/uva\/classes\/fotografias-detonadoras\/\" title=\"Fotograf\u00edas detonadoras de recuerdos. Creaci\u00f3n literaria para mayores de 40 a\u00f1os\">Fotograf\u00edas detonadoras de recuerdos. Creaci\u00f3n literaria para mayores de 40 a\u00f1os<\/a>\n<\/h3>\n<ul class=\"course-meta\">\n\t<li>\n\t\t<i class=\"icon-edsuiteic_bookmark\"><\/i>\n\t\t<span class=\"label\">Modalidad:<\/span> Taller virtual\t<\/li>\n\t\t\t\n\t\t<li>\n\t\t\t<i class=\"icon-edsuiteic_account_circle\"><\/i>\n\t\t\t<span class=\"label\">Tallerista:<\/span> <a href=\"https:\/\/tlatelolcounam.mx\/uva\/teachers\/liliana-pesina\/\">Liliana Pesina<\/a>\t\t<\/li>\n\t<\/ul><div class=\"links\">\n\t\n\t<a class=\"course-link-btn\" href=\"https:\/\/tlatelolcounam.mx\/uva\/classes\/fotografias-detonadoras\/\" title=\"Fotograf\u00edas detonadoras de recuerdos. Creaci\u00f3n literaria para mayores de 40 a\u00f1os\">Inscr\u00edbete<i class=\"icon-edright-arrow-9\"><\/i><\/a>\n\n\t\t\n<\/div>\t\t\t\t\t\t\t<\/div>\n\t\t\t\t\t\t<\/div>\n\t\t\t\t\t\t\t\t\t\t\n\t\t\t\t\t\t\t\t\t\t\t<div>\n\t\t\t\t\t\t\t\t\t\t\t\t\t\t<div class=\"item-inner-wrap\">\n\t\t\t\t\t\t\t\t    <div class=\"img-container \">\n        <a href=\"https:\/\/tlatelolcounam.mx\/uva\/classes\/diseno-sonoro\/\" title=\"Dise\u00f1o sonoro y producci\u00f3n musical\">\n        \t<img loading=\"lazy\" decoding=\"async\" width=\"768\" height=\"510\" src=\"https:\/\/tlatelolcounam.mx\/uva\/wp-content\/uploads\/2020\/09\/DISENO-SONORO_ANDRES-SOLIS-768x510.jpeg\" class=\"featured-course-thumb wp-post-image\" alt=\"\" \/>        <\/a>\n    <\/div>\n\n<h3 class=\"course-title\">\n    <a href=\"https:\/\/tlatelolcounam.mx\/uva\/classes\/diseno-sonoro\/\" title=\"Dise\u00f1o sonoro y producci\u00f3n musical\">Dise\u00f1o sonoro y producci\u00f3n musical<\/a>\n<\/h3>\n<ul class=\"course-meta\">\n\t<li>\n\t\t<i class=\"icon-edsuiteic_bookmark\"><\/i>\n\t\t<span class=\"label\">Modalidad:<\/span> Taller virtual\t<\/li>\n\t\t\t\n\t\t<li>\n\t\t\t<i class=\"icon-edsuiteic_account_circle\"><\/i>\n\t\t\t<span class=\"label\">Tallerista:<\/span> <a href=\"https:\/\/tlatelolcounam.mx\/uva\/teachers\/andres_solis\/\">Andr\u00e9s Sol\u00eds<\/a>\t\t<\/li>\n\t<\/ul><div class=\"links\">\n\t\n\t<a class=\"course-link-btn\" href=\"https:\/\/tlatelolcounam.mx\/uva\/classes\/diseno-sonoro\/\" title=\"Dise\u00f1o sonoro y producci\u00f3n musical\">Inscr\u00edbete<i class=\"icon-edright-arrow-9\"><\/i><\/a>\n\n\t\t\n<\/div>\t\t\t\t\t\t\t<\/div>\n\t\t\t\t\t\t<\/div>\n\t\t\t\t\t\t\t\t\t\t\n\t\t\t\t\t\t\t\t\t\t\t<div>\n\t\t\t\t\t\t\t\t\t\t\t\t\t\t<div class=\"item-inner-wrap\">\n\t\t\t\t\t\t\t\t    <div class=\"img-container \">\n        <a href=\"https:\/\/tlatelolcounam.mx\/uva\/classes\/pintura\/\" title=\"Pintura \u00a1AGOTADO!\">\n        \t<img loading=\"lazy\" decoding=\"async\" width=\"768\" height=\"510\" src=\"https:\/\/tlatelolcounam.mx\/uva\/wp-content\/uploads\/2020\/09\/Pintura-2-768x510.jpg\" class=\"featured-course-thumb wp-post-image\" alt=\"\" srcset=\"https:\/\/tlatelolcounam.mx\/uva\/wp-content\/uploads\/2020\/09\/Pintura-2-768x510.jpg 768w, https:\/\/tlatelolcounam.mx\/uva\/wp-content\/uploads\/2020\/09\/Pintura-2-300x200.jpg 300w\" sizes=\"auto, (max-width: 768px) 100vw, 768px\" \/>        <\/a>\n    <\/div>\n\n<h3 class=\"course-title\">\n    <a href=\"https:\/\/tlatelolcounam.mx\/uva\/classes\/pintura\/\" title=\"Pintura \u00a1AGOTADO!\">Pintura \u00a1AGOTADO!<\/a>\n<\/h3>\n<ul class=\"course-meta\">\n\t<li>\n\t\t<i class=\"icon-edsuiteic_bookmark\"><\/i>\n\t\t<span class=\"label\">Modalidad:<\/span> Taller presencial\t<\/li>\n\t\t\t\n\t\t<li>\n\t\t\t<i class=\"icon-edsuiteic_account_circle\"><\/i>\n\t\t\t<span class=\"label\">Tallerista:<\/span> <a href=\"https:\/\/tlatelolcounam.mx\/uva\/teachers\/hugo-robledo\/\">Hugo Robledo<\/a>\t\t<\/li>\n\t<\/ul><div class=\"links\">\n\t\n\t<a class=\"course-link-btn\" href=\"https:\/\/tlatelolcounam.mx\/uva\/classes\/pintura\/\" title=\"Pintura \u00a1AGOTADO!\">Inscr\u00edbete<i class=\"icon-edright-arrow-9\"><\/i><\/a>\n\n\t\t\n<\/div>\t\t\t\t\t\t\t<\/div>\n\t\t\t\t\t\t<\/div>\n\t\t\t\t\t\t\t\t\t\t\n\t\t\t\t\t\t\t\t\t\t\t<div>\n\t\t\t\t\t\t\t\t\t\t\t\t\t\t<div class=\"item-inner-wrap\">\n\t\t\t\t\t\t\t\t    <div class=\"img-container \">\n        <a href=\"https:\/\/tlatelolcounam.mx\/uva\/classes\/creacion-de-repertorio\/\" title=\"Creaci\u00f3n de repertorio para narradores\">\n        \t<img loading=\"lazy\" decoding=\"async\" width=\"768\" height=\"510\" src=\"https:\/\/tlatelolcounam.mx\/uva\/wp-content\/uploads\/2020\/09\/Creacion-de-repertorio-1-scaled-768x510.jpg\" class=\"featured-course-thumb wp-post-image\" alt=\"\" \/>        <\/a>\n    <\/div>\n\n<h3 class=\"course-title\">\n    <a href=\"https:\/\/tlatelolcounam.mx\/uva\/classes\/creacion-de-repertorio\/\" title=\"Creaci\u00f3n de repertorio para narradores\">Creaci\u00f3n de repertorio para narradores<\/a>\n<\/h3>\n<ul class=\"course-meta\">\n\t<li>\n\t\t<i class=\"icon-edsuiteic_bookmark\"><\/i>\n\t\t<span class=\"label\">Modalidad:<\/span> Taller presencial o virtual\t<\/li>\n\t\t\t\n\t\t<li>\n\t\t\t<i class=\"icon-edsuiteic_account_circle\"><\/i>\n\t\t\t<span class=\"label\">Tallerista:<\/span> <a href=\"https:\/\/tlatelolcounam.mx\/uva\/teachers\/marcela-romero\/\">Marcela Romero \u2020 (Presente en nuestros corazones y memoria)<\/a>, <a href=\"https:\/\/tlatelolcounam.mx\/uva\/teachers\/patricia-de-la-guardia\/\">Patricia de la Guardia<\/a>\t\t<\/li>\n\t<\/ul><div class=\"links\">\n\t\n\t<a class=\"course-link-btn\" href=\"https:\/\/tlatelolcounam.mx\/uva\/classes\/creacion-de-repertorio\/\" title=\"Creaci\u00f3n de repertorio para narradores\">Inscr\u00edbete<i class=\"icon-edright-arrow-9\"><\/i><\/a>\n\n\t\t\n<\/div>\t\t\t\t\t\t\t<\/div>\n\t\t\t\t\t\t<\/div>\n\t\t\t\t\t\t\t\t\t\t\n\t\t\t\t\t\t\t\t\t\t\t<div>\n\t\t\t\t\t\t\t\t\t\t\t\t\t\t<div class=\"item-inner-wrap\">\n\t\t\t\t\t\t\t\t    <div class=\"img-container \">\n        <a href=\"https:\/\/tlatelolcounam.mx\/uva\/classes\/el-gozo-de-contar-cuentos\/\" title=\"El gozo de contar cuentos\">\n        \t<img loading=\"lazy\" decoding=\"async\" width=\"768\" height=\"510\" src=\"https:\/\/tlatelolcounam.mx\/uva\/wp-content\/uploads\/2020\/09\/El-gozo-2-e1720241380230-768x510.jpg\" class=\"featured-course-thumb wp-post-image\" alt=\"\" \/>        <\/a>\n    <\/div>\n\n<h3 class=\"course-title\">\n    <a href=\"https:\/\/tlatelolcounam.mx\/uva\/classes\/el-gozo-de-contar-cuentos\/\" title=\"El gozo de contar cuentos\">El gozo de contar cuentos<\/a>\n<\/h3>\n<ul class=\"course-meta\">\n\t<li>\n\t\t<i class=\"icon-edsuiteic_bookmark\"><\/i>\n\t\t<span class=\"label\">Modalidad:<\/span> Taller presencial o virtual\t<\/li>\n\t\t\t\n\t\t<li>\n\t\t\t<i class=\"icon-edsuiteic_account_circle\"><\/i>\n\t\t\t<span class=\"label\">Tallerista:<\/span> <a href=\"https:\/\/tlatelolcounam.mx\/uva\/teachers\/marcela-romero\/\">Marcela Romero \u2020 (Presente en nuestros corazones y memoria)<\/a>, <a href=\"https:\/\/tlatelolcounam.mx\/uva\/teachers\/patricia-de-la-guardia\/\">Patricia de la Guardia<\/a>\t\t<\/li>\n\t<\/ul><div class=\"links\">\n\t\n\t<a class=\"course-link-btn\" href=\"https:\/\/tlatelolcounam.mx\/uva\/classes\/el-gozo-de-contar-cuentos\/\" title=\"El gozo de contar cuentos\">Inscr\u00edbete<i class=\"icon-edright-arrow-9\"><\/i><\/a>\n\n\t\t\n<\/div>\t\t\t\t\t\t\t<\/div>\n\t\t\t\t\t\t<\/div>\n\t\t\t\t\t\t\t\t\t\t\n\t\t\t\t\t\t\t\t\t\t\t<div>\n\t\t\t\t\t\t\t\t\t\t\t\t\t\t<div class=\"item-inner-wrap\">\n\t\t\t\t\t\t\t\t    <div class=\"img-container \">\n        <a href=\"https:\/\/tlatelolcounam.mx\/uva\/classes\/guitarra\/\" title=\"Guitarra creativa\">\n        \t<img loading=\"lazy\" decoding=\"async\" width=\"768\" height=\"510\" src=\"https:\/\/tlatelolcounam.mx\/uva\/wp-content\/uploads\/2020\/09\/IMG-20241205-WA0184-e1736473907262-768x510.jpg\" class=\"featured-course-thumb wp-post-image\" alt=\"\" srcset=\"https:\/\/tlatelolcounam.mx\/uva\/wp-content\/uploads\/2020\/09\/IMG-20241205-WA0184-e1736473907262-768x510.jpg 768w, https:\/\/tlatelolcounam.mx\/uva\/wp-content\/uploads\/2020\/09\/IMG-20241205-WA0184-e1736473907262-150x101.jpg 150w\" sizes=\"auto, (max-width: 768px) 100vw, 768px\" \/>        <\/a>\n    <\/div>\n\n<h3 class=\"course-title\">\n    <a href=\"https:\/\/tlatelolcounam.mx\/uva\/classes\/guitarra\/\" title=\"Guitarra creativa\">Guitarra creativa<\/a>\n<\/h3>\n<ul class=\"course-meta\">\n\t<li>\n\t\t<i class=\"icon-edsuiteic_bookmark\"><\/i>\n\t\t<span class=\"label\">Modalidad:<\/span> Taller presencial\t<\/li>\n\t\t\t\n\t\t<li>\n\t\t\t<i class=\"icon-edsuiteic_account_circle\"><\/i>\n\t\t\t<span class=\"label\">Tallerista:<\/span> <a href=\"https:\/\/tlatelolcounam.mx\/uva\/teachers\/francisco-javier-alvarez\/\">Francisco Javier \u00c1lvarez<\/a>\t\t<\/li>\n\t<\/ul><div class=\"links\">\n\t\n\t<a class=\"course-link-btn\" href=\"https:\/\/tlatelolcounam.mx\/uva\/classes\/guitarra\/\" title=\"Guitarra creativa\">Inscr\u00edbete<i class=\"icon-edright-arrow-9\"><\/i><\/a>\n\n\t\t\n<\/div>\t\t\t\t\t\t\t<\/div>\n\t\t\t\t\t\t<\/div>\n\t\t\t\t\t\t\t\t\t\t\n\t\t\t\t\t\t\t\t\t\t\t<div>\n\t\t\t\t\t\t\t\t\t\t\t\t\t\t<div class=\"item-inner-wrap\">\n\t\t\t\t\t\t\t\t    <div class=\"img-container \">\n        <a href=\"https:\/\/tlatelolcounam.mx\/uva\/classes\/afromix\/\" title=\"Afromix\">\n        \t<img loading=\"lazy\" decoding=\"async\" width=\"720\" height=\"510\" src=\"https:\/\/tlatelolcounam.mx\/uva\/wp-content\/uploads\/2020\/09\/IMG-20241207-WA0125-e1736138680699-720x510.jpg\" class=\"featured-course-thumb wp-post-image\" alt=\"\" \/>        <\/a>\n    <\/div>\n\n<h3 class=\"course-title\">\n    <a href=\"https:\/\/tlatelolcounam.mx\/uva\/classes\/afromix\/\" title=\"Afromix\">Afromix<\/a>\n<\/h3>\n<ul class=\"course-meta\">\n\t<li>\n\t\t<i class=\"icon-edsuiteic_bookmark\"><\/i>\n\t\t<span class=\"label\">Modalidad:<\/span> Taller presencial\t<\/li>\n\t\t\t\n\t\t<li>\n\t\t\t<i class=\"icon-edsuiteic_account_circle\"><\/i>\n\t\t\t<span class=\"label\">Tallerista:<\/span> <a href=\"https:\/\/tlatelolcounam.mx\/uva\/teachers\/alejandro-mendizabal\/\">Alex Mendizabal<\/a>\t\t<\/li>\n\t<\/ul><div class=\"links\">\n\t\n\t<a class=\"course-link-btn\" href=\"https:\/\/tlatelolcounam.mx\/uva\/classes\/afromix\/\" title=\"Afromix\">Inscr\u00edbete<i class=\"icon-edright-arrow-9\"><\/i><\/a>\n\n\t\t\n<\/div>\t\t\t\t\t\t\t<\/div>\n\t\t\t\t\t\t<\/div>\n\t\t\t\t\t\t\t\t\t\t\n\t\t\t\t\t\t\t\t\t\t\t<div>\n\t\t\t\t\t\t\t\t\t\t\t\t\t\t<div class=\"item-inner-wrap\">\n\t\t\t\t\t\t\t\t    <div class=\"img-container \">\n        <a href=\"https:\/\/tlatelolcounam.mx\/uva\/classes\/bailes-de-salon\/\" title=\"Bailes de sal\u00f3n \u00a1AGOTADO!\">\n        \t<img loading=\"lazy\" decoding=\"async\" width=\"768\" height=\"510\" src=\"https:\/\/tlatelolcounam.mx\/uva\/wp-content\/uploads\/2020\/09\/Bailes-de-salon-2-768x510.jpg\" class=\"featured-course-thumb wp-post-image\" alt=\"\" \/>        <\/a>\n    <\/div>\n\n<h3 class=\"course-title\">\n    <a href=\"https:\/\/tlatelolcounam.mx\/uva\/classes\/bailes-de-salon\/\" title=\"Bailes de sal\u00f3n \u00a1AGOTADO!\">Bailes de sal\u00f3n \u00a1AGOTADO!<\/a>\n<\/h3>\n<ul class=\"course-meta\">\n\t<li>\n\t\t<i class=\"icon-edsuiteic_bookmark\"><\/i>\n\t\t<span class=\"label\">Modalidad:<\/span> Taller presencial\t<\/li>\n\t\t\t\n\t\t<li>\n\t\t\t<i class=\"icon-edsuiteic_account_circle\"><\/i>\n\t\t\t<span class=\"label\">Tallerista:<\/span> <a href=\"https:\/\/tlatelolcounam.mx\/uva\/teachers\/daniel-jaime\/\">Daniel Jaime Guadalupe<\/a>\t\t<\/li>\n\t<\/ul><div class=\"links\">\n\t\n\t<a class=\"course-link-btn\" href=\"https:\/\/tlatelolcounam.mx\/uva\/classes\/bailes-de-salon\/\" title=\"Bailes de sal\u00f3n \u00a1AGOTADO!\">Inscr\u00edbete<i class=\"icon-edright-arrow-9\"><\/i><\/a>\n\n\t\t\n<\/div>\t\t\t\t\t\t\t<\/div>\n\t\t\t\t\t\t<\/div>\n\t\t\t\t\t\t\t\t\t\t\n\t\t\t\t\t\t\t\t\t\t\t<div>\n\t\t\t\t\t\t\t\t\t\t\t\t\t\t<div class=\"item-inner-wrap\">\n\t\t\t\t\t\t\t\t    <div class=\"img-container \">\n        <a href=\"https:\/\/tlatelolcounam.mx\/uva\/classes\/hatha-vinyasa\/\" title=\"Hatha yoga\">\n        \t<img loading=\"lazy\" decoding=\"async\" width=\"768\" height=\"510\" src=\"https:\/\/tlatelolcounam.mx\/uva\/wp-content\/uploads\/2020\/09\/Hatha_page-0001-768x510.jpg\" class=\"featured-course-thumb wp-post-image\" alt=\"\" \/>        <\/a>\n    <\/div>\n\n<h3 class=\"course-title\">\n    <a href=\"https:\/\/tlatelolcounam.mx\/uva\/classes\/hatha-vinyasa\/\" title=\"Hatha yoga\">Hatha yoga<\/a>\n<\/h3>\n<ul class=\"course-meta\">\n\t<li>\n\t\t<i class=\"icon-edsuiteic_bookmark\"><\/i>\n\t\t<span class=\"label\">Modalidad:<\/span> Taller presencial\t<\/li>\n\t\t\t\n\t\t<li>\n\t\t\t<i class=\"icon-edsuiteic_account_circle\"><\/i>\n\t\t\t<span class=\"label\">Tallerista:<\/span> <a href=\"https:\/\/tlatelolcounam.mx\/uva\/teachers\/guadalupe-espinosa\/\">Guadalupe Yadira Espinosa<\/a>\t\t<\/li>\n\t<\/ul><div class=\"links\">\n\t\n\t<a class=\"course-link-btn\" href=\"https:\/\/tlatelolcounam.mx\/uva\/classes\/hatha-vinyasa\/\" title=\"Hatha yoga\">Inscr\u00edbete<i class=\"icon-edright-arrow-9\"><\/i><\/a>\n\n\t\t\n<\/div>\t\t\t\t\t\t\t<\/div>\n\t\t\t\t\t\t<\/div>\n\t\t\t\t\t\t\t\t\t<\/div>\n\t\t\t\t\t\t[vc_btn title=&#8221;Ver todos&#8221; color=&#8221;violet&#8221; size=&#8221;lg&#8221; align=&#8221;right&#8221; css_animation=&#8221;bounceIn&#8221; link=&#8221;url:http%3A%2F%2Ftlatelolcounam.mx%2Fuva%2Fjovenes-y-adultos%2F|title:Talleres%20j%C3%B3venes%20y%20adultos||&#8221;][vc_empty_space height=&#8221;50px&#8221;][vc_custom_heading text=&#8221;EDITORIAL&#8221; font_container=&#8221;tag:h1|font_size:40px|text_align:center|color:%23FFFFFF|line_height:100px&#8221; google_fonts=&#8221;font_family:Average%20Sans%3Aregular|font_style:400%20regular%3A400%3Anormal&#8221; css=&#8221;.vc_custom_1766467580908{margin-bottom: 0px !important;background-color: #FF26A2 !important;}&#8221;][vc_single_image image=&#8221;6663&#8243; img_size=&#8221;large&#8221; alignment=&#8221;center&#8221; onclick=&#8221;custom_link&#8221; img_link_target=&#8221;_blank&#8221; css_animation=&#8221;left-to-right&#8221; css=&#8221;&#8221; link=&#8221;https:\/\/tlatelolcounam.mx\/uva\/xvaniversario\/&#8221;][vc_separator][\/vc_column][\/vc_row][vc_row][vc_column width=&#8221;2\/3&#8243;][vc_column_text css_animation=&#8221;fadeIn&#8221;]<\/p>\n<h1><span style=\"color: #ff26a2;\"><strong>Almanaque extraordinario de experiencias comunitarias #10a\u00f1osUVA<\/strong><\/span><\/h1>\n<p><span style=\"font-weight: 400;\">Como parte de la celebraci\u00f3n por los 10 a\u00f1os de la UVA y con la intenci\u00f3n de continuar la investigaci\u00f3n y documentaci\u00f3n de los procesos de educaci\u00f3n no formal, presentamos la segunda publicaci\u00f3n editorial de nuestra Unidad.\u00a0<\/span><\/p>\n<p><span style=\"font-weight: 400;\">Esta publicaci\u00f3n est\u00e1 integrada por 10 fanzines o n\u00fameros que abordan de manera particular, una faceta de la UVA. Los n\u00fameros son:<\/span><\/p>\n<ol>\n<li style=\"font-weight: 300;\" aria-level=\"1\"><span style=\"font-weight: 300;\">Tlatelolco. Identidad, territorio y derechos culturales<\/span><\/li>\n<li style=\"font-weight: 300;\" aria-level=\"1\"><span style=\"font-weight: 300;\">Manifiesto para estudiar arte y reimaginar el mundo<\/span><\/li>\n<li style=\"font-weight: 300;\" aria-level=\"1\"><span style=\"font-weight: 300;\">Elogio a la educaci\u00f3n no formal<\/span><\/li>\n<li style=\"font-weight: 300;\" aria-level=\"1\"><span style=\"font-weight: 300;\">El taller libre como proceso educativo<\/span><\/li>\n<li style=\"font-weight: 300;\" aria-level=\"1\"><span style=\"font-weight: 300;\">Biblioteca Ala\u00edde Foppa y pedagog\u00eda del cuidado<\/span><\/li>\n<li style=\"font-weight: 300;\" aria-level=\"1\"><span style=\"font-weight: 300;\">Artes vivas | Foro la Morada<\/span><\/li>\n<li style=\"font-weight: 300;\" aria-level=\"1\"><span style=\"font-weight: 300;\">Semillero de artes<\/span><\/li>\n<li style=\"font-weight: 300;\" aria-level=\"1\"><span style=\"font-weight: 300;\">J\u00f3venes y pensamiento cr\u00edtico<\/span><\/li>\n<li style=\"font-weight: 300;\" aria-level=\"1\"><span style=\"font-weight: 300;\">Envejecimiento digno<\/span><\/li>\n<li style=\"font-weight: 300;\" aria-level=\"1\"><span style=\"font-weight: 300;\">La UVA del 2030<\/span><\/li>\n<\/ol>\n<p>[\/vc_column_text][\/vc_column][vc_column width=&#8221;1\/3&#8243;][vc_images_carousel images=&#8221;1726,1723,1724,1720,1727,1725&#8243; img_size=&#8221;full&#8221; autoplay=&#8221;yes&#8221;][vc_btn title=&#8221;Cons\u00faltalo aqu\u00ed&#8221; color=&#8221;violet&#8221; size=&#8221;lg&#8221; align=&#8221;center&#8221; link=&#8221;url:https%3A%2F%2Ftlatelolcounam.mx%2Fuva%2Falmanaque||target:%20_blank|&#8221;][\/vc_column][\/vc_row][vc_row][vc_column][vc_separator][vc_single_image image=&#8221;5890&#8243; img_size=&#8221;large&#8221; alignment=&#8221;center&#8221; css_animation=&#8221;bounceInUp&#8221; css=&#8221;&#8221;][\/vc_column][\/vc_row][vc_row][vc_column][vc_zigzag][\/vc_column][\/vc_row][vc_row full_width=&#8221;stretch_row&#8221; css=&#8221;.vc_custom_1519908286072{padding-top: 30px !important;padding-bottom: 20px !important;background-color: #f2f2f2 !important;}&#8221;][vc_column css=&#8221;.vc_custom_1513089575106{margin-bottom: 0px !important;}&#8221;][vc_custom_heading text=&#8221;Vis\u00edtanos&#8221; font_container=&#8221;tag:h5|font_size:40px|text_align:center|color:%23ff26a2|line_height:45px&#8221; use_theme_fonts=&#8221;yes&#8221; css=&#8221;.vc_custom_1720328836238{margin-bottom: 0px !important;}&#8221;][\/vc_column][\/vc_row][vc_row full_width=&#8221;stretch_row_content&#8221; equal_height=&#8221;yes&#8221;][vc_column width=&#8221;1\/2&#8243; css=&#8221;.vc_custom_1628618102878{margin-bottom: 0px !important;padding-top: 0px !important;padding-right: 0px !important;padding-left: 0px !important;background-image: url(https:\/\/tlatelolcounam.mx\/uva\/wp-content\/uploads\/2020\/08\/home.jpg?id=342) !important;background-position: center !important;background-repeat: no-repeat !important;background-size: cover !important;}&#8221;][vc_empty_space height=&#8221;300px&#8221;][\/vc_column][vc_column width=&#8221;1\/2&#8243; css=&#8221;.vc_custom_1519910731243{padding-top: 0px !important;padding-right: 0px !important;padding-left: 0px !important;background-color: #f2f2f2 !important;}&#8221;][vc_gmaps link=&#8221;#E-8_JTNDaWZyYW1lJTIwc3JjJTNEJTIyaHR0cHMlM0ElMkYlMkZ3d3cuZ29vZ2xlLmNvbSUyRm1hcHMlMkZlbWJlZCUzRnBiJTNEJTIxMW0xNCUyMTFtOCUyMTFtMyUyMTFkMTUwNDguNTMyMjM0NzIwNzI2JTIxMmQtOTkuMTM2NTkzOSUyMTNkMTkuNDQ5ODI5MiUyMTNtMiUyMTFpMTAyNCUyMTJpNzY4JTIxNGYxMy4xJTIxM20zJTIxMW0yJTIxMXMweDg1ZDFmOTZhMjlkMzM2OWIlMjUzQTB4Y2NhZDUzZWY1NzE0OWY2YSUyMTJzVW5pZGFkJTI1MjBkZSUyNTIwVmluY3VsYWNpJTI1QzMlMjVCM24lMjUyMEFydCUyNUMzJTI1QURzdGljYSUyNTIwJTI4VVZBJTI1MkZVTkFNJTI5JTIxNWUwJTIxM20yJTIxMXNlcy00MTklMjEyc214JTIxNHYxNjkzNzk0MjA3ODY4JTIxNW0yJTIxMXNlcy00MTklMjEyc214JTIyJTIwd2lkdGglM0QlMjI2MDAlMjIlMjBoZWlnaHQlM0QlMjI0NTAlMjIlMjBzdHlsZSUzRCUyMmJvcmRlciUzQTAlM0IlMjIlMjBhbGxvd2Z1bGxzY3JlZW4lM0QlMjIlMjIlMjBsb2FkaW5nJTNEJTIybGF6eSUyMiUyMHJlZmVycmVycG9saWN5JTNEJTIybm8tcmVmZXJyZXItd2hlbi1kb3duZ3JhZGUlMjIlM0UlM0MlMkZpZnJhbWUlM0U=&#8221; size=&#8221;362px&#8221; css=&#8221;.vc_custom_1693794281475{margin-bottom: 0px !important;}&#8221;][\/vc_column][\/vc_row][vc_row][vc_column][\/vc_column][\/vc_row][vc_row][vc_column][\/vc_column][\/vc_row]<\/p>\n<\/div>","protected":false},"excerpt":{"rendered":"<p>[vc_row][vc_column][vc_empty_space][vc_single_image image=&#8221;6701&#8243; img_size=&#8221;large&#8221; alignment=&#8221;center&#8221; css_animation=&#8221;left-to-right&#8221; css=&#8221;&#8221;][vc_basic_grid post_type=&#8221;post&#8221; max_items=&#8221;3&#8243; style=&#8221;load-more&#8221; items_per_page=&#8221;3&#8243; gap=&#8221;25&#8243; item=&#8221;281&#8243; css=&#8221;&#8221; grid_id=&#8221;vc_gid:1776393318108-660177be-d815-3&#8243;][vc_custom_heading text=&#8221;\u00a1QUIERO INSCRIBIRME!&#8221; font_container=&#8221;tag:h1|font_size:40px|text_align:center|color:%23FFFFFF|line_height:100px&#8221; google_fonts=&#8221;font_family:Average%20Sans%3Aregular|font_style:400%20regular%3A400%3Anormal&#8221; css_animation=&#8221;flipInX&#8221; css=&#8221;.vc_custom_1766472454885{margin-bottom:&nbsp;<a href=\"https:\/\/tlatelolcounam.mx\/uva\/\">&hellip;<\/a><\/p>\n","protected":false},"author":1,"featured_media":0,"parent":0,"menu_order":0,"comment_status":"closed","ping_status":"closed","template":"template-home.php","meta":{"footnotes":""},"class_list":["post-234","page","type-page","status-publish","hentry","odd"],"_links":{"self":[{"href":"https:\/\/tlatelolcounam.mx\/uva\/wp-json\/wp\/v2\/pages\/234","targetHints":{"allow":["GET"]}}],"collection":[{"href":"https:\/\/tlatelolcounam.mx\/uva\/wp-json\/wp\/v2\/pages"}],"about":[{"href":"https:\/\/tlatelolcounam.mx\/uva\/wp-json\/wp\/v2\/types\/page"}],"author":[{"embeddable":true,"href":"https:\/\/tlatelolcounam.mx\/uva\/wp-json\/wp\/v2\/users\/1"}],"replies":[{"embeddable":true,"href":"https:\/\/tlatelolcounam.mx\/uva\/wp-json\/wp\/v2\/comments?post=234"}],"version-history":[{"count":342,"href":"https:\/\/tlatelolcounam.mx\/uva\/wp-json\/wp\/v2\/pages\/234\/revisions"}],"predecessor-version":[{"id":7009,"href":"https:\/\/tlatelolcounam.mx\/uva\/wp-json\/wp\/v2\/pages\/234\/revisions\/7009"}],"wp:attachment":[{"href":"https:\/\/tlatelolcounam.mx\/uva\/wp-json\/wp\/v2\/media?parent=234"}],"curies":[{"name":"wp","href":"https:\/\/api.w.org\/{rel}","templated":true}]}}