{"id":5626,"date":"2025-01-06T23:34:35","date_gmt":"2025-01-06T23:34:35","guid":{"rendered":"https:\/\/tlatelolcounam.mx\/uva\/?post_type=agc_course&#038;p=5626"},"modified":"2026-04-15T17:08:26","modified_gmt":"2026-04-15T17:08:26","slug":"taller-de-guion","status":"publish","type":"agc_course","link":"https:\/\/tlatelolcounam.mx\/uva\/classes\/taller-de-guion\/","title":{"rendered":"Taller de guion para medios audiovisuales"},"content":{"rendered":"\n<p>El guion como principio y esqueleto de una historia. El guion tambi\u00e9n como documento que detalla las escena, los di\u00e1logos y la acci\u00f3n. Sirve como gu\u00eda tanto para el director como para los actores y el equipo de producci\u00f3n. Un guion no solo describe lo que sucede en la pantalla, sino que tambi\u00e9n establece tono, ritmo y la estructura de la narrativa audiovisual. El guion como espacio de experimentaci\u00f3n y descubrimiento art\u00edstico, entre el lenguaje t\u00e9cnico y el po\u00e9tico.<br>El objetivo de este taller es que se conozcan las caracter\u00edsticas fundamentales de los guiones para medios audiovisuales y que estos saberes puedan ser utilizados para finalidades pr\u00e1cticas.<br>Durante el taller, adem\u00e1s del contenido te\u00f3rico, se realizar\u00e1n ejercicios pr\u00e1cticos para asimilar los materiales tambi\u00e9n desde el hacer, y, de este modo, cada participante pueda tener la experiencia de escribir su guion.<\/p>\n\n\n\n<div class=\"wp-block-group\"><div class=\"wp-block-group__inner-container is-layout-constrained wp-block-group-is-layout-constrained\">\n<div class=\"wp-block-group is-vertical is-content-justification-left is-layout-flex wp-container-core-group-is-layout-c0ca7d81 wp-block-group-is-layout-flex\">\n<p><strong>Taller virtual<\/strong><\/p>\n\n\n\n<p>M<strong>i\u00e9rcoles de 19:00 a 21:00 h<\/strong><\/p>\n\n\n\n<p>Edad: 17 a\u00f1os en adelante<\/p>\n\n\n\n<p>Cupo: 20 participantes<\/p>\n\n\n\n<p><strong>$1,650<\/strong><\/p>\n<\/div>\n<\/div><\/div>\n\n\n\n<p class=\"has-vivid-purple-color has-text-color has-link-color has-large-font-size wp-elements-821a3bb05587eaa6d95d19319a03e287\"><strong>Ciclo 2026-1 | Mentes sanas, seres en paz<\/strong><\/p>\n\n\n\n<p class=\"has-vivid-purple-color has-text-color has-link-color has-medium-font-size wp-elements-0b73b9b3ea159c5f44e6238dabe0c5e0\"><strong>Del 16 de febrero al 13 de junio<\/strong><\/p>\n\n\n\n<p class=\"has-medium-font-size\"><strong>Pr\u00f3ximas inscripciones:\u00a0<strong>Julio 2026<\/strong><\/strong><\/p>\n\n\n\n<div class=\"wp-block-columns is-layout-flex wp-container-core-columns-is-layout-9d6595d7 wp-block-columns-is-layout-flex\">\n<div class=\"wp-block-column is-layout-flow wp-block-column-is-layout-flow\"><\/div>\n<\/div>\n\n\n\n<div class=\"wp-block-columns is-layout-flex wp-container-core-columns-is-layout-9d6595d7 wp-block-columns-is-layout-flex\">\n<div class=\"wp-block-column is-layout-flow wp-block-column-is-layout-flow\" style=\"flex-basis:50%\"><\/div>\n\n\n\n<div class=\"wp-block-column is-layout-flow wp-block-column-is-layout-flow\" style=\"flex-basis:50%\">\n<div class=\"wp-block-buttons is-content-justification-center is-layout-flex wp-container-core-buttons-is-layout-16018d1d wp-block-buttons-is-layout-flex\"><\/div>\n<\/div>\n<\/div>\n","protected":false},"excerpt":{"rendered":"<p>Mi\u00e9rcoles de 19:00 a 21:00 h<br \/>\nEdad: de 17 a\u00f1os en adelante <\/p>\n","protected":false},"featured_media":5690,"template":"","class_list":["post-5626","agc_course","type-agc_course","status-publish","has-post-thumbnail","hentry","agc_course_category-talleres-jovenes-y-adultos","odd"],"_links":{"self":[{"href":"https:\/\/tlatelolcounam.mx\/uva\/wp-json\/wp\/v2\/agc_course\/5626","targetHints":{"allow":["GET"]}}],"collection":[{"href":"https:\/\/tlatelolcounam.mx\/uva\/wp-json\/wp\/v2\/agc_course"}],"about":[{"href":"https:\/\/tlatelolcounam.mx\/uva\/wp-json\/wp\/v2\/types\/agc_course"}],"wp:featuredmedia":[{"embeddable":true,"href":"https:\/\/tlatelolcounam.mx\/uva\/wp-json\/wp\/v2\/media\/5690"}],"wp:attachment":[{"href":"https:\/\/tlatelolcounam.mx\/uva\/wp-json\/wp\/v2\/media?parent=5626"}],"curies":[{"name":"wp","href":"https:\/\/api.w.org\/{rel}","templated":true}]}}