{"id":3152,"date":"2022-12-22T06:12:47","date_gmt":"2022-12-22T06:12:47","guid":{"rendered":"https:\/\/tlatelolcounam.mx\/uva\/?post_type=agc_course&#038;p=3152"},"modified":"2026-04-15T18:21:47","modified_gmt":"2026-04-15T18:21:47","slug":"tecnicasdedibujo","status":"publish","type":"agc_course","link":"https:\/\/tlatelolcounam.mx\/uva\/classes\/tecnicasdedibujo\/","title":{"rendered":"T\u00e9cnicas de dibujo"},"content":{"rendered":"<div dir=\"ltr\">\n\nEste taller est\u00e1 pensado para quienes quieren fortalecer su dibujo desde lo b\u00e1sico, pero tambi\u00e9n para quienes buscan reconectar con el placer del color, el trazo, la calma y la atenci\u00f3n. A trav\u00e9s del dibujo de observaci\u00f3n \u2014objetos, figura humana y color\u2014 se trabaja el trazo como una pr\u00e1ctica que requiere tiempo, presencia y paciencia. L\u00e1piz, acuarela o acr\u00edlico se convierten en herramientas para entrenar la mirada, afinar la coordinaci\u00f3n y habitar el cuerpo desde el movimiento de la mano.\n\nCada quien avanza a su propio ritmo, en un ambiente de acompa\u00f1amiento y escucha, donde el dibujo no solo desarrolla habilidades t\u00e9cnicas, sino que tambi\u00e9n ayuda a enfocar la mente, liberar tensi\u00f3n y encontrar un balance entre disciplina, disfrute y expresi\u00f3n personal.\n\n<\/div>\n<div dir=\"ltr\"><\/div>\n<div dir=\"ltr\">\n<p style=\"text-align: left;\"><b style=\"font-size: revert; color: initial;\">Jueves de 17:00 a 20:00 h<\/b><\/p>\n\n<\/div>\n<p style=\"text-align: left;\">Edad: 17 a\u00f1os en adelante<\/p>\n<p style=\"text-align: left;\">Cupo: 20 participantes<\/p>\n<p style=\"text-align: left;\"><b>$1,850<\/b><\/p>\n<p style=\"text-align: left;\">*No incluye materiales<\/p>\n<!-- \/wp:post-content -->\n\n<!-- wp:heading {\"style\":{\"elements\":{\"link\":{\"color\":{\"text\":\"var:preset|color|vivid-purple\"}}}},\"textColor\":\"vivid-purple\"} -->\n<h2 class=\"wp-block-heading has-vivid-purple-color has-text-color has-link-color\"><!-- wp:paragraph {\"style\":{\"elements\":{\"link\":{\"color\":{\"text\":\"var:preset|color|vivid-purple\"}}}},\"textColor\":\"vivid-purple\",\"fontSize\":\"large\"} --><\/h2>\n<p class=\"has-vivid-purple-color has-text-color has-link-color has-large-font-size\"><strong>Ciclo 2026-1 | Mentes sanas, seres en paz<\/strong><\/p>\n\n<h2 class=\"wp-block-heading has-vivid-purple-color has-text-color has-link-color\"><!-- \/wp:paragraph --> <!-- wp:paragraph {\"style\":{\"elements\":{\"link\":{\"color\":{\"text\":\"var:preset|color|vivid-purple\"}}}},\"textColor\":\"vivid-purple\",\"fontSize\":\"medium\"} --><\/h2>\n<p class=\"has-vivid-purple-color has-text-color has-link-color has-medium-font-size\"><strong>Del 16 de febrero al 13 de junio<\/strong><\/p>\n\n<h2 class=\"wp-block-heading has-vivid-purple-color has-text-color has-link-color\"><!-- \/wp:paragraph --> <!-- wp:paragraph {\"style\":{\"elements\":{\"link\":{\"color\":{\"text\":\"var:preset|color|vivid-purple\"}}}},\"textColor\":\"vivid-purple\",\"fontSize\":\"medium\"} --><\/h2>\n<p class=\"has-vivid-purple-color has-text-color has-link-color has-medium-font-size\"><span style=\"color: #000000;\"><strong>Pr\u00f3ximas inscripciones: Julio 2026<\/strong><\/span><\/p>\n<!-- \/wp:paragraph -->\n\n<!-- wp:columns -->\n<div class=\"wp-block-columns\"><!-- wp:column {\"width\":\"50%\"} -->\n<div class=\"wp-block-column\" style=\"flex-basis: 50%;\"><!-- wp:buttons {\"layout\":{\"type\":\"flex\",\"justifyContent\":\"center\"}} -->\n<div class=\"wp-block-buttons\"><!-- wp:button {\"style\":{\"color\":{\"background\":\"#ea63e8\"}}} -->\n<div class=\"wp-block-button\"><span style=\"color: #ffffff;\">Inscripci\u00f3n y pago presencia<\/span><\/div>\n<!-- \/wp:button -->\n\n<\/div>\n<!-- \/wp:buttons -->\n\n<\/div>\n<!-- \/wp:column -->\n<div class=\"wp-block-column\" style=\"flex-basis: 50%;\">\n<div class=\"wp-block-buttons\">\n<div class=\"wp-block-button\"><\/div>\n<!-- \/wp:columns -->\n\n<\/div>\n<!-- \/wp:heading -->\n\n<\/div>\n<!-- \/wp:column -->\n\n<\/div>\n<!-- \/wp:columns -->\n\n<!-- wp:paragraph -->\n\n<!-- \/wp:paragraph -->","protected":false},"excerpt":{"rendered":"<p>Jueves de 17:00 a 20:00 h<br \/>\nEdad: 17 a\u00f1os en adelante<\/p>\n","protected":false},"featured_media":6072,"template":"","class_list":["post-3152","agc_course","type-agc_course","status-publish","has-post-thumbnail","hentry","agc_course_category-talleres-jovenes-y-adultos","odd"],"_links":{"self":[{"href":"https:\/\/tlatelolcounam.mx\/uva\/wp-json\/wp\/v2\/agc_course\/3152","targetHints":{"allow":["GET"]}}],"collection":[{"href":"https:\/\/tlatelolcounam.mx\/uva\/wp-json\/wp\/v2\/agc_course"}],"about":[{"href":"https:\/\/tlatelolcounam.mx\/uva\/wp-json\/wp\/v2\/types\/agc_course"}],"wp:featuredmedia":[{"embeddable":true,"href":"https:\/\/tlatelolcounam.mx\/uva\/wp-json\/wp\/v2\/media\/6072"}],"wp:attachment":[{"href":"https:\/\/tlatelolcounam.mx\/uva\/wp-json\/wp\/v2\/media?parent=3152"}],"curies":[{"name":"wp","href":"https:\/\/api.w.org\/{rel}","templated":true}]}}