{"id":1610,"date":"2021-08-08T17:23:35","date_gmt":"2021-08-08T17:23:35","guid":{"rendered":"https:\/\/tlatelolcounam.mx\/uva\/?post_type=agc_course&#038;p=1610"},"modified":"2026-03-03T23:12:07","modified_gmt":"2026-03-03T23:12:07","slug":"kotona","status":"publish","type":"agc_course","link":"https:\/\/tlatelolcounam.mx\/uva\/classes\/kotona\/","title":{"rendered":"Kotona: Archivo textil del cuidado \u00a1NUEVO!"},"content":{"rendered":"<div data-olk-copy-source=\"MessageBody\">En este taller vamos a pausar, sentir y bordar lo que nos pasa por dentro. Vamos a traducir emociones en hilos: lo que vibra, lo que pesa, lo que florece. En cada sesi\u00f3n construiremos una bit\u00e1cora emocional bordada, un espacio para escucharte mientras tus manos crean y le daremos forma, textura y color a lo \u201cinvisible\u201d.<\/div>\n<div dir=\"auto\">\u00a0<\/div>\n<div dir=\"auto\">En Kotona, el bordado se convierte en un lenguaje y herramienta para procesar lo que vivimos, observar nuestros cambios y cultivar un jard\u00edn interior donde cada flor, hoja o ra\u00edz representa un aspecto de la salud mental y la paz interna. Aprenderemos puntadas contempor\u00e1neas que nos acompa\u00f1ar\u00e1n a sembrar calma desde lo cotidiano.<\/div>\n<p><b>Jueves de 17:00 a 19:00 h <\/b><\/p>\n<p><span style=\"font-weight: 400;\">Edad: 15 a\u00f1os en adelante<\/span><\/p>\n<p><span style=\"font-weight: 400;\">Cupo: 20 participantes<\/span><\/p>\n<p><b>$1,650<\/b><\/p>\n<p><em>*No incluye materiales<\/em><\/p>\n\n\n<h2 class=\"wp-block-heading has-vivid-purple-color has-text-color has-link-color wp-elements-ac3f67f721d294bb56c399b671507772\"><\/h2>\n\n\n\n<h2 class=\"wp-block-heading has-vivid-purple-color has-text-color has-link-color has-large-font-size wp-elements-c7a9dbd75af2ec48854095a6af6899c0\"><strong>Ciclo 2026-1 | Mentes sanas, seres en paz<\/strong><\/h2>\n\n\n\n<p class=\"has-vivid-purple-color has-text-color has-link-color has-medium-font-size wp-elements-0b73b9b3ea159c5f44e6238dabe0c5e0\"><strong>Del 16 de febrero al 13 de junio<\/strong><\/p>\n\n\n\n<p style=\"font-size:20px\"><strong>Pr\u00f3ximas inscripciones:&nbsp;del 21 de enero al 14 de febrero<\/strong><\/p>\n\n\n\n<div class=\"wp-block-columns is-layout-flex wp-container-core-columns-is-layout-9d6595d7 wp-block-columns-is-layout-flex\">\n<div class=\"wp-block-column is-layout-flow wp-block-column-is-layout-flow\"><\/div>\n<\/div>\n\n\n\n<div class=\"wp-block-columns is-layout-flex wp-container-core-columns-is-layout-9d6595d7 wp-block-columns-is-layout-flex\">\n<div class=\"wp-block-column is-layout-flow wp-block-column-is-layout-flow\" style=\"flex-basis:50%\">\n<div class=\"wp-block-buttons is-content-justification-center is-layout-flex wp-container-core-buttons-is-layout-16018d1d wp-block-buttons-is-layout-flex\"><\/div>\n<\/div>\n\n\n\n<div class=\"wp-block-column is-layout-flow wp-block-column-is-layout-flow\" style=\"flex-basis:50%\">\n<div class=\"wp-block-buttons is-content-justification-center is-layout-flex wp-container-core-buttons-is-layout-16018d1d wp-block-buttons-is-layout-flex\"><\/div>\n<\/div>\n<\/div>\n\n\n\n<p><\/p>\n","protected":false},"excerpt":{"rendered":"<p>Jueves de 17:00 a 19:00 h<br \/>\nEdad: 15 a\u00f1os en adelante<\/p>\n","protected":false},"featured_media":6656,"template":"","class_list":["post-1610","agc_course","type-agc_course","status-publish","has-post-thumbnail","hentry","agc_course_category-talleres-jovenes-y-adultos","odd"],"_links":{"self":[{"href":"https:\/\/tlatelolcounam.mx\/uva\/wp-json\/wp\/v2\/agc_course\/1610","targetHints":{"allow":["GET"]}}],"collection":[{"href":"https:\/\/tlatelolcounam.mx\/uva\/wp-json\/wp\/v2\/agc_course"}],"about":[{"href":"https:\/\/tlatelolcounam.mx\/uva\/wp-json\/wp\/v2\/types\/agc_course"}],"wp:featuredmedia":[{"embeddable":true,"href":"https:\/\/tlatelolcounam.mx\/uva\/wp-json\/wp\/v2\/media\/6656"}],"wp:attachment":[{"href":"https:\/\/tlatelolcounam.mx\/uva\/wp-json\/wp\/v2\/media?parent=1610"}],"curies":[{"name":"wp","href":"https:\/\/api.w.org\/{rel}","templated":true}]}}